{"id":4680,"date":"2017-10-18T21:44:49","date_gmt":"2017-10-18T20:44:49","guid":{"rendered":"https:\/\/palmadelrio.salesianos.edu\/colegio\/gestion-administrativa\/"},"modified":"2024-06-18T08:25:01","modified_gmt":"2024-06-18T07:25:01","slug":"gestion-administrativa","status":"publish","type":"page","link":"https:\/\/palmadelrio.salesianos.edu\/colegio\/gestion-administrativa\/","title":{"rendered":"Gesti\u00f3n Administrativa"},"content":{"rendered":"<div id=\"fb-root\"><\/div>\n<p>[et_pb_section fb_built=\u00bb1&#8243; fullwidth=\u00bbon\u00bb _builder_version=\u00bb4.16&#8243; global_colors_info=\u00bb{}\u00bb][et_pb_fullwidth_header title=\u00bbGesti\u00f3n Administrativa\u00bb content_max_width=\u00bbnone\u00bb module_class=\u00bbpagina-imagen-cabecera\u00bb _builder_version=\u00bb4.16&#8243; background_color=\u00bbrgba(255, 255, 255, 0)\u00bb background_image=\u00bbhttps:\/\/palmadelrio.salesianos.edu\/wp-content\/uploads\/2017\/09\/fondo.jpg\u00bb background_layout=\u00bblight\u00bb global_colors_info=\u00bb{}\u00bb button_one_text_size__hover_enabled=\u00bboff\u00bb button_two_text_size__hover_enabled=\u00bboff\u00bb button_one_text_color__hover_enabled=\u00bboff\u00bb button_two_text_color__hover_enabled=\u00bboff\u00bb button_one_border_width__hover_enabled=\u00bboff\u00bb button_two_border_width__hover_enabled=\u00bboff\u00bb button_one_border_color__hover_enabled=\u00bboff\u00bb button_two_border_color__hover_enabled=\u00bboff\u00bb button_one_border_radius__hover_enabled=\u00bboff\u00bb button_two_border_radius__hover_enabled=\u00bboff\u00bb button_one_letter_spacing__hover_enabled=\u00bboff\u00bb button_two_letter_spacing__hover_enabled=\u00bboff\u00bb button_one_bg_color__hover_enabled=\u00bboff\u00bb button_two_bg_color__hover_enabled=\u00bboff\u00bb][\/et_pb_fullwidth_header][\/et_pb_section][et_pb_section fb_built=\u00bb1&#8243; admin_label=\u00bbsection\u00bb _builder_version=\u00bb4.16&#8243; global_colors_info=\u00bb{}\u00bb][et_pb_row admin_label=\u00bbrow\u00bb _builder_version=\u00bb4.16&#8243; background_size=\u00bbinitial\u00bb background_position=\u00bbtop_left\u00bb background_repeat=\u00bbrepeat\u00bb global_colors_info=\u00bb{}\u00bb][et_pb_column type=\u00bb4_4&#8243; _builder_version=\u00bb4.16&#8243; custom_padding=\u00bb|||\u00bb global_colors_info=\u00bb{}\u00bb custom_padding__hover=\u00bb|||\u00bb][et_pb_text admin_label=\u00bbDescripci\u00f3n del Ciclo\u00bb _builder_version=\u00bb4.25.1&#8243; global_colors_info=\u00bb{}\u00bb]<\/p>\n<h2>Descripci\u00f3n del ciclo formativo<\/h2>\n<p style=\"text-align: justify;\">En cada una de las instituciones y especialmente en las empresas, que forman parte del \u00e1mbito p\u00fablico y privado de una sociedad, existe la demanda de un puesto de trabajo que tiene como principal misi\u00f3n llevar a cabo las labores de apoyo a la gesti\u00f3n y archivo de toda la documentaci\u00f3n que genera la actividad normal desempe\u00f1ada por la entidad, as\u00ed como la atenci\u00f3n al p\u00fablico. Este tipo de funciones las lleva a cabo un\u00a0<strong>T\u00e9cnico en\u00a0\u201cGesti\u00f3n Administrativa\u201d<\/strong>.<\/p>\n<p style=\"text-align: justify;\">El Ciclo Formativo de Grado Medio de \u201cGesti\u00f3n Administrativa\u201d capacita al alumno a realizar actividades de apoyo administrativo en el \u00e1mbito laboral, contable, comercial, financiero y fiscal, as\u00ed como de atenci\u00f3n al cliente\/usuario, tanto en empresas p\u00fablicas como privadas, aplicando la normativa vigente y protocolos de calidad, asegurando la satisfacci\u00f3n del cliente: Y todo ello de una manera muy pr\u00e1ctica.<\/p>\n<p style=\"text-align: justify;\">Una de las ventajas de trabajar como t\u00e9cnico de \u201cGesti\u00f3n Administrativa\u201d es su\u00a0<strong>flexibilidad laboral<\/strong>, es decir,\u00a0<strong>puede trabajar en cualquier tipo de empresa, sea del sector que sea<\/strong>, as\u00ed como en los diferentes niveles de la administraci\u00f3n p\u00fablica, ya que este perfil siempre es requerido. Muestra de ello es que es uno de los CC.FF. de Grado Medio con mayor inserci\u00f3n laboral en Espa\u00f1a.<\/p>\n<p style=\"text-align: justify;\">Este Ciclo Formativo es ofertado tanto en la modalidad presencial, como en la\u00a0<strong>modalidad de F.P. DUAL<\/strong>, haci\u00e9ndolo muy atractivo para el alumno.<\/p>\n<p style=\"text-align: justify;\">Por \u00faltimo, mencionar que este Ciclo Formativo tiene posteriormente continuidad con diferentes ciclos de Grado Superior, pero especialmente con el de <strong>\u201cAdministraci\u00f3n y Finanzas\u201d.<\/strong><\/p>\n<h2>Tr\u00edptico Informativo<\/h2>\n<p>Puedes descargarte el tr\u00edptico informativo de Gesti\u00f3n Administrativa haciendo click <a href=\"https:\/\/palmadelrio.salesianos.edu\/colegio\/wp-content\/uploads\/sites\/2\/2024\/05\/triptico-GA-24-v02.pdf\" target=\"_blank\" rel=\"noopener\">aqu\u00ed<\/a>.<\/p>\n<p>[\/et_pb_text][et_pb_gallery gallery_ids=\u00bb4918,4919,4920,4921,4922,4923,4924,4925,4926,4927,4928,4929,4930,4931&#8243; show_title_and_caption=\u00bboff\u00bb zoom_icon_color=\u00bb#dc001b\u00bb _builder_version=\u00bb4.16&#8243; pagination_font_size_tablet=\u00bb51&#8243; pagination_line_height_tablet=\u00bb2&#8243; global_colors_info=\u00bb{}\u00bb][\/et_pb_gallery][et_pb_text _builder_version=\u00bb4.16&#8243; global_colors_info=\u00bb{}\u00bb]<\/p>\n<h2>Plan de Estudios<\/h2>\n<p>[\/et_pb_text][et_pb_tabs _builder_version=\u00bb4.16&#8243; global_colors_info=\u00bb{}\u00bb][et_pb_tab title=\u00bbPrimer Curso\u00bb _builder_version=\u00bb4.16&#8243; body_font=\u00bb||||\u00bb body_line_height=\u00bb2em\u00bb tab_font=\u00bb||||\u00bb tab_line_height=\u00bb2em\u00bb background_size=\u00bbinitial\u00bb background_position=\u00bbtop_left\u00bb background_repeat=\u00bbrepeat\u00bb body_line_height_tablet=\u00bb2em\u00bb body_line_height_phone=\u00bb2em\u00bb tab_line_height_tablet=\u00bb2em\u00bb tab_line_height_phone=\u00bb2em\u00bb global_colors_info=\u00bb{}\u00bb]<\/p>\n<table>\n<tbody>\n<tr>\n<td width=\"60%\"><strong>M\u00d3DULO<\/strong><\/td>\n<td width=\"20%\"><strong>HORAS TOTALES<\/strong><\/td>\n<td width=\"20%\"><strong>HORAS SEMANALES<\/strong><\/td>\n<\/tr>\n<tr>\n<td>Comunicaci\u00f3n empresarial y atenci\u00f3n al cliente<\/td>\n<td>160<\/td>\n<td>5<\/td>\n<\/tr>\n<tr>\n<td>Operaciones administrativas de compra- venta<\/td>\n<td>128<\/td>\n<td>4<\/td>\n<\/tr>\n<tr>\n<td>Empresa y Administraci\u00f3n<\/td>\n<td>96<\/td>\n<td>3<\/td>\n<\/tr>\n<tr>\n<td>Tratamiento inform\u00e1tico de la informaci\u00f3n<\/td>\n<td>224<\/td>\n<td>7<\/td>\n<\/tr>\n<tr>\n<td>T\u00e9cnica contable<\/td>\n<td>96<\/td>\n<td>3<\/td>\n<\/tr>\n<tr>\n<td>Ingl\u00e9s<\/td>\n<td>160<\/td>\n<td>5<\/td>\n<\/tr>\n<tr>\n<td>Formaci\u00f3n y orientaci\u00f3n laboral<\/td>\n<td>96<\/td>\n<td>3<\/td>\n<\/tr>\n<tr>\n<td><strong>TOTALES<\/strong><\/td>\n<td><strong>960<\/strong><\/td>\n<td><strong>30<\/strong><\/td>\n<\/tr>\n<\/tbody>\n<\/table>\n<p>[\/et_pb_tab][et_pb_tab title=\u00bbSegundo curso\u00bb _builder_version=\u00bb4.16&#8243; body_font=\u00bb||||\u00bb body_line_height=\u00bb2em\u00bb tab_font=\u00bb||||\u00bb tab_line_height=\u00bb2em\u00bb background_size=\u00bbinitial\u00bb background_position=\u00bbtop_left\u00bb background_repeat=\u00bbrepeat\u00bb body_line_height_tablet=\u00bb2em\u00bb body_line_height_phone=\u00bb2em\u00bb tab_line_height_tablet=\u00bb2em\u00bb tab_line_height_phone=\u00bb2em\u00bb global_colors_info=\u00bb{}\u00bb]<\/p>\n<table>\n<tbody>\n<tr>\n<td width=\"60%\"><strong>M\u00d3DULO<\/strong><\/td>\n<td width=\"20%\"><strong>HORAS TOTALES<\/strong><\/td>\n<td width=\"20%\"><strong>HORAS SEMANALES<\/strong><\/td>\n<\/tr>\n<tr>\n<td>Operaciones administrativas de recursos humanos<\/td>\n<td>126<\/td>\n<td>6<\/td>\n<\/tr>\n<tr>\n<td>Tratamiento de la documentaci\u00f3n contable<\/td>\n<td>126<\/td>\n<td>6<\/td>\n<\/tr>\n<tr>\n<td>Empresa en el aula<\/td>\n<td>168<\/td>\n<td>8<\/td>\n<\/tr>\n<tr>\n<td>Operaciones auxiliares de gesti\u00f3n de tesorer\u00eda<\/td>\n<td>147<\/td>\n<td>7<\/td>\n<\/tr>\n<tr>\n<td>Formaci\u00f3n en centros de trabajo<\/td>\n<td>410<\/td>\n<td><\/td>\n<\/tr>\n<tr>\n<td>Horas de libre configuraci\u00f3n<\/td>\n<td>63<\/td>\n<td>3<\/td>\n<\/tr>\n<tr>\n<td><strong>TOTALES<\/strong><\/td>\n<td><strong>1040<\/strong><\/td>\n<td><strong>30<\/strong><\/td>\n<\/tr>\n<\/tbody>\n<\/table>\n<p>[\/et_pb_tab][\/et_pb_tabs][\/et_pb_column][\/et_pb_row][et_pb_row admin_label=\u00bbM\u00f3dulos Profesionales\u00bb _builder_version=\u00bb4.17.4&#8243; background_size=\u00bbinitial\u00bb background_position=\u00bbtop_left\u00bb background_repeat=\u00bbrepeat\u00bb global_colors_info=\u00bb{}\u00bb][et_pb_column type=\u00bb4_4&#8243; _builder_version=\u00bb4.16&#8243; custom_padding=\u00bb|||\u00bb global_colors_info=\u00bb{}\u00bb custom_padding__hover=\u00bb|||\u00bb][et_pb_text admin_label=\u00bbComunicaci\u00f3n empresarial y atenci\u00f3n al cliente\u00bb _builder_version=\u00bb4.17.4&#8243; global_colors_info=\u00bb{}\u00bb]<\/p>\n<h2>M\u00f3dulos profesionales<\/h2>\n<p>&nbsp;<\/p>\n<h2 id=\"cc-m-header-8955881121\" class=\"\"><span style=\"color: #000000;\">Comunicaci\u00f3n empresarial y atenci\u00f3n al cliente<\/span><\/h2>\n<hr \/>\n<p>&nbsp;<\/p>\n<p>[\/et_pb_text][et_pb_text _builder_version=\u00bb4.17.4&#8243; global_colors_info=\u00bb{}\u00bb]<\/p>\n<p style=\"text-align: justify;\">Este m\u00f3dulo est\u00e1 dividido en dos bloques diferenciados:<\/p>\n<ul>\n<li style=\"text-align: justify;\"><em>Comunicaci\u00f3n Empresarial:\u00a0Mejorar\u00e1s tus t\u00e9cnicas de comunicaci\u00f3n tanto oral como\u00a0escrita, y aprender\u00e1s a elaborar, tramitar, registrar y archivar documentos o comunicaciones internas o externas en los circuitos de\u00a0informaci\u00f3n de la empresa.<\/em><\/li>\n<li style=\"text-align: justify;\"><em>Atenci\u00f3n al Cliente:\u00a0Te ayudar\u00e1 a conocer cu\u00e1les son los comportamientos de los\u00a0clientes\u00a0con el fin de poder efectuar de forma correcta su atenci\u00f3n, as\u00ed como reconocer el impacto que tiene un servicio de atenci\u00f3n al cliente de calidad, para la\u00a0buena imagen\u00a0de la empresa.<\/em><\/li>\n<\/ul>\n<p>[\/et_pb_text][\/et_pb_column][\/et_pb_row][et_pb_row _builder_version=\u00bb4.16&#8243; background_size=\u00bbinitial\u00bb background_position=\u00bbtop_left\u00bb background_repeat=\u00bbrepeat\u00bb global_colors_info=\u00bb{}\u00bb][et_pb_column type=\u00bb4_4&#8243; _builder_version=\u00bb4.16&#8243; custom_padding=\u00bb|||\u00bb global_colors_info=\u00bb{}\u00bb custom_padding__hover=\u00bb|||\u00bb][et_pb_text admin_label=\u00bbOperaciones Administrativas de Compra-Venta\u00bb _builder_version=\u00bb4.17.4&#8243; global_colors_info=\u00bb{}\u00bb]<\/p>\n<h2><span style=\"color: #000000;\">Operaciones administrativas de Compra-Venta<\/span><\/h2>\n<hr \/>\n<p>&nbsp;<\/p>\n<p>[\/et_pb_text][et_pb_text _builder_version=\u00bb4.17.4&#8243; global_colors_info=\u00bb{}\u00bb]<\/p>\n<p style=\"text-align: justify;\">En este m\u00f3dulo aprender\u00e1s a elaborar la diversa documentaci\u00f3n derivada de las operaciones de compraventa en una empresa (pedido, albar\u00e1n, factura, \u2026) y a aplicar\u00a0m\u00e9todos de control y valoraci\u00f3n de\u00a0existencias, teniendo en cuenta la legislaci\u00f3n mercantil vigente.<\/p>\n<p><span style=\"color: #000000; font-family: Verdana, sans-serif; font-size: 14px; text-align: justify;\">\u00a0<\/span><\/p>\n<p>[\/et_pb_text][\/et_pb_column][\/et_pb_row][et_pb_row _builder_version=\u00bb4.16&#8243; background_size=\u00bbinitial\u00bb background_position=\u00bbtop_left\u00bb background_repeat=\u00bbrepeat\u00bb global_colors_info=\u00bb{}\u00bb][et_pb_column type=\u00bb4_4&#8243; _builder_version=\u00bb4.16&#8243; custom_padding=\u00bb|||\u00bb global_colors_info=\u00bb{}\u00bb custom_padding__hover=\u00bb|||\u00bb][et_pb_text admin_label=\u00bbEmpresa y Administraci\u00f3n\u00bb _builder_version=\u00bb4.17.4&#8243; global_colors_info=\u00bb{}\u00bb]<\/p>\n<h2 id=\"cc-m-header-8738263021\" class=\"\"><span style=\"color: #000000;\">Empresa y administraci\u00f3n<\/span><\/h2>\n<hr \/>\n<p>&nbsp;<\/p>\n<p>[\/et_pb_text][et_pb_text _builder_version=\u00bb4.17.4&#8243; global_colors_info=\u00bb{}\u00bb]<\/p>\n<p style=\"text-align: justify;\">En este m\u00f3dulo aprender\u00e1s a diferenciar los\u00a0poderes\u00a0legislativo, ejecutivo y judicial a nivel estatal, auton\u00f3mico y europeo. Es un m\u00f3dulo\u00a0muy pr\u00e1ctico\u00a0y tendr\u00e1s que utilizar herramientas TIC\u00b4s, con la ayuda de internet, para acercarte a los \u00f3rganos e instituciones del Gobierno central, auton\u00f3mico y municipal, as\u00ed como para realizar documentos administrativos. Este m\u00f3dulo tiene asociadas varias actividades complementarias: Visita a C\u00e1diz a la Ruta Constitucional, a la Diputaci\u00f3n de C\u00f3rdoba, al Parlamento Andaluz en Sevilla, a las Cortes Generales en Madrid, etc.<\/p>\n<p>[\/et_pb_text][\/et_pb_column][\/et_pb_row][et_pb_row _builder_version=\u00bb4.16&#8243; background_size=\u00bbinitial\u00bb background_position=\u00bbtop_left\u00bb background_repeat=\u00bbrepeat\u00bb global_colors_info=\u00bb{}\u00bb][et_pb_column type=\u00bb4_4&#8243; _builder_version=\u00bb4.16&#8243; custom_padding=\u00bb|||\u00bb global_colors_info=\u00bb{}\u00bb custom_padding__hover=\u00bb|||\u00bb][et_pb_text admin_label=\u00bbTratamiento Inform\u00e1tico de la Informaci\u00f3n\u00bb _builder_version=\u00bb4.17.4&#8243; global_colors_info=\u00bb{}\u00bb]<\/p>\n<h2 id=\"cc-m-header-8751210321\" class=\"\"><span style=\"color: #000000;\">Tratamiento Inform\u00e1tico de la Informaci\u00f3n<br \/><\/span><\/h2>\n<hr \/>\n<p>&nbsp;<\/p>\n<p>[\/et_pb_text][et_pb_text _builder_version=\u00bb4.17.4&#8243; global_colors_info=\u00bb{}\u00bb]<\/p>\n<p style=\"text-align: justify;\">En este m\u00f3dulo practicar\u00e1s en los diferentes equipos inform\u00e1ticos individualizados, todo lo relacionado con el \u00e1mbito de la inform\u00e1tica: sistemas operativos (Windows), procesadores de texto, hojas de c\u00e1lculo, bases de datos, presentaciones, &#8230; Y adem\u00e1s practicar\u00e1s mecanograf\u00eda, donde aprender\u00e1s el manejo del teclado de una manera f\u00e1cil y divertida a trav\u00e9s del paquete Mecasoft.<\/p>\n<p style=\"text-align: justify;\">Disponemos de diversas aulas de ordenadores conectados en red local as\u00ed como a Internet para facilitar la continua b\u00fasqueda de informaci\u00f3n en la web.<\/p>\n<p>[\/et_pb_text][\/et_pb_column][\/et_pb_row][et_pb_row _builder_version=\u00bb4.16&#8243; background_size=\u00bbinitial\u00bb background_position=\u00bbtop_left\u00bb background_repeat=\u00bbrepeat\u00bb global_colors_info=\u00bb{}\u00bb][et_pb_column type=\u00bb4_4&#8243; _builder_version=\u00bb4.16&#8243; custom_padding=\u00bb|||\u00bb global_colors_info=\u00bb{}\u00bb custom_padding__hover=\u00bb|||\u00bb][et_pb_text admin_label=\u00bbT\u00e9cnica Contable y Tratamiento Contable de la Documentaci\u00f3n\u00bb _builder_version=\u00bb4.17.4&#8243; global_colors_info=\u00bb{}\u00bb]<\/p>\n<h2 id=\"cc-m-header-8751213121\" class=\"\"><span style=\"color: #000000;\">T\u00e9cnica Contable y Tratamiento Contable de la Documentaci\u00f3n<\/span><\/h2>\n<hr \/>\n<p>&nbsp;<\/p>\n<p>[\/et_pb_text][et_pb_text _builder_version=\u00bb4.17.4&#8243; global_colors_info=\u00bb{}\u00bb]<\/p>\n<p style=\"text-align: justify;\">En estos dos m\u00f3dulos relacionados con la Contabilidad de la empresa, aprender\u00e1s a reconocer los elementos que integran el patrimonio de la empresa, y a registrar contablemente las operaciones financieras, utilizando para ello el Plan General Contable, as\u00ed como elaborar los distintos estados financieros de las Cuentas Anuales de una empresa. Y todo ello, utilizando aplicaciones inform\u00e1ticas de gesti\u00f3n empresarial. Se trata de un m\u00f3dulo eminentemente pr\u00e1ctico.<\/p>\n<p>[\/et_pb_text][\/et_pb_column][\/et_pb_row][et_pb_row _builder_version=\u00bb4.16&#8243; background_size=\u00bbinitial\u00bb background_position=\u00bbtop_left\u00bb background_repeat=\u00bbrepeat\u00bb global_colors_info=\u00bb{}\u00bb][et_pb_column type=\u00bb4_4&#8243; _builder_version=\u00bb4.16&#8243; custom_padding=\u00bb|||\u00bb global_colors_info=\u00bb{}\u00bb custom_padding__hover=\u00bb|||\u00bb][et_pb_text admin_label=\u00bbIngl\u00e9s\u00bb _builder_version=\u00bb4.17.4&#8243; global_colors_info=\u00bb{}\u00bb]<\/p>\n<h2 id=\"cc-m-header-8751210321\" class=\"\"><span style=\"color: #000000;\">Ingl\u00e9s<\/span><\/h2>\n<hr \/>\n<p>&nbsp;<\/p>\n<p>[\/et_pb_text][et_pb_text _builder_version=\u00bb4.17.4&#8243; global_colors_info=\u00bb{}\u00bb]<\/p>\n<p style=\"text-align: justify;\">Hoy en d\u00eda poseer un buen dominio del ingl\u00e9s representa una ventaja competitiva a la hora de\u00a0encontrar trabajo\u00a0y para avanzar dentro del mercado laboral o profesional, as\u00ed como para manejar las nuevas herramientas TIC\u00b4s. Empezar\u00e1s desde un\u00a0nivel adaptado a tus conocimientos, y te centrar\u00e1s en un Ingl\u00e9s m\u00e1s enfocado al trabajo diario de una\u00a0empresa.\u00a0\u00c1nimo y\u00a0<em>Good Luck!<\/em><\/p>\n<p>[\/et_pb_text][\/et_pb_column][\/et_pb_row][et_pb_row _builder_version=\u00bb4.16&#8243; background_size=\u00bbinitial\u00bb background_position=\u00bbtop_left\u00bb background_repeat=\u00bbrepeat\u00bb global_colors_info=\u00bb{}\u00bb][et_pb_column type=\u00bb4_4&#8243; _builder_version=\u00bb4.16&#8243; custom_padding=\u00bb|||\u00bb global_colors_info=\u00bb{}\u00bb custom_padding__hover=\u00bb|||\u00bb][et_pb_text admin_label=\u00bbFOL y Operaciones Administrativas de Recursos Humanos\u00bb _builder_version=\u00bb4.17.4&#8243; global_colors_info=\u00bb{}\u00bb]<\/p>\n<h2 id=\"cc-m-header-8751213121\" class=\"\"><span style=\"color: #000000;\">FOL y Operaciones Administrativas de Recursos Humanos<\/span><\/h2>\n<hr \/>\n<p>&nbsp;<\/p>\n<p>[\/et_pb_text][et_pb_text _builder_version=\u00bb4.17.4&#8243; global_colors_info=\u00bb{}\u00bb]<\/p>\n<p style=\"text-align: justify;\">Estos m\u00f3dulos aportan la formaci\u00f3n necesaria para desempe\u00f1ar la funci\u00f3n de gesti\u00f3n de los recursos humanos de la empresa: elaboraci\u00f3n de documentaci\u00f3n relativa a la\u00a0selecci\u00f3n y formaci\u00f3n de los trabajadores, sistemas de motivaci\u00f3n, contrataci\u00f3n y remuneraci\u00f3n del trabajador, elaboraci\u00f3n de n\u00f3minas y seguros sociales, protecci\u00f3n de datos, prevenci\u00f3n de riesgos laborales, preparaci\u00f3n y realizaci\u00f3n de\u00a0CV, pruebas y\u00a0entrevistas de trabajo. Y, sobre todo, la adquisici\u00f3n de los instrumentos y capacidades necesarias para orientarse en el\u00a0mercado laboral, en la b\u00fasqueda de una r\u00e1pida inserci\u00f3n.<\/p>\n<p>[\/et_pb_text][\/et_pb_column][\/et_pb_row][et_pb_row _builder_version=\u00bb4.16&#8243; background_size=\u00bbinitial\u00bb background_position=\u00bbtop_left\u00bb background_repeat=\u00bbrepeat\u00bb global_colors_info=\u00bb{}\u00bb][et_pb_column type=\u00bb4_4&#8243; _builder_version=\u00bb4.16&#8243; custom_padding=\u00bb|||\u00bb global_colors_info=\u00bb{}\u00bb custom_padding__hover=\u00bb|||\u00bb][et_pb_text admin_label=\u00bbOperaciones Auxiliares de Gesti\u00f3n de Tesorer\u00eda\u00bb _builder_version=\u00bb4.17.4&#8243; global_colors_info=\u00bb{}\u00bb]<\/p>\n<h2 id=\"cc-m-header-8751213121\" class=\"\"><span style=\"color: #000000;\">Operaciones Auxiliares de Gesti\u00f3n de Tesorer\u00eda<\/span><\/h2>\n<hr \/>\n<p>&nbsp;<\/p>\n<p>[\/et_pb_text][et_pb_text _builder_version=\u00bb4.17.4&#8243; global_colors_info=\u00bb{}\u00bb]<\/p>\n<p style=\"text-align: justify;\">En este m\u00f3dulo podr\u00e1s aprender todo aquello relacionado con los diversos productos financieros, y especialmente bancarios que utiliza tanto una empresa como un particular: fuentes de financiaci\u00f3n, distintos medios de cobro-pago: efectivo, cheque, letra, pagar\u00e9 \u2026 as\u00ed como su registro, y los presupuestos de tesorer\u00eda. Tambi\u00e9n estudiar\u00e1s los distintos servicios que ofrecen las entidades financieras a sus clientes fundamentalmente a trav\u00e9s de la banca electr\u00f3nica.\u00a0Adem\u00e1s, conocer\u00e1s todo lo relacionado con el Sistema Financiero en Espa\u00f1a, as\u00ed como la actividad aseguradora, aspecto fundamental para cubrir los diferentes riesgos a los que se enfrenta la empresa, as\u00ed como las personas con ellas relacionadas.<\/p>\n<p style=\"text-align: justify;\">Todos estos contenidos parten desde un\u00a0punto de vista b\u00e1sico e inicial, y de una manera muy pr\u00e1ctica, para hacer m\u00e1s atractivo su aprendizaje.<\/p>\n<p>[\/et_pb_text][\/et_pb_column][\/et_pb_row][et_pb_row _builder_version=\u00bb4.16&#8243; background_size=\u00bbinitial\u00bb background_position=\u00bbtop_left\u00bb background_repeat=\u00bbrepeat\u00bb global_colors_info=\u00bb{}\u00bb][et_pb_column type=\u00bb4_4&#8243; _builder_version=\u00bb4.16&#8243; custom_padding=\u00bb|||\u00bb global_colors_info=\u00bb{}\u00bb custom_padding__hover=\u00bb|||\u00bb][et_pb_text admin_label=\u00bbEmpresa en el Aula\u00bb _builder_version=\u00bb4.17.4&#8243; global_colors_info=\u00bb{}\u00bb]<\/p>\n<h2 id=\"cc-m-header-8751213121\" class=\"\"><strong><span style=\"color: #000000;\">Empresa en el aula<\/span><\/strong><\/h2>\n<hr \/>\n<p>&nbsp;<\/p>\n<p>[\/et_pb_text][et_pb_text _builder_version=\u00bb4.17.4&#8243; global_colors_info=\u00bb{}\u00bb]<\/p>\n<p style=\"text-align: justify;\">En este m\u00f3dulo simular\u00e1s la actividad ordinaria de una peque\u00f1a empresa, en la que pondr\u00e1s en pr\u00e1ctica\u00a0todo lo aprendido en los diferentes m\u00f3dulos del Ciclo Formativo. En este m\u00f3dulo desarrollar\u00e1s tu tarea\u00a0como si realmente formaras parte del Departamento de Administraci\u00f3n de una PYME, cumplimentando, clasificando, procesando y archivando toda la documentaci\u00f3n que se genera en la misma. La actividad elegida para el desarrollo de nuestra empresa es la comercializaci\u00f3n de ropa, uniformes de trabajo y equipos de protecci\u00f3n laboral.<\/p>\n<p style=\"text-align: justify;\">La clase se divide en grupos de alumnos de tal forma que cada uno cubra un puesto de trabajo en la empresa. Los diferentes departamentos en los que se va rotando son:\u00a0Recepci\u00f3n, Compras, Ventas, Almac\u00e9n, Contabilidad, Tesorer\u00eda\u00a0y\u00a0Recursos Humanos.<\/p>\n<p>[\/et_pb_text][\/et_pb_column][\/et_pb_row][et_pb_row admin_label=\u00bbFormaci\u00f3n en Centros de Trabajo\u00bb _builder_version=\u00bb4.17.4&#8243; background_size=\u00bbinitial\u00bb background_position=\u00bbtop_left\u00bb background_repeat=\u00bbrepeat\u00bb global_colors_info=\u00bb{}\u00bb][et_pb_column type=\u00bb4_4&#8243; _builder_version=\u00bb4.16&#8243; custom_padding=\u00bb|||\u00bb global_colors_info=\u00bb{}\u00bb custom_padding__hover=\u00bb|||\u00bb][et_pb_text admin_label=\u00bbFormaci\u00f3n en centros de trabajo\u00bb _builder_version=\u00bb4.17.4&#8243; global_colors_info=\u00bb{}\u00bb]<\/p>\n<h2 id=\"cc-m-header-8751213121\" class=\"\"><span style=\"color: #000000;\">Formaci\u00f3n en centros de trabajo<\/span><\/h2>\n<hr \/>\n<p>&nbsp;<\/p>\n<p style=\"font-stretch: normal; font-size: 14px; line-height: 19.6px; font-family: Verdana, Arial, Helvetica, sans-serif; color: #000000; padding-bottom: 0px;\">[\/et_pb_text][et_pb_text _builder_version=\u00bb4.17.4&#8243; global_colors_info=\u00bb{}\u00bb]<\/p>\n<p style=\"text-align: justify;\">Una vez aprobados los m\u00f3dulos profesionales del Ciclo Formativo, nuestros alumnos cursan durante el tercer trimestre del 2\u00ba curso, el m\u00f3dulo de \u201cFormaci\u00f3n en Centros de Trabajo\u201d (FCT), conocido como \u201cpr\u00e1cticas en las empresas\u201d.<\/p>\n<p style=\"text-align: justify;\">La FCT se trata de un\u00a0m\u00f3dulo totalmente pr\u00e1ctico\u00a0con una duraci\u00f3n aproximada de tres meses, durante los cuales el alumno puede desarrollar en una empresa o administraci\u00f3n p\u00fablica, los diferentes conocimientos y actitudes que ha ido adquiriendo en su formaci\u00f3n.<\/p>\n<p style=\"text-align: justify;\">Para todo ello, contamos con el\u00a0<a href=\"https:\/\/palmadelrio.salesianos.edu\/escuela-empresa\/\">Departamento Escuela-Empresa<\/a>\u00a0que se encarga de gestionar todo lo relacionado con la FCT. Adem\u00e1s, una vez acabado el m\u00f3dulo y obtener el t\u00edtulo, podr\u00e1s incorporarte a la\u00a0\u201cBolsa de Empleo\u201d\u00a0de este Departamento para una pronta inserci\u00f3n laboral.<\/p>\n<p>[\/et_pb_text][\/et_pb_column][\/et_pb_row][et_pb_row _builder_version=\u00bb4.16&#8243; background_size=\u00bbinitial\u00bb background_position=\u00bbtop_left\u00bb background_repeat=\u00bbrepeat\u00bb global_colors_info=\u00bb{}\u00bb][et_pb_column type=\u00bb4_4&#8243; _builder_version=\u00bb4.16&#8243; custom_padding=\u00bb|||\u00bb global_colors_info=\u00bb{}\u00bb custom_padding__hover=\u00bb|||\u00bb][et_pb_text admin_label=\u00bbPrepara tu futuro con nosotros\u00bb _builder_version=\u00bb4.17.4&#8243; global_colors_info=\u00bb{}\u00bb]<\/p>\n<h2>Prepara tu futuro con nosotros<\/h2>\n<p style=\"text-align: justify;\">Si est\u00e1s interesado en estudiar este Ciclo Formativo de Grado Superior con nosotros,\u00a0<strong>a partir de abril publicaremos toda la informaci\u00f3n al respecto<\/strong>. S\u00edguenos en nuestras\u00a0<strong>redes sociales<\/strong>\u00a0y te avisaremos cuando se abra el\u00a0<strong>proceso de solicitudes de admisi\u00f3n y matriculaci\u00f3n.<\/strong><\/p>\n<p><strong>\u00a0<\/strong><\/p>\n<p style=\"font-stretch: normal; font-size: 14px; line-height: 19.6px; font-family: Verdana, Arial, Helvetica, sans-serif; color: #000000; padding-bottom: 0px;\">[\/et_pb_text][\/et_pb_column][\/et_pb_row][et_pb_row column_structure=\u00bb1_2,1_2&#8243; _builder_version=\u00bb4.16&#8243; background_size=\u00bbinitial\u00bb background_position=\u00bbtop_left\u00bb background_repeat=\u00bbrepeat\u00bb global_colors_info=\u00bb{}\u00bb][et_pb_column type=\u00bb1_2&#8243; _builder_version=\u00bb4.16&#8243; custom_padding=\u00bb|||\u00bb global_colors_info=\u00bb{}\u00bb custom_padding__hover=\u00bb|||\u00bb][et_pb_cta title=\u00bbSalidas profesionales\u00bb admin_label=\u00bbSalidas Profesionales\u00bb _builder_version=\u00bb4.17.4&#8243; header_font=\u00bbAmatic SC||||\u00bb header_text_color=\u00bb#ffffff\u00bb header_font_size=\u00bb48&#8243; body_font=\u00bbAmatic SC||||\u00bb body_text_color=\u00bb#ffffff\u00bb body_font_size=\u00bb16&#8243; background_image=\u00bbhttps:\/\/palmadelrio.salesianos.edu\/wp-content\/uploads\/2017\/09\/fondo.jpg\u00bb custom_button=\u00bbon\u00bb button_text_size=\u00bb42&#8243; button_text_color=\u00bb#ffffff\u00bb button_border_width=\u00bb0&#8243; button_font=\u00bbAmatic SC|on|||\u00bb button_use_icon=\u00bboff\u00bb text_orientation=\u00bbleft\u00bb saved_tabs=\u00bball\u00bb global_colors_info=\u00bb{}\u00bb button_text_size__hover_enabled=\u00bboff\u00bb button_one_text_size__hover_enabled=\u00bboff\u00bb button_two_text_size__hover_enabled=\u00bboff\u00bb button_text_color__hover_enabled=\u00bboff\u00bb button_one_text_color__hover_enabled=\u00bboff\u00bb button_two_text_color__hover_enabled=\u00bboff\u00bb button_border_width__hover_enabled=\u00bboff\u00bb button_one_border_width__hover_enabled=\u00bboff\u00bb button_two_border_width__hover_enabled=\u00bboff\u00bb button_border_color__hover_enabled=\u00bboff\u00bb button_one_border_color__hover_enabled=\u00bboff\u00bb button_two_border_color__hover_enabled=\u00bboff\u00bb button_border_radius__hover_enabled=\u00bboff\u00bb button_one_border_radius__hover_enabled=\u00bboff\u00bb button_two_border_radius__hover_enabled=\u00bboff\u00bb button_letter_spacing__hover_enabled=\u00bboff\u00bb button_one_letter_spacing__hover_enabled=\u00bboff\u00bb button_two_letter_spacing__hover_enabled=\u00bboff\u00bb button_bg_color__hover_enabled=\u00bboff\u00bb button_one_bg_color__hover_enabled=\u00bboff\u00bb button_two_bg_color__hover_enabled=\u00bboff\u00bb]<\/p>\n<p>&nbsp;<\/p>\n<ul>\n<li>Auxiliar administrativo en un Dpto. de Administraci\u00f3n en las tareas comercial, financiera, contable, &#8230;<\/li>\n<li>Ayudante de oficina.<\/li>\n<li>Comercial.<\/li>\n<li>Auxiliar de Recursos Humanos.<\/li>\n<li>T\u00e9cnico en\u00a0alg\u00fan organismo de la Administraci\u00f3n P\u00fablicas (Ayuntamiento, Diputaci\u00f3n, Junta, etc.)<\/li>\n<li>Recepcionista<\/li>\n<li>Responsable de Tesorer\u00eda<\/li>\n<li>Secretar\u00eda.<\/li>\n<li>Etc.<\/li>\n<\/ul>\n<p>&nbsp;<\/p>\n<p style=\"font-stretch: normal; font-size: 14px; line-height: 19.6px; font-family: Verdana, Arial, Helvetica, sans-serif; color: #000000; padding-bottom: 0px;\">[\/et_pb_cta][\/et_pb_column][et_pb_column type=\u00bb1_2&#8243; _builder_version=\u00bb4.16&#8243; custom_padding=\u00bb|||\u00bb global_colors_info=\u00bb{}\u00bb custom_padding__hover=\u00bb|||\u00bb][et_pb_cta title=\u00bb\u00bfY qu\u00e9 puedo seguir estudiando?\u00bb admin_label=\u00bb\u00bfY qu\u00e9 puedo seguir estudiando?\u00bb _builder_version=\u00bb4.17.4&#8243; header_font=\u00bbAmatic SC||||\u00bb header_text_color=\u00bb#ffffff\u00bb header_font_size=\u00bb48&#8243; body_font=\u00bbAmatic SC||||\u00bb body_text_color=\u00bb#ffffff\u00bb body_font_size=\u00bb16&#8243; background_image=\u00bbhttps:\/\/palmadelrio.salesianos.edu\/wp-content\/uploads\/2017\/09\/fondo.jpg\u00bb custom_button=\u00bbon\u00bb button_text_size=\u00bb42&#8243; button_text_color=\u00bb#ffffff\u00bb button_border_width=\u00bb0&#8243; button_font=\u00bbAmatic SC|on|||\u00bb button_use_icon=\u00bboff\u00bb text_orientation=\u00bbleft\u00bb border_style=\u00bbsolid\u00bb button_letter_spacing_hover=\u00bb0&#8243; saved_tabs=\u00bball\u00bb global_colors_info=\u00bb{}\u00bb button_text_size__hover_enabled=\u00bboff\u00bb button_one_text_size__hover_enabled=\u00bboff\u00bb button_two_text_size__hover_enabled=\u00bboff\u00bb button_text_color__hover_enabled=\u00bboff\u00bb button_one_text_color__hover_enabled=\u00bboff\u00bb button_two_text_color__hover_enabled=\u00bboff\u00bb button_border_width__hover_enabled=\u00bboff\u00bb button_one_border_width__hover_enabled=\u00bboff\u00bb button_two_border_width__hover_enabled=\u00bboff\u00bb button_border_color__hover_enabled=\u00bboff\u00bb button_one_border_color__hover_enabled=\u00bboff\u00bb button_two_border_color__hover_enabled=\u00bboff\u00bb button_border_radius__hover_enabled=\u00bboff\u00bb button_one_border_radius__hover_enabled=\u00bboff\u00bb button_two_border_radius__hover_enabled=\u00bboff\u00bb button_letter_spacing__hover_enabled=\u00bbon\u00bb button_letter_spacing__hover=\u00bb0&#8243; button_one_letter_spacing__hover_enabled=\u00bboff\u00bb button_two_letter_spacing__hover_enabled=\u00bboff\u00bb button_bg_color__hover_enabled=\u00bboff\u00bb button_one_bg_color__hover_enabled=\u00bboff\u00bb button_two_bg_color__hover_enabled=\u00bboff\u00bb]<\/p>\n<p>&nbsp;<\/p>\n<ul>\n<li><strong>Un Ciclo Formativo de Grado Superior<\/strong>de la misma familia profesional o de otras relacionadas, con la posibilidad de establecer convalidaciones de m\u00f3dulos profesionales de acuerdo a la normativa vigente:\n<ul>\n<li style=\"text-align: justify;\">T\u00e9cnico Superior en \u201cAdministraci\u00f3n y Finanzas\u201d.<\/li>\n<li style=\"text-align: justify;\">T\u00e9cnico Superior en \u201cAsistencia a la Direcci\u00f3n\u201d.<\/li>\n<li style=\"text-align: justify;\">T\u00e9cnico Superior en \u201cGesti\u00f3n de ventas y espacios comerciales\u201d.<\/li>\n<li style=\"text-align: justify;\">T\u00e9cnico Superior en \u201cComercio Internacional\u201d.<\/li>\n<li style=\"text-align: justify;\">Etc.<\/li>\n<\/ul>\n<\/li>\n<\/ul>\n<p>&nbsp;<\/p>\n<p style=\"font-stretch: normal; font-size: 14px; line-height: 19.6px; font-family: Verdana, Arial, Helvetica, sans-serif; color: #000000; padding-bottom: 0px;\">[\/et_pb_cta][\/et_pb_column][\/et_pb_row][et_pb_row column_structure=\u00bb1_4,1_2,1_4&#8243; admin_label=\u00bbEmpresas Colaboradoras\u00bb _builder_version=\u00bb4.17.4&#8243; background_size=\u00bbinitial\u00bb background_position=\u00bbtop_left\u00bb background_repeat=\u00bbrepeat\u00bb global_colors_info=\u00bb{}\u00bb][et_pb_column type=\u00bb1_4&#8243; _builder_version=\u00bb4.16&#8243; background_position=\u00bbtop_left\u00bb custom_padding=\u00bb|||\u00bb global_colors_info=\u00bb{}\u00bb custom_padding__hover=\u00bb|||\u00bb][\/et_pb_column][et_pb_column type=\u00bb1_2&#8243; _builder_version=\u00bb4.16&#8243; background_position=\u00bbtop_left\u00bb custom_padding=\u00bb|||\u00bb global_colors_info=\u00bb{}\u00bb custom_padding__hover=\u00bb|||\u00bb][et_pb_cta title=\u00bbEmpresas colaboradoras\u00bb admin_label=\u00bbEmpresas colaboradoras\u00bb _builder_version=\u00bb4.17.4&#8243; header_font=\u00bbAmatic SC||||\u00bb header_text_color=\u00bb#ffffff\u00bb header_font_size=\u00bb48&#8243; body_font=\u00bbAmatic SC||||\u00bb body_text_color=\u00bb#ffffff\u00bb body_font_size=\u00bb16&#8243; background_color=\u00bb#7cda24&#8243; custom_button=\u00bbon\u00bb button_text_size=\u00bb42&#8243; button_text_color=\u00bb#ffffff\u00bb button_border_width=\u00bb0&#8243; button_font=\u00bbAmatic SC|on|||\u00bb button_use_icon=\u00bboff\u00bb text_orientation=\u00bbleft\u00bb border_style=\u00bbsolid\u00bb button_letter_spacing_hover=\u00bb0&#8243; saved_tabs=\u00bball\u00bb global_colors_info=\u00bb{}\u00bb button_text_size__hover_enabled=\u00bboff\u00bb button_one_text_size__hover_enabled=\u00bboff\u00bb button_two_text_size__hover_enabled=\u00bboff\u00bb button_text_color__hover_enabled=\u00bboff\u00bb button_one_text_color__hover_enabled=\u00bboff\u00bb button_two_text_color__hover_enabled=\u00bboff\u00bb button_border_width__hover_enabled=\u00bboff\u00bb button_one_border_width__hover_enabled=\u00bboff\u00bb button_two_border_width__hover_enabled=\u00bboff\u00bb button_border_color__hover_enabled=\u00bboff\u00bb button_one_border_color__hover_enabled=\u00bboff\u00bb button_two_border_color__hover_enabled=\u00bboff\u00bb button_border_radius__hover_enabled=\u00bboff\u00bb button_one_border_radius__hover_enabled=\u00bboff\u00bb button_two_border_radius__hover_enabled=\u00bboff\u00bb button_letter_spacing__hover_enabled=\u00bbon\u00bb button_letter_spacing__hover=\u00bb0&#8243; button_one_letter_spacing__hover_enabled=\u00bboff\u00bb button_two_letter_spacing__hover_enabled=\u00bboff\u00bb button_bg_color__hover_enabled=\u00bboff\u00bb button_one_bg_color__hover_enabled=\u00bboff\u00bb button_two_bg_color__hover_enabled=\u00bboff\u00bb]<\/p>\n<ul>\n<li>Cooperativa Agr\u00edcola de Regantes, SCA.<\/li>\n<li>Guadex SAT, S.L.<\/li>\n<li>Pegasus Aviaci\u00f3n, S.A.<\/li>\n<li>Oficina T\u00e9cnica Palma del R\u00edo S.L.<\/li>\n<li>Fomento Agr\u00edcola Andaluz, SAT.<\/li>\n<li>Mu\u00f1oz Rold\u00e1n e Hijos, S.L.<\/li>\n<li>Safcom Prevenci\u00f3n, S.L.<\/li>\n<li>Magtel, S.A.<\/li>\n<li>Garc\u00eda Ruiz, SCA:<\/li>\n<li>Canovaca Asesores de Seguros.<\/li>\n<li>Sunar\u00e1n, SAT.<\/li>\n<li>Academia Millenium, S.L.L.<\/li>\n<li>Asesores G\u00f3mez Tierno, S.C.<\/li>\n<li>Abonos Jim\u00e9nez, S.L.<\/li>\n<li>Ayuntamiento de Palma del R\u00edo, Hornachuelos, La Puebla de los Infantes, etc.<\/li>\n<\/ul>\n<p>[\/et_pb_cta][\/et_pb_column][et_pb_column type=\u00bb1_4&#8243; _builder_version=\u00bb4.16&#8243; background_position=\u00bbtop_left\u00bb custom_padding=\u00bb|||\u00bb global_colors_info=\u00bb{}\u00bb custom_padding__hover=\u00bb|||\u00bb][\/et_pb_column][\/et_pb_row][\/et_pb_section]<\/p>\n","protected":false},"excerpt":{"rendered":"<p>Descripci\u00f3n del ciclo formativo En cada una de las instituciones y especialmente en las empresas, que forman parte del \u00e1mbito p\u00fablico y privado de una sociedad, existe la demanda de un puesto de trabajo que tiene como principal misi\u00f3n llevar a cabo las labores de apoyo a la gesti\u00f3n y archivo de toda la documentaci\u00f3n [&hellip;]<\/p>\n","protected":false},"author":2,"featured_media":0,"parent":0,"menu_order":0,"comment_status":"closed","ping_status":"closed","template":"","meta":{"_et_pb_use_builder":"on","_et_pb_old_content":"","_et_gb_content_width":"","footnotes":""},"class_list":["post-4680","page","type-page","status-publish","hentry"],"yoast_head":"<!-- This site is optimized with the Yoast SEO plugin v28.4 - https:\/\/yoast.com\/product\/yoast-seo-wordpress\/ -->\n<title>Gesti\u00f3n Administrativa - Colegio<\/title>\n<meta name=\"robots\" content=\"index, follow, max-snippet:-1, max-image-preview:large, max-video-preview:-1\" \/>\n<link rel=\"canonical\" href=\"https:\/\/palmadelrio.salesianos.edu\/colegio\/gestion-administrativa\/\" \/>\n<meta property=\"og:locale\" content=\"es_ES\" \/>\n<meta property=\"og:type\" content=\"article\" \/>\n<meta property=\"og:title\" content=\"Gesti\u00f3n Administrativa - Colegio\" \/>\n<meta property=\"og:description\" content=\"Descripci\u00f3n del ciclo formativo En cada una de las instituciones y especialmente en las empresas, que forman parte del \u00e1mbito p\u00fablico y privado de una sociedad, existe la demanda de un puesto de trabajo que tiene como principal misi\u00f3n llevar a cabo las labores de apoyo a la gesti\u00f3n y archivo de toda la documentaci\u00f3n [&hellip;]\" \/>\n<meta property=\"og:url\" content=\"https:\/\/palmadelrio.salesianos.edu\/colegio\/gestion-administrativa\/\" \/>\n<meta property=\"og:site_name\" content=\"Colegio\" \/>\n<meta property=\"article:modified_time\" content=\"2024-06-18T07:25:01+00:00\" \/>\n<meta name=\"twitter:card\" content=\"summary_large_image\" \/>\n<meta name=\"twitter:label1\" content=\"Tiempo de lectura\" \/>\n\t<meta name=\"twitter:data1\" content=\"10 minutos\" \/>\n<script type=\"application\/ld+json\" class=\"yoast-schema-graph\">{\"@context\":\"https:\\\/\\\/schema.org\",\"@graph\":[{\"@type\":\"WebPage\",\"@id\":\"https:\\\/\\\/palmadelrio.salesianos.edu\\\/colegio\\\/gestion-administrativa\\\/\",\"url\":\"https:\\\/\\\/palmadelrio.salesianos.edu\\\/colegio\\\/gestion-administrativa\\\/\",\"name\":\"Gesti\u00f3n Administrativa - Colegio\",\"isPartOf\":{\"@id\":\"https:\\\/\\\/palmadelrio.salesianos.edu\\\/colegio\\\/#website\"},\"datePublished\":\"2017-10-18T20:44:49+00:00\",\"dateModified\":\"2024-06-18T07:25:01+00:00\",\"breadcrumb\":{\"@id\":\"https:\\\/\\\/palmadelrio.salesianos.edu\\\/colegio\\\/gestion-administrativa\\\/#breadcrumb\"},\"inLanguage\":\"es\",\"potentialAction\":[{\"@type\":\"ReadAction\",\"target\":[\"https:\\\/\\\/palmadelrio.salesianos.edu\\\/colegio\\\/gestion-administrativa\\\/\"]}]},{\"@type\":\"BreadcrumbList\",\"@id\":\"https:\\\/\\\/palmadelrio.salesianos.edu\\\/colegio\\\/gestion-administrativa\\\/#breadcrumb\",\"itemListElement\":[{\"@type\":\"ListItem\",\"position\":1,\"name\":\"Portada\",\"item\":\"https:\\\/\\\/palmadelrio.salesianos.edu\\\/colegio\\\/\"},{\"@type\":\"ListItem\",\"position\":2,\"name\":\"Gesti\u00f3n Administrativa\"}]},{\"@type\":\"WebSite\",\"@id\":\"https:\\\/\\\/palmadelrio.salesianos.edu\\\/colegio\\\/#website\",\"url\":\"https:\\\/\\\/palmadelrio.salesianos.edu\\\/colegio\\\/\",\"name\":\"Colegio\",\"description\":\"P\u00e1gina oficial Salesianos Palma del R\u00edo\",\"potentialAction\":[{\"@type\":\"SearchAction\",\"target\":{\"@type\":\"EntryPoint\",\"urlTemplate\":\"https:\\\/\\\/palmadelrio.salesianos.edu\\\/colegio\\\/?s={search_term_string}\"},\"query-input\":{\"@type\":\"PropertyValueSpecification\",\"valueRequired\":true,\"valueName\":\"search_term_string\"}}],\"inLanguage\":\"es\"}]}<\/script>\n<!-- \/ Yoast SEO plugin. -->","yoast_head_json":{"title":"Gesti\u00f3n Administrativa - Colegio","robots":{"index":"index","follow":"follow","max-snippet":"max-snippet:-1","max-image-preview":"max-image-preview:large","max-video-preview":"max-video-preview:-1"},"canonical":"https:\/\/palmadelrio.salesianos.edu\/colegio\/gestion-administrativa\/","og_locale":"es_ES","og_type":"article","og_title":"Gesti\u00f3n Administrativa - Colegio","og_description":"Descripci\u00f3n del ciclo formativo En cada una de las instituciones y especialmente en las empresas, que forman parte del \u00e1mbito p\u00fablico y privado de una sociedad, existe la demanda de un puesto de trabajo que tiene como principal misi\u00f3n llevar a cabo las labores de apoyo a la gesti\u00f3n y archivo de toda la documentaci\u00f3n [&hellip;]","og_url":"https:\/\/palmadelrio.salesianos.edu\/colegio\/gestion-administrativa\/","og_site_name":"Colegio","article_modified_time":"2024-06-18T07:25:01+00:00","twitter_card":"summary_large_image","twitter_misc":{"Tiempo de lectura":"10 minutos"},"schema":{"@context":"https:\/\/schema.org","@graph":[{"@type":"WebPage","@id":"https:\/\/palmadelrio.salesianos.edu\/colegio\/gestion-administrativa\/","url":"https:\/\/palmadelrio.salesianos.edu\/colegio\/gestion-administrativa\/","name":"Gesti\u00f3n Administrativa - Colegio","isPartOf":{"@id":"https:\/\/palmadelrio.salesianos.edu\/colegio\/#website"},"datePublished":"2017-10-18T20:44:49+00:00","dateModified":"2024-06-18T07:25:01+00:00","breadcrumb":{"@id":"https:\/\/palmadelrio.salesianos.edu\/colegio\/gestion-administrativa\/#breadcrumb"},"inLanguage":"es","potentialAction":[{"@type":"ReadAction","target":["https:\/\/palmadelrio.salesianos.edu\/colegio\/gestion-administrativa\/"]}]},{"@type":"BreadcrumbList","@id":"https:\/\/palmadelrio.salesianos.edu\/colegio\/gestion-administrativa\/#breadcrumb","itemListElement":[{"@type":"ListItem","position":1,"name":"Portada","item":"https:\/\/palmadelrio.salesianos.edu\/colegio\/"},{"@type":"ListItem","position":2,"name":"Gesti\u00f3n Administrativa"}]},{"@type":"WebSite","@id":"https:\/\/palmadelrio.salesianos.edu\/colegio\/#website","url":"https:\/\/palmadelrio.salesianos.edu\/colegio\/","name":"Colegio","description":"P\u00e1gina oficial Salesianos Palma del R\u00edo","potentialAction":[{"@type":"SearchAction","target":{"@type":"EntryPoint","urlTemplate":"https:\/\/palmadelrio.salesianos.edu\/colegio\/?s={search_term_string}"},"query-input":{"@type":"PropertyValueSpecification","valueRequired":true,"valueName":"search_term_string"}}],"inLanguage":"es"}]}},"_links":{"self":[{"href":"https:\/\/palmadelrio.salesianos.edu\/colegio\/wp-json\/wp\/v2\/pages\/4680","targetHints":{"allow":["GET"]}}],"collection":[{"href":"https:\/\/palmadelrio.salesianos.edu\/colegio\/wp-json\/wp\/v2\/pages"}],"about":[{"href":"https:\/\/palmadelrio.salesianos.edu\/colegio\/wp-json\/wp\/v2\/types\/page"}],"author":[{"embeddable":true,"href":"https:\/\/palmadelrio.salesianos.edu\/colegio\/wp-json\/wp\/v2\/users\/2"}],"replies":[{"embeddable":true,"href":"https:\/\/palmadelrio.salesianos.edu\/colegio\/wp-json\/wp\/v2\/comments?post=4680"}],"version-history":[{"count":5,"href":"https:\/\/palmadelrio.salesianos.edu\/colegio\/wp-json\/wp\/v2\/pages\/4680\/revisions"}],"predecessor-version":[{"id":6131,"href":"https:\/\/palmadelrio.salesianos.edu\/colegio\/wp-json\/wp\/v2\/pages\/4680\/revisions\/6131"}],"wp:attachment":[{"href":"https:\/\/palmadelrio.salesianos.edu\/colegio\/wp-json\/wp\/v2\/media?parent=4680"}],"curies":[{"name":"wp","href":"https:\/\/api.w.org\/{rel}","templated":true}]}}