{"id":4681,"date":"2017-10-18T19:40:43","date_gmt":"2017-10-18T18:40:43","guid":{"rendered":"https:\/\/palmadelrio.salesianos.edu\/colegio\/instalaciones-electricas-y-automaticas\/"},"modified":"2024-06-18T08:26:18","modified_gmt":"2024-06-18T07:26:18","slug":"instalaciones-electricas-y-automaticas","status":"publish","type":"page","link":"https:\/\/palmadelrio.salesianos.edu\/colegio\/instalaciones-electricas-y-automaticas\/","title":{"rendered":"Instalaciones El\u00e9ctricas y Autom\u00e1ticas"},"content":{"rendered":"<div id=\"fb-root\"><\/div>\n<p>[et_pb_section fb_built=\u00bb1&#8243; fullwidth=\u00bbon\u00bb _builder_version=\u00bb4.16&#8243; global_colors_info=\u00bb{}\u00bb][et_pb_fullwidth_header title=\u00bbInstalaciones El\u00e9ctricas y Autom\u00e1ticas\u00bb content_max_width=\u00bbnone\u00bb module_class=\u00bbpagina-imagen-cabecera\u00bb _builder_version=\u00bb4.16&#8243; background_color=\u00bbrgba(255, 255, 255, 0)\u00bb background_image=\u00bbhttps:\/\/palmadelrio.salesianos.edu\/wp-content\/uploads\/2017\/09\/fondo.jpg\u00bb background_layout=\u00bblight\u00bb global_colors_info=\u00bb{}\u00bb button_one_text_size__hover_enabled=\u00bboff\u00bb button_two_text_size__hover_enabled=\u00bboff\u00bb button_one_text_color__hover_enabled=\u00bboff\u00bb button_two_text_color__hover_enabled=\u00bboff\u00bb button_one_border_width__hover_enabled=\u00bboff\u00bb button_two_border_width__hover_enabled=\u00bboff\u00bb button_one_border_color__hover_enabled=\u00bboff\u00bb button_two_border_color__hover_enabled=\u00bboff\u00bb button_one_border_radius__hover_enabled=\u00bboff\u00bb button_two_border_radius__hover_enabled=\u00bboff\u00bb button_one_letter_spacing__hover_enabled=\u00bboff\u00bb button_two_letter_spacing__hover_enabled=\u00bboff\u00bb button_one_bg_color__hover_enabled=\u00bboff\u00bb button_two_bg_color__hover_enabled=\u00bboff\u00bb][\/et_pb_fullwidth_header][\/et_pb_section][et_pb_section fb_built=\u00bb1&#8243; admin_label=\u00bbsection\u00bb _builder_version=\u00bb4.16&#8243; global_colors_info=\u00bb{}\u00bb][et_pb_row admin_label=\u00bbrow\u00bb _builder_version=\u00bb4.16&#8243; background_size=\u00bbinitial\u00bb background_position=\u00bbtop_left\u00bb background_repeat=\u00bbrepeat\u00bb global_colors_info=\u00bb{}\u00bb][et_pb_column type=\u00bb4_4&#8243; _builder_version=\u00bb4.16&#8243; custom_padding=\u00bb|||\u00bb global_colors_info=\u00bb{}\u00bb custom_padding__hover=\u00bb|||\u00bb][et_pb_text _builder_version=\u00bb4.25.1&#8243; module_alignment=\u00bbleft\u00bb border_style=\u00bbsolid\u00bb global_colors_info=\u00bb{}\u00bb]<\/p>\n<h2>Descripci\u00f3n del ciclo<\/h2>\n<p style=\"text-align: justify;\">El\u00a0ciclo formativo de grado medio en Instalaciones El\u00e9ctricas y Autom\u00e1ticas\u00a0pertenece a la familia profesional de Electricidad y Electr\u00f3nica, y consta de 2.000 horas, repartidas en dos cursos escolares.<\/p>\n<p style=\"text-align: justify;\">Con estos estudios aprender\u00e1s a analizar planos y esquemas, para posteriormente identificar los materiales necesarios y procedimientos a realizar para el montaje y mantenimiento; a delinear esquemas de los circuitos y croquis o planos empleando medios y t\u00e9cnicas de dibujo y representaci\u00f3n simb\u00f3lica normalizada. Tambi\u00e9n aprender\u00e1s a calcular las dimensiones f\u00edsicas y el\u00e9ctricas de los elementos de las instalaciones y equipos; a elaborar presupuestos del montaje o mantenimiento; a seleccionar el utillaje, herramientas, equipos y medios de montaje y de seguridad, analizando las condiciones de obra y considerando las operaciones que se deben llevar a cabo.<\/p>\n<p style=\"text-align: justify;\">Tambi\u00e9n te ense\u00f1ar\u00e1n a montar los componentes de redes de distribuci\u00f3n de baja tensi\u00f3n y elementos auxiliares, equipos y canalizaciones asociados a las instalaciones el\u00e9ctricas y automatizadas, solares fotovoltaicas e infraestructuras de telecomunicaciones en edificios; a instalar y mantener m\u00e1quinas el\u00e9ctricas. Tambi\u00e9n te ense\u00f1ar\u00e1n a mantener y reparar instalaciones y equipos realizando las operaciones de comprobaci\u00f3n, ajuste y sustituci\u00f3n de sus elementos, y restituyendo su funcionamiento en condiciones de calidad, seguridad y respeto al medio ambiente, rotativas y est\u00e1ticas. Todo ello sin olvidar la seguridad y el respeto al medio ambiente.<\/p>\n<p style=\"text-align: justify;\">La formaci\u00f3n establecida en el conjunto de m\u00f3dulos profesionales del t\u00edtulo garantiza el nivel de conocimiento exigido en el carn\u00e9 de instalador autorizado en baja tensi\u00f3n, tanto en la categor\u00eda b\u00e1sica como en la de especialista.<\/p>\n<p style=\"text-align: justify;\">Este Ciclo Formativo, en nuestro centro, oferta la posibilidad de cursarlo en la\u00a0<strong>modalidad de F.P. DUAL<\/strong>\u00a0junto a la modalidad presencial convencional.<\/p>\n<h2>Tr\u00edptico Informativo<\/h2>\n<p>Puedes descargarte el tr\u00edptico informativo de Instalaciones El\u00e9ctricas y Autom\u00e1ticas haciendo click <a href=\"https:\/\/palmadelrio.salesianos.edu\/colegio\/wp-content\/uploads\/sites\/2\/2024\/05\/triptico-IEA-24-v02.pdf\" target=\"_blank\" rel=\"noopener\">aqu\u00ed<\/a>.<\/p>\n<p>[\/et_pb_text][et_pb_gallery gallery_ids=\u00bb4934,4935,4936,4937,4938,4939,4940,4941,4942,4943,4944,4945,4946&#8243; show_title_and_caption=\u00bboff\u00bb _builder_version=\u00bb4.16&#8243; pagination_font_size_tablet=\u00bb51&#8243; pagination_line_height_tablet=\u00bb2&#8243; global_colors_info=\u00bb{}\u00bb][\/et_pb_gallery][et_pb_text _builder_version=\u00bb4.16&#8243; module_alignment=\u00bbleft\u00bb border_style=\u00bbsolid\u00bb global_colors_info=\u00bb{}\u00bb]<\/p>\n<h2>Plan de Estudios<\/h2>\n<p>[\/et_pb_text][et_pb_tabs _builder_version=\u00bb4.16&#8243; border_style=\u00bbsolid\u00bb global_colors_info=\u00bb{}\u00bb][et_pb_tab title=\u00bbPrimer Curso\u00bb _builder_version=\u00bb4.16&#8243; body_font=\u00bb||||\u00bb body_line_height=\u00bb2em\u00bb tab_font=\u00bb||||\u00bb tab_line_height=\u00bb2em\u00bb background_size=\u00bbinitial\u00bb background_position=\u00bbtop_left\u00bb background_repeat=\u00bbrepeat\u00bb body_line_height_tablet=\u00bb2em\u00bb body_line_height_phone=\u00bb2em\u00bb tab_line_height_tablet=\u00bb2em\u00bb tab_line_height_phone=\u00bb2em\u00bb global_colors_info=\u00bb{}\u00bb]<\/p>\n<table>\n<tbody>\n<tr>\n<td width=\"60%\"><strong>M\u00d3DULO<\/strong><\/td>\n<td width=\"20%\"><strong>HORAS TOTALES<\/strong><\/td>\n<td width=\"20%\"><strong>HORAS SEMANALES<\/strong><\/td>\n<\/tr>\n<tr>\n<td>Automatismos industriales<\/td>\n<td>288<\/td>\n<td>9<\/td>\n<\/tr>\n<tr>\n<td>Electr\u00f3nica<\/td>\n<td>96<\/td>\n<td>3<\/td>\n<\/tr>\n<tr>\n<td>Electrotecnia<\/td>\n<td>192<\/td>\n<td>6<\/td>\n<\/tr>\n<tr>\n<td>Instalaciones el\u00e9ctricas interiores<\/td>\n<td>288<\/td>\n<td>9<\/td>\n<\/tr>\n<tr>\n<td>Formaci\u00f3n y orientaci\u00f3n laboral<\/td>\n<td>96<\/td>\n<td>3<\/td>\n<\/tr>\n<tr>\n<td><strong>TOTALES<\/strong><\/td>\n<td><strong>960<\/strong><\/td>\n<td><strong>30<\/strong><\/td>\n<\/tr>\n<\/tbody>\n<\/table>\n<p>[\/et_pb_tab][et_pb_tab title=\u00bbSegundo curso\u00bb _builder_version=\u00bb4.16&#8243; body_font=\u00bb||||\u00bb body_line_height=\u00bb2em\u00bb tab_font=\u00bb||||\u00bb tab_line_height=\u00bb2em\u00bb background_size=\u00bbinitial\u00bb background_position=\u00bbtop_left\u00bb background_repeat=\u00bbrepeat\u00bb body_line_height_tablet=\u00bb2em\u00bb body_line_height_phone=\u00bb2em\u00bb tab_line_height_tablet=\u00bb2em\u00bb tab_line_height_phone=\u00bb2em\u00bb global_colors_info=\u00bb{}\u00bb]<\/p>\n<table>\n<tbody>\n<tr>\n<td width=\"60%\"><strong>M\u00d3DULO<\/strong><\/td>\n<td width=\"20%\"><strong>HORAS TOTALES<\/strong><\/td>\n<td width=\"20%\"><strong>HORAS SEMANALES<\/strong><\/td>\n<\/tr>\n<tr>\n<td>Instalaciones de distribuci\u00f3n<\/td>\n<td>126<\/td>\n<td>6<\/td>\n<\/tr>\n<tr>\n<td>Infraestructuras comunes de telecomunicaci\u00f3n en viviendas y edificios<\/td>\n<td>105<\/td>\n<td>5<\/td>\n<\/tr>\n<tr>\n<td>Instalaciones dom\u00f3ticas<\/td>\n<td>105<\/td>\n<td>5<\/td>\n<\/tr>\n<tr>\n<td>Instalaciones solares fotovoltaicas<\/td>\n<td>42<\/td>\n<td>2<\/td>\n<\/tr>\n<tr>\n<td>M\u00e1quinas\u00a0el\u00e9ctricas<\/td>\n<td>105<\/td>\n<td>5<\/td>\n<\/tr>\n<tr>\n<td>Empresa e iniciativa emprendedora<\/td>\n<td>84<\/td>\n<td>4<\/td>\n<\/tr>\n<tr>\n<td>Formaci\u00f3n en centros de trabajo<\/td>\n<td>410<\/td>\n<td><\/td>\n<\/tr>\n<tr>\n<td>Horas de libre configuraci\u00f3n<\/td>\n<td>63<\/td>\n<td>3<\/td>\n<\/tr>\n<tr>\n<td><strong>TOTALES<\/strong><\/td>\n<td><strong>1040<\/strong><\/td>\n<td><strong>30<\/strong><\/td>\n<\/tr>\n<\/tbody>\n<\/table>\n<p>[\/et_pb_tab][\/et_pb_tabs][\/et_pb_column][\/et_pb_row][et_pb_row _builder_version=\u00bb4.16&#8243; background_size=\u00bbinitial\u00bb background_position=\u00bbtop_left\u00bb background_repeat=\u00bbrepeat\u00bb global_colors_info=\u00bb{}\u00bb][et_pb_column type=\u00bb4_4&#8243; _builder_version=\u00bb4.16&#8243; custom_padding=\u00bb|||\u00bb global_colors_info=\u00bb{}\u00bb custom_padding__hover=\u00bb|||\u00bb][et_pb_text _builder_version=\u00bb4.16&#8243; module_alignment=\u00bbleft\u00bb hover_enabled=\u00bb0&#8243; border_style=\u00bbsolid\u00bb global_colors_info=\u00bb{}\u00bb sticky_enabled=\u00bb0&#8243;]<\/p>\n<h2>M\u00f3dulos profesionales<\/h2>\n<p>&nbsp;<\/p>\n<h2><span style=\"color: #000000;\">Automatismos Industriales<\/span><\/h2>\n<hr \/>\n<p>[\/et_pb_text][et_pb_text _builder_version=\u00bb4.16&#8243; module_alignment=\u00bbleft\u00bb hover_enabled=\u00bb0&#8243; border_style=\u00bbsolid\u00bb global_colors_info=\u00bb{}\u00bb sticky_enabled=\u00bb0&#8243;]<\/p>\n<p>En \u00e9ste m\u00f3dulo profesional aprenderar a realizar distintos arranques de motores, puestas en marcha de instalaciones automatizadas como ascensores, puertas de garajes, sistemas de riego, etc&#8230;<\/p>\n<p>Podr\u00e1s realizar tambi\u00e9n regulaciones de velocidad de motores el\u00e9ctricos, empleando variadores de velocidad. Aprender\u00e1s a realizar e interpretar esquemas el\u00e9ctricos.<\/p>\n<p>Y por \u00faltimo y no menos importante, practicar\u00e1s programando \u00abaut\u00f3matas\u00bb de distintas firmas comerciales.<\/p>\n<p>[\/et_pb_text][\/et_pb_column][\/et_pb_row][et_pb_row _builder_version=\u00bb4.16&#8243; background_size=\u00bbinitial\u00bb background_position=\u00bbtop_left\u00bb background_repeat=\u00bbrepeat\u00bb global_colors_info=\u00bb{}\u00bb][et_pb_column type=\u00bb4_4&#8243; _builder_version=\u00bb4.16&#8243; custom_padding=\u00bb|||\u00bb global_colors_info=\u00bb{}\u00bb custom_padding__hover=\u00bb|||\u00bb][et_pb_text _builder_version=\u00bb4.16&#8243; module_alignment=\u00bbleft\u00bb border_style=\u00bbsolid\u00bb global_colors_info=\u00bb{}\u00bb]<\/p>\n<h2><span style=\"color: #000000;\">Instalaciones el\u00e9ctricas de interiores<\/span><\/h2>\n<hr \/>\n<p>[\/et_pb_text][et_pb_text _builder_version=\u00bb4.16&#8243; module_alignment=\u00bbleft\u00bb border_style=\u00bbsolid\u00bb global_colors_info=\u00bb{}\u00bb]<\/p>\n<p>\u00bfSabes cambiar un enchufe?, \u00bfsab\u00e9s instalar una luminaria con tubos fluorescente?, \u00bf y un portero autom\u00e1tico?&#8230;.<\/p>\n<p>Este m\u00f3dulo, al igual que el anterior, es de car\u00e1cter pr\u00e1ctico casi en su totalidad. Y en el aprender\u00e1 a realizar y calcular instalaciones el\u00e9ctricas de vivienda. Empezando pon un simple punto de luz, y terminando por realizar el montaje de una vivienda completa.<\/p>\n<p>[\/et_pb_text][\/et_pb_column][\/et_pb_row][et_pb_row _builder_version=\u00bb4.16&#8243; background_size=\u00bbinitial\u00bb background_position=\u00bbtop_left\u00bb background_repeat=\u00bbrepeat\u00bb global_colors_info=\u00bb{}\u00bb][et_pb_column type=\u00bb4_4&#8243; _builder_version=\u00bb4.16&#8243; custom_padding=\u00bb|||\u00bb global_colors_info=\u00bb{}\u00bb custom_padding__hover=\u00bb|||\u00bb][et_pb_text _builder_version=\u00bb4.16&#8243; module_alignment=\u00bbleft\u00bb border_style=\u00bbsolid\u00bb global_colors_info=\u00bb{}\u00bb]<\/p>\n<h2 id=\"cc-m-header-8738263021\" class=\"\"><span style=\"color: #000000;\"><b>Electr\u00f3nica<\/b><\/span><\/h2>\n<hr \/>\n<p>[\/et_pb_text][et_pb_text _builder_version=\u00bb4.16&#8243; module_alignment=\u00bbleft\u00bb border_style=\u00bbsolid\u00bb global_colors_info=\u00bb{}\u00bb]Electr\u00f3nica B\u00e1sica, Semiconductores, Filtros, Amplificadores Operacionales, Fuentes de Alimentaci\u00f3n, Electr\u00f3nica de Potencia, Generadores de Se\u00f1al, Electr\u00f3nica Digital&#8230;&#8230; son algunos de los contenidos en los que podr\u00e1s trabajar en la asignatura de \u00abElectr\u00f3nica\u00bb.<br \/>\n[\/et_pb_text][\/et_pb_column][\/et_pb_row][et_pb_row _builder_version=\u00bb4.16&#8243; background_size=\u00bbinitial\u00bb background_position=\u00bbtop_left\u00bb background_repeat=\u00bbrepeat\u00bb global_colors_info=\u00bb{}\u00bb][et_pb_column type=\u00bb4_4&#8243; _builder_version=\u00bb4.16&#8243; custom_padding=\u00bb|||\u00bb global_colors_info=\u00bb{}\u00bb custom_padding__hover=\u00bb|||\u00bb][et_pb_text _builder_version=\u00bb4.16&#8243; module_alignment=\u00bbleft\u00bb border_style=\u00bbsolid\u00bb global_colors_info=\u00bb{}\u00bb]<\/p>\n<h2 id=\"cc-m-header-8751210321\" class=\"\"><strong><span style=\"color: #000000;\">Sistemas de Transmisi\u00f3n y Frenado<\/span><\/strong><\/h2>\n<hr \/>\n<p>[\/et_pb_text][et_pb_text _builder_version=\u00bb4.16&#8243; module_alignment=\u00bbleft\u00bb border_style=\u00bbsolid\u00bb global_colors_info=\u00bb{}\u00bb]<\/p>\n<p>Como la mayor\u00eda de los m\u00f3dulos de este ciclo formativo, Sistemas de Transmisi\u00f3n y Frenado tambi\u00e9n es de car\u00e1cter te\u00f3rico-pr\u00e1ctico.<\/p>\n<p>Se desdobla en dos familias t\u00e9cnicas: Sistemas de transmisi\u00f3n y sistemas de frenos. En el primero se estudian los mecanismos que aplican la potencia de un motor de combusti\u00f3n interna y\/o el\u00e9ctrico al suelo, es decir, los sistemas de embrague y cajas de cambio existentes en el mercado. \u00c9stas \u00faltimas tanto manuales como autom\u00e1ticas, tan en boga actualmente.<\/p>\n<p>La segunda familia t\u00e9cnica se encarga de analizar y reparar los sitemas de frenado que se utilizan en los veh\u00edculos, desde los tambores antiguos hasta los modernos discos de freno. No solamente hay que usar el veh\u00edculo sino que tambi\u00e9n hay que frenarlo.<\/p>\n<p>[\/et_pb_text][\/et_pb_column][\/et_pb_row][et_pb_row _builder_version=\u00bb4.16&#8243; background_size=\u00bbinitial\u00bb background_position=\u00bbtop_left\u00bb background_repeat=\u00bbrepeat\u00bb global_colors_info=\u00bb{}\u00bb][et_pb_column type=\u00bb4_4&#8243; _builder_version=\u00bb4.16&#8243; custom_padding=\u00bb|||\u00bb global_colors_info=\u00bb{}\u00bb custom_padding__hover=\u00bb|||\u00bb][et_pb_text _builder_version=\u00bb4.16&#8243; module_alignment=\u00bbleft\u00bb border_style=\u00bbsolid\u00bb global_colors_info=\u00bb{}\u00bb]<\/p>\n<h2 id=\"cc-m-header-8751213121\" class=\"\"><span style=\"color: #000000;\"><b>Electrotecnia<\/b><\/span><\/h2>\n<hr \/>\n<p>[\/et_pb_text][et_pb_text _builder_version=\u00bb4.16&#8243; module_alignment=\u00bbleft\u00bb border_style=\u00bbsolid\u00bb global_colors_info=\u00bb{}\u00bb]<\/p>\n<p>En este m\u00f3dulo se imparten los conceptos b\u00e1sicos, los fenom\u00e9nos f\u00edsicos y las Leyes Fundamentales que rigen la Electricidad.<\/p>\n<p>Se profundizar\u00e1 en temas tales como Corriente Continua, Electromagnetismo, Corriente Alterna Trif\u00e1sica, Sistemas Trif\u00e1sicos, M\u00e1quinas de Corriente Continua, M\u00e1quinas Rotativas de Corriente Alterna&#8230;<\/p>\n<p>[\/et_pb_text][\/et_pb_column][\/et_pb_row][et_pb_row _builder_version=\u00bb4.16&#8243; background_size=\u00bbinitial\u00bb background_position=\u00bbtop_left\u00bb background_repeat=\u00bbrepeat\u00bb global_colors_info=\u00bb{}\u00bb][et_pb_column type=\u00bb4_4&#8243; _builder_version=\u00bb4.16&#8243; custom_padding=\u00bb|||\u00bb global_colors_info=\u00bb{}\u00bb custom_padding__hover=\u00bb|||\u00bb][et_pb_text _builder_version=\u00bb4.16&#8243; module_alignment=\u00bbleft\u00bb border_style=\u00bbsolid\u00bb global_colors_info=\u00bb{}\u00bb]<\/p>\n<h2 id=\"cc-m-header-8751210321\" class=\"\"><span style=\"color: #000000;\"><b>Circuitos el\u00e9ctricos auxiliares del veh\u00edculo<\/b><\/span><\/h2>\n<hr \/>\n<p>[\/et_pb_text][et_pb_text _builder_version=\u00bb4.16&#8243; module_alignment=\u00bbleft\u00bb border_style=\u00bbsolid\u00bb global_colors_info=\u00bb{}\u00bb]<\/p>\n<p>Sin duda es interesante y necesario conocer la simbolog\u00eda m\u00e1s empleada en la electricidad-electr\u00f3nica del autom\u00f3vil, as\u00ed como los esquemas el\u00e9ctricos y electr\u00f3nicos b\u00e1sicos de diferentes marcas de autom\u00f3viles.<\/p>\n<p>Aprender\u00e1s\u00a0c\u00f3mo funciona el sistema de alumbrado y se\u00f1alizaci\u00f3n del veh\u00edculo, as\u00ed como el sistema de se\u00f1alizaci\u00f3n ac\u00fastico y cuadro de instrumentos, los diferentes circuitos auxiliares como pueden ser retrovisores t\u00e9rmicos y el\u00e9ctricos, limpiaparabrisas, elevalunas el\u00e9ctricos, luneta t\u00e9rmica&#8230;\u00a0Y por si esto te resulta insuficiente, debes saber que todo lo anterior est\u00e1 interconectado como si del\u00a0\u201csistema nervioso\u201d del autom\u00f3vil se tratara\u2026 Conoceremos este sistema de interconexi\u00f3n.<\/p>\n<p>Este m\u00f3dulo cuenta con parte te\u00f3rica en el aula y con parte pr\u00e1ctica donde se montan en paneles espec\u00edficos diferentes sistemas y circuitos auxiliares del veh\u00edculo.<\/p>\n<p>[\/et_pb_text][\/et_pb_column][\/et_pb_row][et_pb_row _builder_version=\u00bb4.16&#8243; background_size=\u00bbinitial\u00bb background_position=\u00bbtop_left\u00bb background_repeat=\u00bbrepeat\u00bb global_colors_info=\u00bb{}\u00bb][et_pb_column type=\u00bb4_4&#8243; _builder_version=\u00bb4.16&#8243; custom_padding=\u00bb|||\u00bb global_colors_info=\u00bb{}\u00bb custom_padding__hover=\u00bb|||\u00bb][et_pb_text _builder_version=\u00bb4.16&#8243; module_alignment=\u00bbleft\u00bb border_style=\u00bbsolid\u00bb global_colors_info=\u00bb{}\u00bb]<\/p>\n<h2 id=\"cc-m-header-8751213121\" class=\"\"><strong><span style=\"color: #000000;\">Instalaciones de distribuci\u00f3n<\/span><\/strong><\/h2>\n<hr \/>\n<p>[\/et_pb_text][et_pb_text _builder_version=\u00bb4.16&#8243; module_alignment=\u00bbleft\u00bb border_style=\u00bbsolid\u00bb global_colors_info=\u00bb{}\u00bb]<\/p>\n<p>\u00bfC\u00f3mo llega la electricidad a tu casa?, \u00bfpor donde se transporta la electricidad?, \u00bfqu\u00e9 es un centro de transformaci\u00f3n?&#8230; Estas preguntas tienen respuesta en el m\u00f3dulo de Instalaciones de Distribuci\u00f3n.<\/p>\n<p>Algunos de los temas tratados son:<\/p>\n<ul>\n<li>Configuraci\u00f3n de Centros de Transformaci\u00f3n.<\/li>\n<li>Configuraci\u00f3n de redes de Distribuci\u00f3n de Baja Tensi\u00f3n.<\/li>\n<li>Configuraci\u00f3n de Instalaciones de Enlace.<\/li>\n<li>Operaciones de montaje y mantenimiento\u00a0en Centros de Transformaci\u00f3n, en\u00a0redes a\u00e9reas, subterr\u00e1neas y de enlace.<\/li>\n<\/ul>\n<p>[\/et_pb_text][\/et_pb_column][\/et_pb_row][et_pb_row _builder_version=\u00bb4.16&#8243; background_size=\u00bbinitial\u00bb background_position=\u00bbtop_left\u00bb background_repeat=\u00bbrepeat\u00bb global_colors_info=\u00bb{}\u00bb][et_pb_column type=\u00bb4_4&#8243; _builder_version=\u00bb4.16&#8243; custom_padding=\u00bb|||\u00bb global_colors_info=\u00bb{}\u00bb custom_padding__hover=\u00bb|||\u00bb][et_pb_text _builder_version=\u00bb4.16&#8243; module_alignment=\u00bbleft\u00bb border_style=\u00bbsolid\u00bb global_colors_info=\u00bb{}\u00bb]<\/p>\n<h2 id=\"cc-m-header-8751213121\" class=\"\"><span style=\"color: #000000;\"><b>Infraestructuras comunes de telecomunicaciones en edificios<\/b><\/span><\/h2>\n<hr \/>\n<p>[\/et_pb_text][et_pb_text _builder_version=\u00bb4.16&#8243; module_alignment=\u00bbleft\u00bb border_style=\u00bbsolid\u00bb global_colors_info=\u00bb{}\u00bb]Instalaciones de televisi\u00f3n, televisi\u00f3n digital, alarmas contra robos, alarmas de incendio, telefon\u00eda, hilo musical, redes de Internet, etc.. son algunos de los temas que recibir\u00e1s en \u00e9sta materia. Y no s\u00f3lo en teor\u00eda, por supuesto \u00a0pondr\u00e1s en pr\u00e1ctica todo lo aprendido.<br \/>\n[\/et_pb_text][\/et_pb_column][\/et_pb_row][et_pb_row _builder_version=\u00bb4.16&#8243; background_size=\u00bbinitial\u00bb background_position=\u00bbtop_left\u00bb background_repeat=\u00bbrepeat\u00bb global_colors_info=\u00bb{}\u00bb][et_pb_column type=\u00bb4_4&#8243; _builder_version=\u00bb4.16&#8243; custom_padding=\u00bb|||\u00bb global_colors_info=\u00bb{}\u00bb custom_padding__hover=\u00bb|||\u00bb][et_pb_text _builder_version=\u00bb4.16&#8243; module_alignment=\u00bbleft\u00bb border_style=\u00bbsolid\u00bb global_colors_info=\u00bb{}\u00bb]<\/p>\n<h2 id=\"cc-m-header-8751213121\" class=\"\"><span style=\"color: #000000;\"><b>Instalaciones solares fotovoltaicas<\/b><\/span><\/h2>\n<hr \/>\n<p>[\/et_pb_text][et_pb_text _builder_version=\u00bb4.16&#8243; module_alignment=\u00bbleft\u00bb border_style=\u00bbsolid\u00bb global_colors_info=\u00bb{}\u00bb]Como su nombre indica , en esta asignatura aprender\u00e1s todo lo necesario para calcular y montar una instalaci\u00f3n de generaci\u00f3n de energ\u00eda el\u00e9ctrica mediante placas solares fotovoltaicas.<br \/>\n[\/et_pb_text][\/et_pb_column][\/et_pb_row][et_pb_row _builder_version=\u00bb4.16&#8243; background_size=\u00bbinitial\u00bb background_position=\u00bbtop_left\u00bb background_repeat=\u00bbrepeat\u00bb global_colors_info=\u00bb{}\u00bb][et_pb_column type=\u00bb4_4&#8243; _builder_version=\u00bb4.16&#8243; custom_padding=\u00bb|||\u00bb global_colors_info=\u00bb{}\u00bb custom_padding__hover=\u00bb|||\u00bb][et_pb_text _builder_version=\u00bb4.16&#8243; module_alignment=\u00bbleft\u00bb border_style=\u00bbsolid\u00bb global_colors_info=\u00bb{}\u00bb]<\/p>\n<h2 id=\"cc-m-header-8751213121\" class=\"\"><span style=\"color: #000000;\"><b>M\u00e1quinas el\u00e9ctricas<\/b><\/span><\/h2>\n<hr \/>\n<p>[\/et_pb_text][et_pb_text _builder_version=\u00bb4.16&#8243; module_alignment=\u00bbleft\u00bb border_style=\u00bbsolid\u00bb global_colors_info=\u00bb{}\u00bb]<\/p>\n<p>\u00bfQu\u00e9 es un transformador?, \u00bfpara qu\u00e9 se utiliza?, \u00bfc\u00f3mo se dise\u00f1a un transformador?. Una vez que tengas claro estos conceptos calcular\u00e1s y construir\u00e1s tu pr\u00f3pio transformador.<\/p>\n<p>\u00bfC\u00f3mo funciona un motor el\u00e9ctricos?, \u00bfqu\u00e9 caracter\u00edsticas fundamentales tiene un motor el\u00e9ctrico?, \u00bf c\u00f3mo se repara un motor?. \u00bfTe atreves a bobinar un motor?. \u00bfTe atreves a poner en funcionamiento un motor bobinado con tus propias manos?.<\/p>\n<p>[\/et_pb_text][\/et_pb_column][\/et_pb_row][et_pb_row _builder_version=\u00bb4.16&#8243; background_size=\u00bbinitial\u00bb background_position=\u00bbtop_left\u00bb background_repeat=\u00bbrepeat\u00bb global_colors_info=\u00bb{}\u00bb][et_pb_column type=\u00bb4_4&#8243; _builder_version=\u00bb4.16&#8243; custom_padding=\u00bb|||\u00bb global_colors_info=\u00bb{}\u00bb custom_padding__hover=\u00bb|||\u00bb][et_pb_text _builder_version=\u00bb4.16&#8243; module_alignment=\u00bbleft\u00bb border_style=\u00bbsolid\u00bb global_colors_info=\u00bb{}\u00bb]<\/p>\n<h2 id=\"cc-m-header-8751213121\" class=\"\"><strong><span style=\"color: #000000;\">Empresa e iniciativa emprendedora<\/span><\/strong><\/h2>\n<hr \/>\n<p>[\/et_pb_text][et_pb_text _builder_version=\u00bb4.16&#8243; module_alignment=\u00bbleft\u00bb border_style=\u00bbsolid\u00bb global_colors_info=\u00bb{}\u00bb]<\/p>\n<p>El nombre de este m\u00f3dulo explica perfectamente que es lo que tratamos aqu\u00ed. Se trata, sobre todo, de fomentar la cultura emprendedora. Para ello trabajar\u00e9is en una idea empresarial, relacionada con este sector, elaborar el proyecto y ponerlo en pr\u00e1ctica como si de una realidad se tratara. Se empieza desde los primeros pasos de creatividad hasta las cuentas financieras para su puesta en marcha.<\/p>\n<p>Para llevar a cabo dicho proyecto cont\u00e1is con aulas de teor\u00eda y aulas de inform\u00e1tica perfectamente equipadas con todo el material ofim\u00e1tico necesario.<\/p>\n<p>[\/et_pb_text][\/et_pb_column][\/et_pb_row][et_pb_row _builder_version=\u00bb4.16&#8243; background_size=\u00bbinitial\u00bb background_position=\u00bbtop_left\u00bb background_repeat=\u00bbrepeat\u00bb global_colors_info=\u00bb{}\u00bb][et_pb_column type=\u00bb4_4&#8243; _builder_version=\u00bb4.16&#8243; custom_padding=\u00bb|||\u00bb global_colors_info=\u00bb{}\u00bb custom_padding__hover=\u00bb|||\u00bb][et_pb_text _builder_version=\u00bb4.16&#8243; module_alignment=\u00bbleft\u00bb border_style=\u00bbsolid\u00bb global_colors_info=\u00bb{}\u00bb]<\/p>\n<h2>Prepara tu futuro con nosotros<\/h2>\n<p>Si est\u00e1s interesado en estudiar este ciclo de grado medio con nosotros,\u00a0<strong>a partir de abril publicaremos toda la informaci\u00f3n al respecto<\/strong>. S\u00edguenos en nuestras\u00a0<strong>redes sociales<\/strong>\u00a0y te avisaremos cuando se abra el\u00a0<strong>proceso de pre-inscripci\u00f3n y matr\u00edcula<\/strong><\/p>\n<p>[\/et_pb_text][\/et_pb_column][\/et_pb_row][et_pb_row column_structure=\u00bb1_2,1_2&#8243; _builder_version=\u00bb4.16&#8243; background_size=\u00bbinitial\u00bb background_position=\u00bbtop_left\u00bb background_repeat=\u00bbrepeat\u00bb global_colors_info=\u00bb{}\u00bb][et_pb_column type=\u00bb1_2&#8243; _builder_version=\u00bb4.16&#8243; custom_padding=\u00bb|||\u00bb global_colors_info=\u00bb{}\u00bb custom_padding__hover=\u00bb|||\u00bb][et_pb_cta title=\u00bbSalidas profesionales\u00bb admin_label=\u00bb\u00bfPara qu\u00e9 me preparo?\u00bb _builder_version=\u00bb4.16&#8243; header_font=\u00bbAmatic SC||||\u00bb header_text_color=\u00bb#ffffff\u00bb header_font_size=\u00bb48&#8243; body_font=\u00bbAmatic SC||||\u00bb body_text_color=\u00bb#ffffff\u00bb body_font_size=\u00bb16&#8243; background_image=\u00bbhttps:\/\/palmadelrio.salesianos.edu\/wp-content\/uploads\/2017\/09\/fondo.jpg\u00bb custom_button=\u00bbon\u00bb button_text_size=\u00bb42&#8243; button_text_color=\u00bb#ffffff\u00bb button_border_width=\u00bb0&#8243; button_font=\u00bbAmatic SC|on|||\u00bb button_use_icon=\u00bboff\u00bb text_orientation=\u00bbleft\u00bb border_style=\u00bbsolid\u00bb saved_tabs=\u00bball\u00bb global_colors_info=\u00bb{}\u00bb button_text_size__hover_enabled=\u00bboff\u00bb button_one_text_size__hover_enabled=\u00bboff\u00bb button_two_text_size__hover_enabled=\u00bboff\u00bb button_text_color__hover_enabled=\u00bboff\u00bb button_one_text_color__hover_enabled=\u00bboff\u00bb button_two_text_color__hover_enabled=\u00bboff\u00bb button_border_width__hover_enabled=\u00bboff\u00bb button_one_border_width__hover_enabled=\u00bboff\u00bb button_two_border_width__hover_enabled=\u00bboff\u00bb button_border_color__hover_enabled=\u00bboff\u00bb button_one_border_color__hover_enabled=\u00bboff\u00bb button_two_border_color__hover_enabled=\u00bboff\u00bb button_border_radius__hover_enabled=\u00bboff\u00bb button_one_border_radius__hover_enabled=\u00bboff\u00bb button_two_border_radius__hover_enabled=\u00bboff\u00bb button_letter_spacing__hover_enabled=\u00bboff\u00bb button_one_letter_spacing__hover_enabled=\u00bboff\u00bb button_two_letter_spacing__hover_enabled=\u00bboff\u00bb button_bg_color__hover_enabled=\u00bboff\u00bb button_one_bg_color__hover_enabled=\u00bboff\u00bb button_two_bg_color__hover_enabled=\u00bboff\u00bb]<\/p>\n<ul>\n<li>Instalador-mantenedor electricista.<\/li>\n<li>Electricista de construcci\u00f3n.<\/li>\n<li>Electricista industrial.<\/li>\n<li>Electricista de mantenimiento.<\/li>\n<li>Instalador-mantenedor de sistemas dom\u00f3ticos.<\/li>\n<li>Instalador-mantenedor de antenas.<\/li>\n<li>Instalador de telecomunicaciones en edificios de viviendas.<\/li>\n<li>Instalador-mantenedor de equipos e instalaciones telef\u00f3nicas.<\/li>\n<li>Montador de instalaciones de energ\u00eda solar fotovoltaica<\/li>\n<\/ul>\n<p>[\/et_pb_cta][\/et_pb_column][et_pb_column type=\u00bb1_2&#8243; _builder_version=\u00bb4.16&#8243; custom_padding=\u00bb|||\u00bb global_colors_info=\u00bb{}\u00bb custom_padding__hover=\u00bb|||\u00bb][et_pb_cta title=\u00bb\u00bfY qu\u00e9 puedo seguir estudiando?\u00bb admin_label=\u00bb\u00bfY qu\u00e9 puedo seguir estudiando?\u00bb _builder_version=\u00bb4.16&#8243; header_font=\u00bbAmatic SC||||\u00bb header_text_color=\u00bb#ffffff\u00bb header_font_size=\u00bb48&#8243; body_font=\u00bbAmatic SC||||\u00bb body_text_color=\u00bb#ffffff\u00bb body_font_size=\u00bb16&#8243; background_image=\u00bbhttps:\/\/palmadelrio.salesianos.edu\/wp-content\/uploads\/2017\/09\/fondo.jpg\u00bb custom_button=\u00bbon\u00bb button_text_size=\u00bb42&#8243; button_text_color=\u00bb#ffffff\u00bb button_border_width=\u00bb0&#8243; button_font=\u00bbAmatic SC|on|||\u00bb button_use_icon=\u00bboff\u00bb text_orientation=\u00bbleft\u00bb border_style=\u00bbsolid\u00bb saved_tabs=\u00bball\u00bb global_colors_info=\u00bb{}\u00bb button_text_size__hover_enabled=\u00bboff\u00bb button_one_text_size__hover_enabled=\u00bboff\u00bb button_two_text_size__hover_enabled=\u00bboff\u00bb button_text_color__hover_enabled=\u00bboff\u00bb button_one_text_color__hover_enabled=\u00bboff\u00bb button_two_text_color__hover_enabled=\u00bboff\u00bb button_border_width__hover_enabled=\u00bboff\u00bb button_one_border_width__hover_enabled=\u00bboff\u00bb button_two_border_width__hover_enabled=\u00bboff\u00bb button_border_color__hover_enabled=\u00bboff\u00bb button_one_border_color__hover_enabled=\u00bboff\u00bb button_two_border_color__hover_enabled=\u00bboff\u00bb button_border_radius__hover_enabled=\u00bboff\u00bb button_one_border_radius__hover_enabled=\u00bboff\u00bb button_two_border_radius__hover_enabled=\u00bboff\u00bb button_letter_spacing__hover_enabled=\u00bboff\u00bb button_one_letter_spacing__hover_enabled=\u00bboff\u00bb button_two_letter_spacing__hover_enabled=\u00bboff\u00bb button_bg_color__hover_enabled=\u00bboff\u00bb button_one_bg_color__hover_enabled=\u00bboff\u00bb button_two_bg_color__hover_enabled=\u00bboff\u00bb]<\/p>\n<p>Bachillerato y estudios universitarios.<\/p>\n<p>Ciclo formativo de grado medio o superior\u00a0de la misma familia profesional o de otras relacionadas:<\/p>\n<ul>\n<li>T\u00e9cnico en instalaciones de telecomunicaciones<\/li>\n<li>T\u00e9cnico en equipos electr\u00f3nicos de consumo<\/li>\n<li>T\u00e9cnico superior en Mantenimiento electr\u00f3nico<\/li>\n<li>T\u00e9cnico superior en instalaciones electrot\u00e9cnicas<\/li>\n<li>T\u00e9cnico superior en Sistemas electrot\u00e9cnicos y automatizados<\/li>\n<li>T\u00e9cnico superior en Automatizaci\u00f3n y rob\u00f3tica industrial<\/li>\n<li>T\u00e9cnico superior en sistemas de telecomunicaciones e inform\u00e1ticos<\/li>\n<\/ul>\n<p>[\/et_pb_cta][\/et_pb_column][\/et_pb_row][et_pb_row column_structure=\u00bb1_4,1_2,1_4&#8243; _builder_version=\u00bb4.16&#8243; background_size=\u00bbinitial\u00bb background_position=\u00bbtop_left\u00bb background_repeat=\u00bbrepeat\u00bb global_colors_info=\u00bb{}\u00bb][et_pb_column type=\u00bb1_4&#8243; _builder_version=\u00bb4.16&#8243; background_position=\u00bbtop_left\u00bb custom_padding=\u00bb|||\u00bb global_colors_info=\u00bb{}\u00bb custom_padding__hover=\u00bb|||\u00bb][\/et_pb_column][et_pb_column type=\u00bb1_2&#8243; _builder_version=\u00bb4.16&#8243; background_position=\u00bbtop_left\u00bb custom_padding=\u00bb|||\u00bb global_colors_info=\u00bb{}\u00bb custom_padding__hover=\u00bb|||\u00bb][et_pb_cta title=\u00bbEmpresas colaboradoras\u00bb admin_label=\u00bbEmpresas colaboradoras\u00bb _builder_version=\u00bb4.16&#8243; header_font=\u00bbAmatic SC||||\u00bb header_text_color=\u00bb#ffffff\u00bb header_font_size=\u00bb48&#8243; body_font=\u00bbAmatic SC||||\u00bb body_text_color=\u00bb#ffffff\u00bb body_font_size=\u00bb16&#8243; background_color=\u00bb#7cda24&#8243; custom_button=\u00bbon\u00bb button_text_size=\u00bb42&#8243; button_text_color=\u00bb#ffffff\u00bb button_border_width=\u00bb0&#8243; button_font=\u00bbAmatic SC|on|||\u00bb button_use_icon=\u00bboff\u00bb text_orientation=\u00bbleft\u00bb border_style=\u00bbsolid\u00bb saved_tabs=\u00bball\u00bb global_colors_info=\u00bb{}\u00bb button_text_size__hover_enabled=\u00bboff\u00bb button_one_text_size__hover_enabled=\u00bboff\u00bb button_two_text_size__hover_enabled=\u00bboff\u00bb button_text_color__hover_enabled=\u00bboff\u00bb button_one_text_color__hover_enabled=\u00bboff\u00bb button_two_text_color__hover_enabled=\u00bboff\u00bb button_border_width__hover_enabled=\u00bboff\u00bb button_one_border_width__hover_enabled=\u00bboff\u00bb button_two_border_width__hover_enabled=\u00bboff\u00bb button_border_color__hover_enabled=\u00bboff\u00bb button_one_border_color__hover_enabled=\u00bboff\u00bb button_two_border_color__hover_enabled=\u00bboff\u00bb button_border_radius__hover_enabled=\u00bboff\u00bb button_one_border_radius__hover_enabled=\u00bboff\u00bb button_two_border_radius__hover_enabled=\u00bboff\u00bb button_letter_spacing__hover_enabled=\u00bboff\u00bb button_one_letter_spacing__hover_enabled=\u00bboff\u00bb button_two_letter_spacing__hover_enabled=\u00bboff\u00bb button_bg_color__hover_enabled=\u00bboff\u00bb button_one_bg_color__hover_enabled=\u00bboff\u00bb button_two_bg_color__hover_enabled=\u00bboff\u00bb]<\/p>\n<ul>\n<li>Elisur(Palma del Rio)<\/li>\n<li>Zumos Pascual (Palma del Rio)<\/li>\n<li>Codelec\u00a0(Palma del Rio)<\/li>\n<li>ElectroLince\u00a0(Palma del Rio)<\/li>\n<li>Clitelec (Palma del Rio)<\/li>\n<li>Planta Solar Acciona\u00a0(Palma del R\u00edo)<\/li>\n<li>Cunex Cooper (C\u00f3rdoba).<\/li>\n<li>Peninsular del Lat\u00f3n (C\u00f3rdoba).<\/li>\n<\/ul>\n<p>[\/et_pb_cta][\/et_pb_column][et_pb_column type=\u00bb1_4&#8243; _builder_version=\u00bb4.16&#8243; background_position=\u00bbtop_left\u00bb custom_padding=\u00bb|||\u00bb global_colors_info=\u00bb{}\u00bb custom_padding__hover=\u00bb|||\u00bb][\/et_pb_column][\/et_pb_row][\/et_pb_section]<\/p>\n","protected":false},"excerpt":{"rendered":"<p>Descripci\u00f3n del ciclo El\u00a0ciclo formativo de grado medio en Instalaciones El\u00e9ctricas y Autom\u00e1ticas\u00a0pertenece a la familia profesional de Electricidad y Electr\u00f3nica, y consta de 2.000 horas, repartidas en dos cursos escolares. Con estos estudios aprender\u00e1s a analizar planos y esquemas, para posteriormente identificar los materiales necesarios y procedimientos a realizar para el montaje y mantenimiento; [&hellip;]<\/p>\n","protected":false},"author":2,"featured_media":0,"parent":0,"menu_order":0,"comment_status":"closed","ping_status":"closed","template":"","meta":{"_et_pb_use_builder":"on","_et_pb_old_content":"","_et_gb_content_width":"","footnotes":""},"class_list":["post-4681","page","type-page","status-publish","hentry"],"yoast_head":"<!-- This site is optimized with the Yoast SEO plugin v28.4 - https:\/\/yoast.com\/product\/yoast-seo-wordpress\/ -->\n<title>Instalaciones El\u00e9ctricas y Autom\u00e1ticas - Colegio<\/title>\n<meta name=\"robots\" content=\"index, follow, max-snippet:-1, max-image-preview:large, max-video-preview:-1\" \/>\n<link rel=\"canonical\" href=\"https:\/\/palmadelrio.salesianos.edu\/colegio\/instalaciones-electricas-y-automaticas\/\" \/>\n<meta property=\"og:locale\" content=\"es_ES\" \/>\n<meta property=\"og:type\" content=\"article\" \/>\n<meta property=\"og:title\" content=\"Instalaciones El\u00e9ctricas y Autom\u00e1ticas - Colegio\" \/>\n<meta property=\"og:description\" content=\"Descripci\u00f3n del ciclo El\u00a0ciclo formativo de grado medio en Instalaciones El\u00e9ctricas y Autom\u00e1ticas\u00a0pertenece a la familia profesional de Electricidad y Electr\u00f3nica, y consta de 2.000 horas, repartidas en dos cursos escolares. Con estos estudios aprender\u00e1s a analizar planos y esquemas, para posteriormente identificar los materiales necesarios y procedimientos a realizar para el montaje y mantenimiento; [&hellip;]\" \/>\n<meta property=\"og:url\" content=\"https:\/\/palmadelrio.salesianos.edu\/colegio\/instalaciones-electricas-y-automaticas\/\" \/>\n<meta property=\"og:site_name\" content=\"Colegio\" \/>\n<meta property=\"article:modified_time\" content=\"2024-06-18T07:26:18+00:00\" \/>\n<meta name=\"twitter:card\" content=\"summary_large_image\" \/>\n<meta name=\"twitter:label1\" content=\"Tiempo de lectura\" \/>\n\t<meta name=\"twitter:data1\" content=\"9 minutos\" \/>\n<script type=\"application\/ld+json\" class=\"yoast-schema-graph\">{\"@context\":\"https:\\\/\\\/schema.org\",\"@graph\":[{\"@type\":\"WebPage\",\"@id\":\"https:\\\/\\\/palmadelrio.salesianos.edu\\\/colegio\\\/instalaciones-electricas-y-automaticas\\\/\",\"url\":\"https:\\\/\\\/palmadelrio.salesianos.edu\\\/colegio\\\/instalaciones-electricas-y-automaticas\\\/\",\"name\":\"Instalaciones El\u00e9ctricas y Autom\u00e1ticas - Colegio\",\"isPartOf\":{\"@id\":\"https:\\\/\\\/palmadelrio.salesianos.edu\\\/colegio\\\/#website\"},\"datePublished\":\"2017-10-18T18:40:43+00:00\",\"dateModified\":\"2024-06-18T07:26:18+00:00\",\"breadcrumb\":{\"@id\":\"https:\\\/\\\/palmadelrio.salesianos.edu\\\/colegio\\\/instalaciones-electricas-y-automaticas\\\/#breadcrumb\"},\"inLanguage\":\"es\",\"potentialAction\":[{\"@type\":\"ReadAction\",\"target\":[\"https:\\\/\\\/palmadelrio.salesianos.edu\\\/colegio\\\/instalaciones-electricas-y-automaticas\\\/\"]}]},{\"@type\":\"BreadcrumbList\",\"@id\":\"https:\\\/\\\/palmadelrio.salesianos.edu\\\/colegio\\\/instalaciones-electricas-y-automaticas\\\/#breadcrumb\",\"itemListElement\":[{\"@type\":\"ListItem\",\"position\":1,\"name\":\"Portada\",\"item\":\"https:\\\/\\\/palmadelrio.salesianos.edu\\\/colegio\\\/\"},{\"@type\":\"ListItem\",\"position\":2,\"name\":\"Instalaciones El\u00e9ctricas y Autom\u00e1ticas\"}]},{\"@type\":\"WebSite\",\"@id\":\"https:\\\/\\\/palmadelrio.salesianos.edu\\\/colegio\\\/#website\",\"url\":\"https:\\\/\\\/palmadelrio.salesianos.edu\\\/colegio\\\/\",\"name\":\"Colegio\",\"description\":\"P\u00e1gina oficial Salesianos Palma del R\u00edo\",\"potentialAction\":[{\"@type\":\"SearchAction\",\"target\":{\"@type\":\"EntryPoint\",\"urlTemplate\":\"https:\\\/\\\/palmadelrio.salesianos.edu\\\/colegio\\\/?s={search_term_string}\"},\"query-input\":{\"@type\":\"PropertyValueSpecification\",\"valueRequired\":true,\"valueName\":\"search_term_string\"}}],\"inLanguage\":\"es\"}]}<\/script>\n<!-- \/ Yoast SEO plugin. -->","yoast_head_json":{"title":"Instalaciones El\u00e9ctricas y Autom\u00e1ticas - Colegio","robots":{"index":"index","follow":"follow","max-snippet":"max-snippet:-1","max-image-preview":"max-image-preview:large","max-video-preview":"max-video-preview:-1"},"canonical":"https:\/\/palmadelrio.salesianos.edu\/colegio\/instalaciones-electricas-y-automaticas\/","og_locale":"es_ES","og_type":"article","og_title":"Instalaciones El\u00e9ctricas y Autom\u00e1ticas - Colegio","og_description":"Descripci\u00f3n del ciclo El\u00a0ciclo formativo de grado medio en Instalaciones El\u00e9ctricas y Autom\u00e1ticas\u00a0pertenece a la familia profesional de Electricidad y Electr\u00f3nica, y consta de 2.000 horas, repartidas en dos cursos escolares. Con estos estudios aprender\u00e1s a analizar planos y esquemas, para posteriormente identificar los materiales necesarios y procedimientos a realizar para el montaje y mantenimiento; [&hellip;]","og_url":"https:\/\/palmadelrio.salesianos.edu\/colegio\/instalaciones-electricas-y-automaticas\/","og_site_name":"Colegio","article_modified_time":"2024-06-18T07:26:18+00:00","twitter_card":"summary_large_image","twitter_misc":{"Tiempo de lectura":"9 minutos"},"schema":{"@context":"https:\/\/schema.org","@graph":[{"@type":"WebPage","@id":"https:\/\/palmadelrio.salesianos.edu\/colegio\/instalaciones-electricas-y-automaticas\/","url":"https:\/\/palmadelrio.salesianos.edu\/colegio\/instalaciones-electricas-y-automaticas\/","name":"Instalaciones El\u00e9ctricas y Autom\u00e1ticas - Colegio","isPartOf":{"@id":"https:\/\/palmadelrio.salesianos.edu\/colegio\/#website"},"datePublished":"2017-10-18T18:40:43+00:00","dateModified":"2024-06-18T07:26:18+00:00","breadcrumb":{"@id":"https:\/\/palmadelrio.salesianos.edu\/colegio\/instalaciones-electricas-y-automaticas\/#breadcrumb"},"inLanguage":"es","potentialAction":[{"@type":"ReadAction","target":["https:\/\/palmadelrio.salesianos.edu\/colegio\/instalaciones-electricas-y-automaticas\/"]}]},{"@type":"BreadcrumbList","@id":"https:\/\/palmadelrio.salesianos.edu\/colegio\/instalaciones-electricas-y-automaticas\/#breadcrumb","itemListElement":[{"@type":"ListItem","position":1,"name":"Portada","item":"https:\/\/palmadelrio.salesianos.edu\/colegio\/"},{"@type":"ListItem","position":2,"name":"Instalaciones El\u00e9ctricas y Autom\u00e1ticas"}]},{"@type":"WebSite","@id":"https:\/\/palmadelrio.salesianos.edu\/colegio\/#website","url":"https:\/\/palmadelrio.salesianos.edu\/colegio\/","name":"Colegio","description":"P\u00e1gina oficial Salesianos Palma del R\u00edo","potentialAction":[{"@type":"SearchAction","target":{"@type":"EntryPoint","urlTemplate":"https:\/\/palmadelrio.salesianos.edu\/colegio\/?s={search_term_string}"},"query-input":{"@type":"PropertyValueSpecification","valueRequired":true,"valueName":"search_term_string"}}],"inLanguage":"es"}]}},"_links":{"self":[{"href":"https:\/\/palmadelrio.salesianos.edu\/colegio\/wp-json\/wp\/v2\/pages\/4681","targetHints":{"allow":["GET"]}}],"collection":[{"href":"https:\/\/palmadelrio.salesianos.edu\/colegio\/wp-json\/wp\/v2\/pages"}],"about":[{"href":"https:\/\/palmadelrio.salesianos.edu\/colegio\/wp-json\/wp\/v2\/types\/page"}],"author":[{"embeddable":true,"href":"https:\/\/palmadelrio.salesianos.edu\/colegio\/wp-json\/wp\/v2\/users\/2"}],"replies":[{"embeddable":true,"href":"https:\/\/palmadelrio.salesianos.edu\/colegio\/wp-json\/wp\/v2\/comments?post=4681"}],"version-history":[{"count":5,"href":"https:\/\/palmadelrio.salesianos.edu\/colegio\/wp-json\/wp\/v2\/pages\/4681\/revisions"}],"predecessor-version":[{"id":6132,"href":"https:\/\/palmadelrio.salesianos.edu\/colegio\/wp-json\/wp\/v2\/pages\/4681\/revisions\/6132"}],"wp:attachment":[{"href":"https:\/\/palmadelrio.salesianos.edu\/colegio\/wp-json\/wp\/v2\/media?parent=4681"}],"curies":[{"name":"wp","href":"https:\/\/api.w.org\/{rel}","templated":true}]}}