{"id":4682,"date":"2017-10-19T08:46:31","date_gmt":"2017-10-19T07:46:31","guid":{"rendered":"https:\/\/palmadelrio.salesianos.edu\/colegio\/instalaciones-frigorificas-climatizacion\/"},"modified":"2024-06-18T08:27:21","modified_gmt":"2024-06-18T07:27:21","slug":"instalaciones-frigorificas-climatizacion","status":"publish","type":"page","link":"https:\/\/palmadelrio.salesianos.edu\/colegio\/instalaciones-frigorificas-climatizacion\/","title":{"rendered":"Instalaciones Frigor\u00edficas y de Climatizaci\u00f3n"},"content":{"rendered":"<div id=\"fb-root\"><\/div>\n<p>[et_pb_section fb_built=\u00bb1&#8243; fullwidth=\u00bbon\u00bb _builder_version=\u00bb4.16&#8243; global_colors_info=\u00bb{}\u00bb][et_pb_fullwidth_header title=\u00bbInstalaciones Frigor\u00edficas y de Climatizaci\u00f3n\u00bb content_max_width=\u00bbnone\u00bb module_class=\u00bbpagina-imagen-cabecera\u00bb _builder_version=\u00bb4.16&#8243; background_color=\u00bbrgba(255, 255, 255, 0)\u00bb background_image=\u00bbhttps:\/\/palmadelrio.salesianos.edu\/wp-content\/uploads\/2017\/09\/fondo.jpg\u00bb background_layout=\u00bblight\u00bb global_colors_info=\u00bb{}\u00bb button_one_text_size__hover_enabled=\u00bboff\u00bb button_two_text_size__hover_enabled=\u00bboff\u00bb button_one_text_color__hover_enabled=\u00bboff\u00bb button_two_text_color__hover_enabled=\u00bboff\u00bb button_one_border_width__hover_enabled=\u00bboff\u00bb button_two_border_width__hover_enabled=\u00bboff\u00bb button_one_border_color__hover_enabled=\u00bboff\u00bb button_two_border_color__hover_enabled=\u00bboff\u00bb button_one_border_radius__hover_enabled=\u00bboff\u00bb button_two_border_radius__hover_enabled=\u00bboff\u00bb button_one_letter_spacing__hover_enabled=\u00bboff\u00bb button_two_letter_spacing__hover_enabled=\u00bboff\u00bb button_one_bg_color__hover_enabled=\u00bboff\u00bb button_two_bg_color__hover_enabled=\u00bboff\u00bb][\/et_pb_fullwidth_header][\/et_pb_section][et_pb_section fb_built=\u00bb1&#8243; admin_label=\u00bbsection\u00bb _builder_version=\u00bb4.16&#8243; global_colors_info=\u00bb{}\u00bb][et_pb_row admin_label=\u00bbrow\u00bb _builder_version=\u00bb4.16&#8243; background_size=\u00bbinitial\u00bb background_position=\u00bbtop_left\u00bb background_repeat=\u00bbrepeat\u00bb global_colors_info=\u00bb{}\u00bb][et_pb_column type=\u00bb4_4&#8243; _builder_version=\u00bb4.16&#8243; custom_padding=\u00bb|||\u00bb global_colors_info=\u00bb{}\u00bb custom_padding__hover=\u00bb|||\u00bb][et_pb_text admin_label=\u00bbDescripci\u00f3n del ciclo\u00bb _builder_version=\u00bb4.25.1&#8243; global_colors_info=\u00bb{}\u00bb]<\/p>\n<h2>Descripci\u00f3n del ciclo<\/h2>\n<p class=\"\" style=\"text-align: justify;\"><span style=\"color: #000000; font-family: Verdana, Arial, Helvetica, sans-serif; font-size: 14px; text-align: justify;\">Desde el comienzo de los tiempos el ser humano ha perseguido su propio confort, as\u00ed como lograr mantener sus alimentos en buen estado entre los periodos de caza. En definitiva, este ciclo formativo te ense\u00f1ar\u00e1 a lograr estos objetivos pero con las t\u00e9cnicas actuales, much\u00edsimos miles de a\u00f1os despu\u00e9s.\u00a0<\/span><\/p>\n<p class=\"\" style=\"text-align: justify;\"><span style=\"color: #000000; font-family: Verdana, Arial, Helvetica, sans-serif; font-size: 14px; text-align: justify;\">El aire acondicionado, la climatizaci\u00f3n y la refrigeraci\u00f3n est\u00e1n presentes en todos los \u00e1mbitos de nuestra vida, por lo que la demanda de profesionales cada vez m\u00e1s especializados para instalar y\/o mantener instalaciones frigor\u00edficas o de climatizaci\u00f3n se ha incrementado mucho, tanto en el \u00e1mbito dom\u00e9stico, residencial o comercial, como tambi\u00e9n en el de la industria.<\/span><\/p>\n<p style=\"font-stretch: normal; font-size: 14px; line-height: 19.6px; font-family: Verdana, Arial, Helvetica, sans-serif; color: #000000; padding-bottom: 0px; text-align: justify;\">Estos conocimientos se reparten en el ciclo formativo de grado medio \u00abInstalaciones Frigor\u00edficas y de Climatizaci\u00f3n\u00bb en 2000 horas de formaci\u00f3n repartidos en dos cursos escolares, incluyendo en el segundo curso la Formaci\u00f3n en Centros de Trabajo, de 410 horas de duraci\u00f3n, en empresas colaboradoras especializadas.<\/p>\n<p style=\"font-stretch: normal; font-size: 14px; line-height: 19.6px; font-family: Verdana, Arial, Helvetica, sans-serif; color: #000000; padding-bottom: 0px; text-align: justify;\">Adem\u00e1s no solamente estudiar\u00e1s fr\u00edo industrial y climatizaci\u00f3n, ya que en el m\u00f3dulo de Libre Configuraci\u00f3n se imparten conocimientos de instalaciones de calefacci\u00f3n y producci\u00f3n de a.c.s. (agua caliente sanitaria), siendo \u00e9ste de los pocos centros en que se estudian estas disciplinas complementarias al fr\u00edo.<\/p>\n<p style=\"font-stretch: normal; font-size: 14px; line-height: 19.6px; font-family: Verdana, Arial, Helvetica, sans-serif; color: #000000; padding-bottom: 0px; text-align: justify;\">Y una gran ventaja de este ciclo, y que te proyectar\u00e1 como aut\u00e9ntico profesional, es que al finalizar estos estudios obtendr\u00e1s autom\u00e1ticamente, sin necesidad de examinarte, el carnet de frigorista para poder montar y legalizar instalaciones de fr\u00edo industrial, as\u00ed como el certificado de manipulador de gases fluorados de libre carga.<\/p>\n<p style=\"font-stretch: normal; font-size: 14px; line-height: 19.6px; font-family: Verdana, Arial, Helvetica, sans-serif; color: #000000; padding-bottom: 0px; text-align: justify;\"><span style=\"background-color: #f5f7f7;\">\u00a0<\/span><\/p>\n<p style=\"font-stretch: normal; font-size: 14px; line-height: 19.6px; font-family: Verdana, Arial, Helvetica, sans-serif; color: #000000; padding-bottom: 0px; text-align: justify;\">Este Ciclo Formativo se oferta en nuestro centro en\u00a0<span style=\"font-weight: 700 !important;\">modalidad DUAL<\/span>, junto a la modalidad presencial convencional, por lo cual si est\u00e1s interesado podr\u00e1s realizar estos estudios a la vez en nuestro centro y la mayor parte del tiempo, de forma pr\u00e1ctica, en empresas colaboradoras durante toda la duraci\u00f3n del ciclo. En ese sentido somos un centro innovador, al ser pocos los colegios de Andaluc\u00eda que imparten estos estudios bajo esta modalidad de formaci\u00f3n profesional, que tan buena acogida est\u00e1 teniendo en el resto de Europa, y que consigue que el alumno adquiera los conocimientos t\u00e9cnicos necesarios de forma \u00f3ptima para el desarrollo de su carrera profesional.<\/p>\n<p>&nbsp;<\/p>\n<p>[\/et_pb_text][et_pb_text admin_label=\u00bbTr\u00edptico informativo\u00bb _builder_version=\u00bb4.25.1&#8243; global_colors_info=\u00bb{}\u00bb]<\/p>\n<h2>Tr\u00edptico Informativo<\/h2>\n<p>Puedes descargarte el tr\u00edptico informativo de Instalaciones Frigor\u00edficas y de Climatizaci\u00f3n haciendo click <a href=\"https:\/\/palmadelrio.salesianos.edu\/colegio\/wp-content\/uploads\/sites\/2\/2024\/05\/triptico-IFC-24-v02.pdf\" target=\"_blank\" rel=\"noopener\">aqu\u00ed<\/a><\/p>\n<p>[\/et_pb_text][et_pb_gallery gallery_ids=\u00bb4949,4950,4951,4952,4953,4954,4955,4956,4957,4958,4959,4960,4961&#8243; show_title_and_caption=\u00bboff\u00bb _builder_version=\u00bb4.16&#8243; pagination_font_size_tablet=\u00bb51&#8243; pagination_line_height_tablet=\u00bb2&#8243; global_colors_info=\u00bb{}\u00bb][\/et_pb_gallery][et_pb_text admin_label=\u00bbPlan de estudios\u00bb _builder_version=\u00bb4.25.1&#8243; global_colors_info=\u00bb{}\u00bb]<\/p>\n<h2>Plan de Estudios<\/h2>\n<p>[\/et_pb_text][et_pb_tabs _builder_version=\u00bb4.25.1&#8243; global_colors_info=\u00bb{}\u00bb][et_pb_tab title=\u00bbPrimer Curso\u00bb _builder_version=\u00bb4.25.1&#8243; body_font=\u00bb||||\u00bb body_line_height=\u00bb2em\u00bb tab_font=\u00bb||||\u00bb tab_line_height=\u00bb2em\u00bb background_size=\u00bbinitial\u00bb background_position=\u00bbtop_left\u00bb background_repeat=\u00bbrepeat\u00bb body_line_height_tablet=\u00bb2em\u00bb body_line_height_phone=\u00bb2em\u00bb tab_line_height_tablet=\u00bb2em\u00bb tab_line_height_phone=\u00bb2em\u00bb global_colors_info=\u00bb{}\u00bb]<\/p>\n<table>\n<tbody>\n<tr>\n<td width=\"60%\"><strong>M\u00d3DULO<\/strong><\/td>\n<td width=\"20%\"><strong>HORAS TOTALES<\/strong><\/td>\n<td width=\"20%\"><strong>HORAS SEMANALES<\/strong><\/td>\n<\/tr>\n<tr>\n<td>M\u00e1quinas y equipos t\u00e9rmicos<\/td>\n<td>288<\/td>\n<td>9<\/td>\n<\/tr>\n<tr>\n<td>T\u00e9cnicas de montaje de instalaciones<\/td>\n<td>288<\/td>\n<td>9<\/td>\n<\/tr>\n<tr>\n<td>Instalaciones el\u00e9ctricas y automatismos<\/td>\n<td>288<\/td>\n<td>9<\/td>\n<\/tr>\n<tr>\n<td>Formaci\u00f3n y orientaci\u00f3n laboral<\/td>\n<td>96<\/td>\n<td>3<\/td>\n<\/tr>\n<tr>\n<td><strong>TOTALES<\/strong><\/td>\n<td><strong>960<\/strong><\/td>\n<td><strong>30<\/strong><\/td>\n<\/tr>\n<\/tbody>\n<\/table>\n<p>[\/et_pb_tab][et_pb_tab title=\u00bbSegundo curso\u00bb _builder_version=\u00bb4.16&#8243; body_font=\u00bb||||\u00bb body_line_height=\u00bb2em\u00bb tab_font=\u00bb||||\u00bb tab_line_height=\u00bb2em\u00bb background_size=\u00bbinitial\u00bb background_position=\u00bbtop_left\u00bb background_repeat=\u00bbrepeat\u00bb body_line_height_tablet=\u00bb2em\u00bb body_line_height_phone=\u00bb2em\u00bb tab_line_height_tablet=\u00bb2em\u00bb tab_line_height_phone=\u00bb2em\u00bb global_colors_info=\u00bb{}\u00bb]<\/p>\n<table>\n<tbody>\n<tr>\n<td width=\"60%\"><strong>M\u00d3DULO<\/strong><\/td>\n<td width=\"20%\"><strong>HORAS TOTALES<\/strong><\/td>\n<td width=\"20%\"><strong>HORAS SEMANALES<\/strong><\/td>\n<\/tr>\n<tr>\n<td>Configuraci\u00f3n de instalaciones de fr\u00edo y climatizaci\u00f3n<\/td>\n<td>84<\/td>\n<td>4<\/td>\n<\/tr>\n<tr>\n<td>Montaje y mantenimiento de equipos de refrigeraci\u00f3n comercial<\/td>\n<td>84<\/td>\n<td>4<\/td>\n<\/tr>\n<tr>\n<td>Montaje y mantenimiento de instalaciones frigor\u00edficas industriales<\/td>\n<td>168<\/td>\n<td>8<\/td>\n<\/tr>\n<tr>\n<td>Montaje y mantenimiento de instalaciones de climatizaci\u00f3n, ventilaci\u00f3n y extracci\u00f3n<\/td>\n<td>147<\/td>\n<td>7<\/td>\n<\/tr>\n<tr>\n<td>Empresa e iniciativa emprendedora<\/td>\n<td>84<\/td>\n<td>4<\/td>\n<\/tr>\n<tr>\n<td>Formaci\u00f3n en centros de trabajo<\/td>\n<td>410<\/td>\n<td><\/td>\n<\/tr>\n<tr>\n<td>Horas de libre configuraci\u00f3n<\/td>\n<td>63<\/td>\n<td>3<\/td>\n<\/tr>\n<tr>\n<td><strong>TOTALES<\/strong><\/td>\n<td><strong>1040<\/strong><\/td>\n<td><strong>30<\/strong><\/td>\n<\/tr>\n<\/tbody>\n<\/table>\n<p>[\/et_pb_tab][\/et_pb_tabs][\/et_pb_column][\/et_pb_row][et_pb_row _builder_version=\u00bb4.16&#8243; background_size=\u00bbinitial\u00bb background_position=\u00bbtop_left\u00bb background_repeat=\u00bbrepeat\u00bb global_colors_info=\u00bb{}\u00bb][et_pb_column type=\u00bb4_4&#8243; _builder_version=\u00bb4.16&#8243; custom_padding=\u00bb|||\u00bb global_colors_info=\u00bb{}\u00bb custom_padding__hover=\u00bb|||\u00bb][et_pb_text _builder_version=\u00bb4.16&#8243; hover_enabled=\u00bb0&#8243; global_colors_info=\u00bb{}\u00bb sticky_enabled=\u00bb0&#8243;]<\/p>\n<h2>M\u00f3dulos profesionales<\/h2>\n<p>&nbsp;<\/p>\n<h2><span style=\"color: #000000;\">M\u00e1quinas y equipos t\u00e9rmicos<\/span><\/h2>\n<hr \/>\n<p>[\/et_pb_text][et_pb_text _builder_version=\u00bb4.16&#8243; global_colors_info=\u00bb{}\u00bb]<\/p>\n<div id=\"cc-m-8983488321\" class=\"j-module n j-textWithImage \" style=\"padding: 5px; word-wrap: break-word; color: #555555; font-family: Verdana, Arial, Helvetica, sans-serif; font-size: 14px;\">\n<div>\n<div id=\"cc-m-textwithimage-8983488321\" class=\"cc-m-textwithimage-inline-rte\" data-name=\"text\" data-action=\"text\">\n<p style=\"font-stretch: normal; font-size: 14px; line-height: 19.6px; font-family: Verdana, Arial, Helvetica, sans-serif; color: #000000; padding-bottom: 0px; text-align: justify;\">En este m\u00f3dulo profesional, te\u00f3rico y pr\u00e1ctico, te ense\u00f1amos como se produce el fr\u00edo, la instalaci\u00f3n necesaria para ello y sus componentes principales, elementos de control, esquemas, etc.<\/p>\n<p style=\"font-stretch: normal; font-size: 14px; line-height: 19.6px; font-family: Verdana, Arial, Helvetica, sans-serif; color: #000000; padding-bottom: 0px; text-align: justify;\">Conseguir\u00e1s conocimientos de los fundamentos tecnol\u00f3gicos de la refrigeraci\u00f3n y climatizaci\u00f3n, \u00a0y de todos los componentes y dise\u00f1os de instalaciones posibles al detalle, con esquemas, dibujos y fotograf\u00edas para que te familiarices con ellas.<\/p>\n<p style=\"font-stretch: normal; font-size: 14px; line-height: 19.6px; font-family: Verdana, Arial, Helvetica, sans-serif; color: #000000; padding-bottom: 0px; text-align: justify;\">Este m\u00f3dulo es la base del conocimiento para poder calcular c\u00e1maras frigor\u00edficas, cargas de aire acondicionado, etc. y as\u00ed poder dise\u00f1ar, presupuestar y documentar las instalaciones que en m\u00e1s profundidad se imparten en los m\u00f3dulos del segundo curso. No olvides que estos estudios te habilitan como instalador autorizado.<\/p>\n<p class=\"MsoNormal\" style=\"font-stretch: normal; font-size: 14px; line-height: 19.6px; font-family: Verdana, Arial, Helvetica, sans-serif; color: #000000; padding-bottom: 0px;\"><span style=\"font-family: Verdana, Arial, Helvetica, sans-serif; font-size: 14px; text-align: justify;\">Tambi\u00e9n aprender\u00e1s a producir calor para instalaciones de calefacci\u00f3n y producci\u00f3n de a.c.s. (agua caliente sanitaria).<\/span><\/p>\n<\/div>\n<\/div>\n<\/div>\n<div id=\"cc-m-9159155421\" class=\"j-module n j-textWithImage \" style=\"padding: 5px; word-wrap: break-word; color: #555555; font-family: Verdana, Arial, Helvetica, sans-serif; font-size: 14px;\">\n<div>\n<div id=\"cc-m-textwithimage-9159155421\" class=\"cc-m-textwithimage-inline-rte\" data-name=\"text\" data-action=\"text\">\n<p style=\"font-stretch: normal; font-size: 14px; line-height: 19.6px; font-family: Verdana, Arial, Helvetica, sans-serif; color: #000000; padding-bottom: 0px; text-align: justify;\">Se analizar\u00e1n las m\u00e1quinas que produccen dicho calor: las calderas. Tambi\u00e9n como conseguir dicha energ\u00eda lo m\u00e1s barata posible utilizando una fuente tan potente como es el Sol: las placas solares t\u00e9rmicas.<\/p>\n<p style=\"font-stretch: normal; font-size: 14px; line-height: 19.6px; font-family: Verdana, Arial, Helvetica, sans-serif; color: #000000; padding-bottom: 0px; text-align: justify;\">Al igual que en la parte del m\u00f3dulo donde se estudia el fr\u00edo, en este m\u00f3dulo de primer curso se ver\u00e1n los tipos de m\u00e1quinas, sus componentes y tipos de instalaciones, para desarrollar el c\u00e1lculo de las mismas en el segundo curso, form\u00e1ndose as\u00ed un aut\u00e9ntico profesional instalador. Interesante, \u00bfno?<\/p>\n<\/div>\n<\/div>\n<\/div>\n<p>[\/et_pb_text][\/et_pb_column][\/et_pb_row][et_pb_row _builder_version=\u00bb4.16&#8243; background_size=\u00bbinitial\u00bb background_position=\u00bbtop_left\u00bb background_repeat=\u00bbrepeat\u00bb global_colors_info=\u00bb{}\u00bb][et_pb_column type=\u00bb4_4&#8243; _builder_version=\u00bb4.16&#8243; custom_padding=\u00bb|||\u00bb global_colors_info=\u00bb{}\u00bb custom_padding__hover=\u00bb|||\u00bb][et_pb_text _builder_version=\u00bb4.16&#8243; global_colors_info=\u00bb{}\u00bb]<\/p>\n<h2><span style=\"color: #000000;\">T\u00e9cnica de montaje de Instalaciones<\/span><\/h2>\n<hr \/>\n<p>[\/et_pb_text][et_pb_text _builder_version=\u00bb4.16&#8243; global_colors_info=\u00bb{}\u00bb]<\/p>\n<p style=\"font-stretch: normal; font-size: 14px; line-height: 19.6px; font-family: Verdana, Arial, Helvetica, sans-serif; color: #000000; padding-bottom: 0px; text-align: justify;\">Todas las instalaciones de fr\u00edo y climatizaci\u00f3n utilizan conducciones para el transporte de refrigerante, fluido caloportador, agua y otros elementos que realizan la funci\u00f3n de trasegar energ\u00eda para conseguir el efecto deseado.<\/p>\n<p style=\"font-stretch: normal; font-size: 14px; line-height: 19.6px; font-family: Verdana, Arial, Helvetica, sans-serif; color: #000000; padding-bottom: 0px; text-align: justify;\">Para esas conducciones o tuber\u00edas, y seg\u00fan su material de fabricaci\u00f3n, existen multitud de t\u00e9cnicas para su ensamblaje y conformaci\u00f3n: limado, soldadura, abocardado, embridado, etc.<\/p>\n<p><span style=\"color: #000000; font-family: Verdana, Arial, Helvetica, sans-serif; font-size: 14px; text-align: justify;\">En este m\u00f3dulo aprender\u00e1s todas esas t\u00e9cnicas en nuestros talleres. Por ejemplo, todo los tipos de soldaduras m\u00e1s comunes existentes. Tambi\u00e9n realizar\u00e1s todas las pruebas de carga y estanqueidad necesarias en dichas tuber\u00edas. Y todo ello en un entorno seguro, bajo normas de prevenci\u00f3n de riesgos laborales.<\/span><span style=\"font-size: 14px;\">es, etc.<\/span><\/p>\n<p style=\"font-stretch: normal; font-size: 14px; line-height: 19.6px; font-family: Verdana, Arial, Helvetica, sans-serif; color: #000000; padding-bottom: 0px; text-align: justify;\">[\/et_pb_text][\/et_pb_column][\/et_pb_row][et_pb_row _builder_version=\u00bb4.16&#8243; background_size=\u00bbinitial\u00bb background_position=\u00bbtop_left\u00bb background_repeat=\u00bbrepeat\u00bb global_colors_info=\u00bb{}\u00bb][et_pb_column type=\u00bb4_4&#8243; _builder_version=\u00bb4.16&#8243; custom_padding=\u00bb|||\u00bb global_colors_info=\u00bb{}\u00bb custom_padding__hover=\u00bb|||\u00bb][et_pb_text _builder_version=\u00bb4.16&#8243; global_colors_info=\u00bb{}\u00bb]<\/p>\n<h2 id=\"cc-m-header-8738263021\" class=\"\"><span style=\"color: #000000;\">Instalaciones el\u00e9ctricas y automatismos<\/span><\/h2>\n<hr \/>\n<p style=\"font-stretch: normal; font-size: 14px; line-height: 19.6px; font-family: Verdana, Arial, Helvetica, sans-serif; color: #000000; padding-bottom: 0px; text-align: justify;\">[\/et_pb_text][et_pb_text _builder_version=\u00bb4.16&#8243; global_colors_info=\u00bb{}\u00bb]<\/p>\n<p style=\"font-stretch: normal; font-size: 14px; line-height: 19.6px; font-family: Verdana, Arial, Helvetica, sans-serif; color: #000000; padding-bottom: 0px; text-align: justify;\">Existe una gran diversidad entre las instalaciones de fr\u00edo y climatizaci\u00f3n, pero todas ellas tienen en com\u00fan la necesidad de energ\u00eda el\u00e9ctrica para su funcionamiento.<\/p>\n<p style=\"font-stretch: normal; font-size: 14px; line-height: 19.6px; font-family: Verdana, Arial, Helvetica, sans-serif; color: #000000; padding-bottom: 0px; text-align: justify;\">En este m\u00f3dulo adquirir\u00e1s los conocimientos necesarios para realizar la instalaci\u00f3n el\u00e9ctrica y el automatismo de este tipo de instalaciones, empezando desde cero con las bases fundamentales de la electricidad.<\/p>\n<p style=\"font-stretch: normal; font-size: 14px; line-height: 19.6px; font-family: Verdana, Arial, Helvetica, sans-serif; color: #000000; padding-bottom: 0px; text-align: justify;\">Realizar\u00e1s tido tipo de instalaciones el\u00e9ctricas, simples y complejas, sobre nuestros paneles en nuestros talleres. Te sorprender\u00e1s de todo lo que es capaz de hacer con unos min\u00fasculos electrones.<\/p>\n<p style=\"font-stretch: normal; font-size: 14px; line-height: 19.6px; font-family: Verdana, Arial, Helvetica, sans-serif; color: #000000; padding-bottom: 0px;\">[\/et_pb_text][\/et_pb_column][\/et_pb_row][et_pb_row _builder_version=\u00bb4.16&#8243; background_size=\u00bbinitial\u00bb background_position=\u00bbtop_left\u00bb background_repeat=\u00bbrepeat\u00bb global_colors_info=\u00bb{}\u00bb][et_pb_column type=\u00bb4_4&#8243; _builder_version=\u00bb4.16&#8243; custom_padding=\u00bb|||\u00bb global_colors_info=\u00bb{}\u00bb custom_padding__hover=\u00bb|||\u00bb][et_pb_text _builder_version=\u00bb4.16&#8243; global_colors_info=\u00bb{}\u00bb]<\/p>\n<h2 id=\"cc-m-header-8751210321\" class=\"\"><span style=\"color: #000000;\">Configuraci\u00f3n de Instalaciones de Fr\u00edo y Climatizaci\u00f3n<\/span><\/h2>\n<hr \/>\n<p style=\"font-stretch: normal; font-size: 14px; line-height: 19.6px; font-family: Verdana, Arial, Helvetica, sans-serif; color: #000000; padding-bottom: 0px;\">[\/et_pb_text][et_pb_text _builder_version=\u00bb4.16&#8243; global_colors_info=\u00bb{}\u00bb]<\/p>\n<p style=\"font-stretch: normal; font-size: 14px; line-height: 19.6px; font-family: Verdana, Arial, Helvetica, sans-serif; color: #000000; padding-bottom: 0px; text-align: justify;\">Este m\u00f3dulo ser\u00e1 el que te ayude a ser aut\u00f3nomo en tu futuro trabajo porque te va a capacitar para que dise\u00f1es, selecciones, presupuestes y realices la documentaci\u00f3n necesaria para las instalaciones de tu cliente, y t\u00fa solito.<\/p>\n<p style=\"font-stretch: normal; font-size: 14px; line-height: 19.6px; font-family: Verdana, Arial, Helvetica, sans-serif; color: #000000; padding-bottom: 0px; text-align: justify;\">Aprender\u00e1s a calcular y dise\u00f1ar redes de conductos para aire acondicionado, dise\u00f1ar instalaciones frigor\u00edficas y de climatizaci\u00f3n, calcular peque\u00f1as redes de distribuci\u00f3n de agua y aire en instalaciones de climatizaci\u00f3n.<\/p>\n<p style=\"font-stretch: normal; font-size: 14px; line-height: 19.6px; font-family: Verdana, Arial, Helvetica, sans-serif; color: #000000; padding-bottom: 0px; text-align: justify;\">Tambi\u00e9n representar\u00e1s planos y esquemas de instalaciones con un programa de dibujo Cad, elaborar\u00e1s presupuestos de montaje de instalaciones frigor\u00edficas y de climatizaci\u00f3n, as\u00ed como la documentaci\u00f3n t\u00e9cnica que necesitar\u00e1s para legalizar las mismas. Todo ello trabajando con programas inform\u00e1ticos que te ayudar\u00e1n a realizarlo todo.<\/p>\n<p style=\"font-stretch: normal; font-size: 14px; line-height: 19.6px; font-family: Verdana, Arial, Helvetica, sans-serif; color: #000000; padding-bottom: 0px; text-align: justify;\">[\/et_pb_text][\/et_pb_column][\/et_pb_row][et_pb_row _builder_version=\u00bb4.16&#8243; background_size=\u00bbinitial\u00bb background_position=\u00bbtop_left\u00bb background_repeat=\u00bbrepeat\u00bb global_colors_info=\u00bb{}\u00bb][et_pb_column type=\u00bb4_4&#8243; _builder_version=\u00bb4.16&#8243; custom_padding=\u00bb|||\u00bb global_colors_info=\u00bb{}\u00bb custom_padding__hover=\u00bb|||\u00bb][et_pb_text _builder_version=\u00bb4.16&#8243; global_colors_info=\u00bb{}\u00bb]<\/p>\n<h2 id=\"cc-m-header-8751213121\" class=\"\"><span style=\"color: #000000;\">Montaje y Mantenimiento de Equipos de Refrigeraci\u00f3n Comercial<\/span><\/h2>\n<hr \/>\n<p style=\"font-stretch: normal; font-size: 14px; line-height: 19.6px; font-family: Verdana, Arial, Helvetica, sans-serif; color: #000000; padding-bottom: 0px; text-align: justify;\">[\/et_pb_text][et_pb_text _builder_version=\u00bb4.16&#8243; global_colors_info=\u00bb{}\u00bb]<\/p>\n<p style=\"font-stretch: normal; font-size: 14px; line-height: 19.6px; font-family: Verdana, Arial, Helvetica, sans-serif; color: #000000; padding-bottom: 0px; text-align: justify;\"><span style=\"text-align: left;\">Todo los alimentos que consumimos necesitan una conservaci\u00f3n anterior para su transporte y almacenado, as\u00ed como su exposici\u00f3n para su comercializaci\u00f3n. Todas esas instalaciones que observas cuando vas a un supermercado tienen su dise\u00f1o, montaje de elementos, pruebas, diagnosis y reparaci\u00f3n de aver\u00edas. Y posteriormente habr\u00e1 que desarrollar un plan de mantenimeinto preventivo.<\/span><\/p>\n<p style=\"font-stretch: normal; font-size: 14px; line-height: 19.6px; font-family: Verdana, Arial, Helvetica, sans-serif; color: #000000; padding-bottom: 0px; text-align: justify;\"><span style=\"text-align: left;\">\u00a0<\/span><\/p>\n<p style=\"font-stretch: normal; font-size: 14px; line-height: 19.6px; font-family: Verdana, Arial, Helvetica, sans-serif; color: #000000; padding-bottom: 0px; text-align: justify;\">Aqu\u00ed encontrar\u00e1s la formaci\u00f3n necesaria para desempe\u00f1ar la funci\u00f3n de montaje y mantenimiento de los equipos que se utilizan para la refrigeraci\u00f3n comercial. Es un m\u00f3dulo eminentemente pr\u00e1ctico donde la teor\u00eda necesaria se imparte simult\u00e1neamente con las pr\u00e1cticas.<\/p>\n<p style=\"font-stretch: normal; font-size: 14px; line-height: 19.6px; font-family: Verdana, Arial, Helvetica, sans-serif; color: #000000; padding-bottom: 0px; text-align: justify;\">[\/et_pb_text][\/et_pb_column][\/et_pb_row][et_pb_row _builder_version=\u00bb4.16&#8243; background_size=\u00bbinitial\u00bb background_position=\u00bbtop_left\u00bb background_repeat=\u00bbrepeat\u00bb global_colors_info=\u00bb{}\u00bb][et_pb_column type=\u00bb4_4&#8243; _builder_version=\u00bb4.16&#8243; custom_padding=\u00bb|||\u00bb global_colors_info=\u00bb{}\u00bb custom_padding__hover=\u00bb|||\u00bb][et_pb_text _builder_version=\u00bb4.16&#8243; global_colors_info=\u00bb{}\u00bb]<\/p>\n<h2 id=\"cc-m-header-8751210321\" class=\"\"><span style=\"color: #000000;\"><b>Montaje y Mantenimiento de Instalaciones Frigor\u00edficas Industriales<\/b><\/span><\/h2>\n<hr \/>\n<p style=\"font-stretch: normal; font-size: 14px; line-height: 19.6px; font-family: Verdana, Arial, Helvetica, sans-serif; color: #000000; padding-bottom: 0px; text-align: justify;\">[\/et_pb_text][et_pb_text _builder_version=\u00bb4.16&#8243; global_colors_info=\u00bb{}\u00bb]<\/p>\n<p style=\"font-stretch: normal; font-size: 14px; line-height: 19.6px; font-family: Verdana, Arial, Helvetica, sans-serif; color: #000000; padding-bottom: 0px; text-align: justify;\">Aqu\u00ed realizar\u00e1s las instalaciones y los montajes de instalaciones frigor\u00edficas, verificando que la instalaci\u00f3n funciona correctamente, y tambi\u00e9n realizar\u00e1s los procesos de mantenimiento de las mismas cuando sea necesario y cuando el futuro cliente lo necesite, ya que eres el \u00fanico que conoce como las instalastes. Por supuesto, siempre respetando las normas vigentes de medio ambiente.<\/p>\n<p style=\"font-stretch: normal; font-size: 14px; line-height: 19.6px; font-family: Verdana, Arial, Helvetica, sans-serif; color: #000000; padding-bottom: 0px; text-align: justify;\">Entre otras aprender\u00e1s a montar instalaciones para procesos de enfriamiento de l\u00edquidos, pr\u00e1cticas en centrales frigor\u00edficas de \u00faltima generaci\u00f3n como las que tienen algunas cadenas de supermercados modernos punteros, c\u00e1maras frigor\u00edficas de almacenes alimentarios, etc&#8230; y todo con la documentaci\u00f3n necesaria para legalizar dichas instalaciones.<\/p>\n<p style=\"font-stretch: normal; font-size: 14px; line-height: 19.6px; font-family: Verdana, Arial, Helvetica, sans-serif; color: #000000; padding-bottom: 0px; text-align: justify;\">Y todo ello con un aprendizaje t\u00e9orico y pr\u00e1ctico en nuestros talleres.\u00a0<span style=\"text-align: left;\">Sin duda es un m\u00f3dulo muy interesante y necesario para el sector productivo y de servicios.<\/span><\/p>\n<p style=\"font-stretch: normal; font-size: 14px; line-height: 19.6px; font-family: Verdana, Arial, Helvetica, sans-serif; color: #000000; padding-bottom: 0px; text-align: justify;\">[\/et_pb_text][\/et_pb_column][\/et_pb_row][et_pb_row _builder_version=\u00bb4.16&#8243; background_size=\u00bbinitial\u00bb background_position=\u00bbtop_left\u00bb background_repeat=\u00bbrepeat\u00bb global_colors_info=\u00bb{}\u00bb][et_pb_column type=\u00bb4_4&#8243; _builder_version=\u00bb4.16&#8243; custom_padding=\u00bb|||\u00bb global_colors_info=\u00bb{}\u00bb custom_padding__hover=\u00bb|||\u00bb][et_pb_text _builder_version=\u00bb4.16&#8243; global_colors_info=\u00bb{}\u00bb]<\/p>\n<h2 id=\"cc-m-header-8751213121\" class=\"\"><strong><span style=\"color: #000000;\">Montaje y Mantenimiento de Instalaciones y Climatizaci\u00f3n, Ventilaci\u00f3n y Extracci\u00f3n<\/span><\/strong><\/h2>\n<hr \/>\n<p style=\"font-stretch: normal; font-size: 14px; line-height: 19.6px; font-family: Verdana, Arial, Helvetica, sans-serif; color: #000000; padding-bottom: 0px; text-align: justify;\">[\/et_pb_text][et_pb_text _builder_version=\u00bb4.16&#8243; global_colors_info=\u00bb{}\u00bb]<\/p>\n<p>En este m\u00f3dulo profesional encontrar\u00e1s toda la formaci\u00f3n te\u00f3rico-pr\u00e1ctica necesaria para el conocimiento de los sistemas que se encuentran instalados en el autom\u00f3vil en lo referente a la seguridad y confortabilidad, como son los siguientes: Ventilaci\u00f3n y calefacci\u00f3n, climatizaci\u00f3n y aire acondicionado, sistemas de seguridad activa como los airbags, sistemas de alarma, equipos de sonido para el autom\u00f3vil, sistemas de reparaci\u00f3n y sustituci\u00f3n de lunas parabrisas, etc.<\/p>\n<p>En la metodolog\u00eda de ense\u00f1anza dispondr\u00e1s de maquetas did\u00e1cticas para realizar las pr\u00e1cticas, as\u00ed como toda la documentaci\u00f3n t\u00e9cnica necesaria para ello.<\/p>\n<p style=\"font-stretch: normal; font-size: 14px; line-height: 19.6px; font-family: Verdana, Arial, Helvetica, sans-serif; color: #000000; padding-bottom: 0px; text-align: justify;\">[\/et_pb_text][\/et_pb_column][\/et_pb_row][et_pb_row _builder_version=\u00bb4.16&#8243; background_size=\u00bbinitial\u00bb background_position=\u00bbtop_left\u00bb background_repeat=\u00bbrepeat\u00bb global_colors_info=\u00bb{}\u00bb][et_pb_column type=\u00bb4_4&#8243; _builder_version=\u00bb4.16&#8243; custom_padding=\u00bb|||\u00bb global_colors_info=\u00bb{}\u00bb custom_padding__hover=\u00bb|||\u00bb][et_pb_text _builder_version=\u00bb4.16&#8243; global_colors_info=\u00bb{}\u00bb]<\/p>\n<h2 id=\"cc-m-header-8751213121\" class=\"\"><span style=\"color: #000000;\">Libre configuraci\u00f3n: Instalaciones de calefacci\u00f3n y producci\u00f3n de a.c.s<\/span><\/h2>\n<hr \/>\n<p style=\"font-stretch: normal; font-size: 14px; line-height: 19.6px; font-family: Verdana, Arial, Helvetica, sans-serif; color: #000000; padding-bottom: 0px; text-align: justify;\">[\/et_pb_text][et_pb_text _builder_version=\u00bb4.16&#8243; global_colors_info=\u00bb{}\u00bb]<\/p>\n<p style=\"font-stretch: normal; font-size: 14px; line-height: 19.6px; font-family: Verdana, Arial, Helvetica, sans-serif; color: #000000; padding-bottom: 0px; text-align: justify;\">Aprenderemos en este m\u00f3dulo a dise\u00f1ar instalaciones para la producci\u00f3n de calor, tanto para calefacci\u00f3n como para agua caliente sanitaria.<\/p>\n<p style=\"font-stretch: normal; font-size: 14px; line-height: 19.6px; font-family: Verdana, Arial, Helvetica, sans-serif; color: #000000; padding-bottom: 0px; text-align: justify;\">Seleccionar\u00e1s el tipo de instalaci\u00f3n (radiadores, suelo radiante,&#8230;), el tipo de generador (calderas, aerotermos,&#8230;), la tuber\u00eda a montar (hierro, cobre, polietileno reticulado,&#8230;), con o sin apoyo solar y dem\u00e1s aspectos t\u00e9cnicos necesarios.\u00a0<span style=\"text-align: left;\">Adem\u00e1s todo ir\u00e1 acompa\u00f1ado del montaje de las mismas en nuestro taller de pr\u00e1cticas. Como podr\u00e1s observar es un m\u00f3dulo complementario al fr\u00edo muy \u00fatil y pr\u00e1ctico para desarrollar tu profesi\u00f3n en un futuro.<\/span><\/p>\n<p style=\"font-stretch: normal; font-size: 14px; line-height: 19.6px; font-family: Verdana, Arial, Helvetica, sans-serif; color: #000000; padding-bottom: 0px; text-align: justify;\">[\/et_pb_text][\/et_pb_column][\/et_pb_row][et_pb_row _builder_version=\u00bb4.16&#8243; background_size=\u00bbinitial\u00bb background_position=\u00bbtop_left\u00bb background_repeat=\u00bbrepeat\u00bb global_colors_info=\u00bb{}\u00bb][et_pb_column type=\u00bb4_4&#8243; _builder_version=\u00bb4.16&#8243; custom_padding=\u00bb|||\u00bb global_colors_info=\u00bb{}\u00bb custom_padding__hover=\u00bb|||\u00bb][et_pb_text _builder_version=\u00bb4.16&#8243; global_colors_info=\u00bb{}\u00bb]<\/p>\n<h2 id=\"cc-m-header-8751213121\" class=\"\"><span style=\"color: #000000;\">Formaci\u00f3n y Orientaci\u00f3n Laboral<\/span><\/h2>\n<hr \/>\n<p style=\"font-stretch: normal; font-size: 14px; line-height: 19.6px; font-family: Verdana, Arial, Helvetica, sans-serif; color: #000000; padding-bottom: 0px; text-align: justify;\">[\/et_pb_text][et_pb_text _builder_version=\u00bb4.16&#8243; global_colors_info=\u00bb{}\u00bb]<\/p>\n<p class=\"MsoNormal\" style=\"font-stretch: normal; font-size: 14px; line-height: 19.6px; font-family: Verdana, Arial, Helvetica, sans-serif; color: #000000; padding-bottom: 0px; text-align: justify;\">Este m\u00f3dulo tiene como finalidad proporcionar al alumno la formaci\u00f3n necesaria para el conocimiento de la legislaci\u00f3n laboral b\u00e1sica y los derechos y obligaciones que se derivan de las relaciones laborales, la adquisici\u00f3n de los conocimientos y capacidades necesarias para trabajar en condiciones de seguridad y prevenir los riesgos derivados de las situaciones de trabajo, la formaci\u00f3n necesaria para comprender el funcionamiento de los equipos de trabajo, la gesti\u00f3n de los conflictos y el trabajo en los nuevos entornos organizativos.<\/p>\n<p class=\"MsoNormal\" style=\"font-stretch: normal; font-size: 14px; line-height: 19.6px; font-family: Verdana, Arial, Helvetica, sans-serif; color: #000000; padding-bottom: 0px; text-align: justify;\">Y, sobre todo, lo m\u00e1s fundamental que es la adquisici\u00f3n de las capacidades necesarias para orientarse en el mercado laboral.<\/p>\n<p style=\"font-stretch: normal; font-size: 14px; line-height: 19.6px; font-family: Verdana, Arial, Helvetica, sans-serif; color: #000000; padding-bottom: 0px; text-align: justify;\">[\/et_pb_text][\/et_pb_column][\/et_pb_row][et_pb_row _builder_version=\u00bb4.16&#8243; background_size=\u00bbinitial\u00bb background_position=\u00bbtop_left\u00bb background_repeat=\u00bbrepeat\u00bb global_colors_info=\u00bb{}\u00bb][et_pb_column type=\u00bb4_4&#8243; _builder_version=\u00bb4.16&#8243; custom_padding=\u00bb|||\u00bb global_colors_info=\u00bb{}\u00bb custom_padding__hover=\u00bb|||\u00bb][et_pb_text _builder_version=\u00bb4.16&#8243; global_colors_info=\u00bb{}\u00bb]<\/p>\n<h2 id=\"cc-m-header-8751213121\" class=\"\"><strong><span style=\"color: #000000;\">Empresa e iniciativa emprendedora<\/span><\/strong><\/h2>\n<hr \/>\n<p style=\"font-stretch: normal; font-size: 14px; line-height: 19.6px; font-family: Verdana, Arial, Helvetica, sans-serif; color: #000000; padding-bottom: 0px; text-align: justify;\">[\/et_pb_text][et_pb_text _builder_version=\u00bb4.16&#8243; global_colors_info=\u00bb{}\u00bb]<\/p>\n<p style=\"font-stretch: normal; font-size: 14px; line-height: 19.6px; font-family: Verdana, Arial, Helvetica, sans-serif; color: #000000; padding-bottom: 0px; text-align: justify;\">El nombre de este m\u00f3dulo explica perfectamente que es lo que tratamos aqu\u00ed. Se trata, sobre todo, de fomentar la cultura emprendedora. Para ello trabajar\u00e9is en una idea empresarial, relacionada con este sector, elaborar el proyecto y ponerlo en pr\u00e1ctica como si de una realidad se tratara. Se empieza desde los primeros pasos de creatividad hasta las cuentas financieras para su puesta en marcha.<span style=\"font-family: Calibri, sans-serif; font-size: 11pt; line-height: 16.8667px;\"><br \/>\n<\/span><\/p>\n<p style=\"font-stretch: normal; font-size: 14px; line-height: 19.6px; font-family: Verdana, Arial, Helvetica, sans-serif; color: #000000; padding-bottom: 0px; text-align: justify;\">Para llevar a cabo dicho proyecto cont\u00e1is con aulas de teor\u00eda y aulas de inform\u00e1tica perfectamente equipadas con todo el material ofim\u00e1tico necesario.<\/p>\n<p style=\"font-stretch: normal; font-size: 14px; line-height: 19.6px; font-family: Verdana, Arial, Helvetica, sans-serif; color: #000000; padding-bottom: 0px; text-align: justify;\">[\/et_pb_text][\/et_pb_column][\/et_pb_row][et_pb_row _builder_version=\u00bb4.16&#8243; background_size=\u00bbinitial\u00bb background_position=\u00bbtop_left\u00bb background_repeat=\u00bbrepeat\u00bb global_colors_info=\u00bb{}\u00bb][et_pb_column type=\u00bb4_4&#8243; _builder_version=\u00bb4.16&#8243; custom_padding=\u00bb|||\u00bb global_colors_info=\u00bb{}\u00bb custom_padding__hover=\u00bb|||\u00bb][et_pb_text _builder_version=\u00bb4.16&#8243; global_colors_info=\u00bb{}\u00bb]<\/p>\n<h2 id=\"cc-m-header-8751213121\" class=\"\"><span style=\"color: #000000;\">Formaci\u00f3n en Centros de Trabajo (FCT)<\/span><\/h2>\n<hr \/>\n<p style=\"font-stretch: normal; font-size: 14px; line-height: 19.6px; font-family: Verdana, Arial, Helvetica, sans-serif; color: #000000; padding-bottom: 0px; text-align: justify;\">[\/et_pb_text][et_pb_text _builder_version=\u00bb4.16&#8243; global_colors_info=\u00bb{}\u00bb]<\/p>\n<p style=\"font-stretch: normal; font-size: 14px; line-height: 15.4px; font-family: Verdana, Arial, Helvetica, sans-serif; color: #000000; padding-bottom: 0px; text-align: justify;\">Posteriormente a la adquisici\u00f3n de los conocimientos de los m\u00f3dulos descritos se desarrolla la Formaci\u00f3n en Centros de Trabajo (FCT).\u00a0<span style=\"text-align: left;\">Este m\u00f3dulo es totalmente pr\u00e1ctico, tiene una duraci\u00f3n de 410 horas y se realiza al final del ciclo formativo. Consiste en desarrollar todo lo aprendido en empresas reales del sector, mediante acuerdos firmados por la empresas, el centro educativo y la administraci\u00f3n.\u00a0<\/span><\/p>\n<p style=\"font-stretch: normal; font-size: 14px; line-height: 15.4px; font-family: Verdana, Arial, Helvetica, sans-serif; color: #000000; padding-bottom: 0px; text-align: justify;\"><span style=\"text-align: left;\">Esta especialidad cubre una gran variedad de actividades profesionales, lo que la hace tan atractiva a nivel profesional. Se pueden realizar las pr\u00e1cticas en empresas de climatizaci\u00f3n dom\u00e9stica, residencial e industrial, de calefacci\u00f3n, de producci\u00f3n agroalimentaria, de mantenimiento industrial, etc&#8230;, tanto en la provincia de C\u00f3rdoba como en otras que facilite el aprendizaje del alumno. El listado de las empresas colaboradoras lo encontrar\u00e1s a continuaci\u00f3n.\u00a0<\/span><\/p>\n<p style=\"font-stretch: normal; font-size: 14px; line-height: 19.6px; font-family: Verdana, Arial, Helvetica, sans-serif; color: #000000; padding-bottom: 0px; text-align: justify;\">[\/et_pb_text][\/et_pb_column][\/et_pb_row][et_pb_row _builder_version=\u00bb4.16&#8243; background_size=\u00bbinitial\u00bb background_position=\u00bbtop_left\u00bb background_repeat=\u00bbrepeat\u00bb global_colors_info=\u00bb{}\u00bb][et_pb_column type=\u00bb4_4&#8243; _builder_version=\u00bb4.16&#8243; custom_padding=\u00bb|||\u00bb global_colors_info=\u00bb{}\u00bb custom_padding__hover=\u00bb|||\u00bb][et_pb_text _builder_version=\u00bb4.16&#8243; global_colors_info=\u00bb{}\u00bb]<\/p>\n<h2>Prepara tu futuro con nosotros<\/h2>\n<p>Si est\u00e1s interesado en estudiar este ciclo de grado medio con nosotros,\u00a0<strong>a partir de abril publicaremos toda la informaci\u00f3n al respecto<\/strong>. S\u00edguenos en nuestras\u00a0<strong>redes sociales<\/strong>\u00a0y te avisaremos cuando se abra el\u00a0<strong>proceso de pre-inscripci\u00f3n y matr\u00edcula<\/strong><\/p>\n<p style=\"font-stretch: normal; font-size: 14px; line-height: 19.6px; font-family: Verdana, Arial, Helvetica, sans-serif; color: #000000; padding-bottom: 0px; text-align: justify;\">[\/et_pb_text][\/et_pb_column][\/et_pb_row][et_pb_row column_structure=\u00bb1_2,1_2&#8243; _builder_version=\u00bb4.16&#8243; background_size=\u00bbinitial\u00bb background_position=\u00bbtop_left\u00bb background_repeat=\u00bbrepeat\u00bb global_colors_info=\u00bb{}\u00bb][et_pb_column type=\u00bb1_2&#8243; _builder_version=\u00bb4.16&#8243; custom_padding=\u00bb|||\u00bb global_colors_info=\u00bb{}\u00bb custom_padding__hover=\u00bb|||\u00bb][et_pb_cta title=\u00bbSalidas profesionales\u00bb admin_label=\u00bb\u00bfPara qu\u00e9 me preparo?\u00bb _builder_version=\u00bb4.16&#8243; header_font=\u00bbAmatic SC||||\u00bb header_text_color=\u00bb#ffffff\u00bb header_font_size=\u00bb48&#8243; body_font=\u00bbAmatic SC||||\u00bb body_text_color=\u00bb#ffffff\u00bb body_font_size=\u00bb16&#8243; background_image=\u00bbhttps:\/\/palmadelrio.salesianos.edu\/wp-content\/uploads\/2017\/09\/fondo.jpg\u00bb custom_button=\u00bbon\u00bb button_text_size=\u00bb42&#8243; button_text_color=\u00bb#ffffff\u00bb button_border_width=\u00bb0&#8243; button_font=\u00bbAmatic SC|on|||\u00bb button_use_icon=\u00bboff\u00bb text_orientation=\u00bbleft\u00bb border_style=\u00bbsolid\u00bb saved_tabs=\u00bball\u00bb global_colors_info=\u00bb{}\u00bb button_text_size__hover_enabled=\u00bboff\u00bb button_one_text_size__hover_enabled=\u00bboff\u00bb button_two_text_size__hover_enabled=\u00bboff\u00bb button_text_color__hover_enabled=\u00bboff\u00bb button_one_text_color__hover_enabled=\u00bboff\u00bb button_two_text_color__hover_enabled=\u00bboff\u00bb button_border_width__hover_enabled=\u00bboff\u00bb button_one_border_width__hover_enabled=\u00bboff\u00bb button_two_border_width__hover_enabled=\u00bboff\u00bb button_border_color__hover_enabled=\u00bboff\u00bb button_one_border_color__hover_enabled=\u00bboff\u00bb button_two_border_color__hover_enabled=\u00bboff\u00bb button_border_radius__hover_enabled=\u00bboff\u00bb button_one_border_radius__hover_enabled=\u00bboff\u00bb button_two_border_radius__hover_enabled=\u00bboff\u00bb button_letter_spacing__hover_enabled=\u00bboff\u00bb button_one_letter_spacing__hover_enabled=\u00bboff\u00bb button_two_letter_spacing__hover_enabled=\u00bboff\u00bb button_bg_color__hover_enabled=\u00bboff\u00bb button_one_bg_color__hover_enabled=\u00bboff\u00bb button_two_bg_color__hover_enabled=\u00bboff\u00bb]<\/p>\n<ul>\n<li>Instalador y\/o mantenedor de instalaciones de climatizaci\u00f3n dom\u00e9stica.<\/li>\n<li>Instalador y\/o mantenedor de instalaciones de climatizaci\u00f3n residencial como hoteles, hospitales, colegios, oficinas, etc.<\/li>\n<li>Instalador y mantenedor de instalaciones de fr\u00edo industrial como c\u00e1maras frigor\u00edficas de conservaci\u00f3n y congelaci\u00f3n, microclimas en invernaderos, etc.<\/li>\n<li>Instalador y\/o mantenedor de instalaciones de agua caliente sanitaria, tanto a nivel dom\u00e9stico como industrial.<\/li>\n<li>Instalador y\/o mantenedor de instalaciones de calefacci\u00f3n dom\u00e9sticas e industriales.<\/li>\n<li>Instalador y\/o mantenedor de instalaciones de energ\u00eda solar t\u00e9rmica para agua caliente sanitaria.<\/li>\n<li>Mantenedor de instalador de fr\u00edo y calor en la industria.<\/li>\n<li>Etc.<\/li>\n<\/ul>\n<p style=\"font-stretch: normal; font-size: 14px; line-height: 19.6px; font-family: Verdana, Arial, Helvetica, sans-serif; color: #000000; padding-bottom: 0px; text-align: justify;\">[\/et_pb_cta][\/et_pb_column][et_pb_column type=\u00bb1_2&#8243; _builder_version=\u00bb4.16&#8243; custom_padding=\u00bb|||\u00bb global_colors_info=\u00bb{}\u00bb custom_padding__hover=\u00bb|||\u00bb][et_pb_cta title=\u00bb\u00bfY qu\u00e9 puedo seguir estudiando?\u00bb admin_label=\u00bb\u00bfY qu\u00e9 puedo seguir estudiando?\u00bb _builder_version=\u00bb4.16&#8243; header_font=\u00bbAmatic SC||||\u00bb header_text_color=\u00bb#ffffff\u00bb header_font_size=\u00bb48&#8243; body_font=\u00bbAmatic SC||||\u00bb body_text_color=\u00bb#ffffff\u00bb body_font_size=\u00bb16&#8243; background_image=\u00bbhttps:\/\/palmadelrio.salesianos.edu\/wp-content\/uploads\/2017\/09\/fondo.jpg\u00bb custom_button=\u00bbon\u00bb button_text_size=\u00bb42&#8243; button_text_color=\u00bb#ffffff\u00bb button_border_width=\u00bb0&#8243; button_font=\u00bbAmatic SC|on|||\u00bb button_use_icon=\u00bboff\u00bb text_orientation=\u00bbleft\u00bb border_style=\u00bbsolid\u00bb saved_tabs=\u00bball\u00bb global_colors_info=\u00bb{}\u00bb button_text_size__hover_enabled=\u00bboff\u00bb button_one_text_size__hover_enabled=\u00bboff\u00bb button_two_text_size__hover_enabled=\u00bboff\u00bb button_text_color__hover_enabled=\u00bboff\u00bb button_one_text_color__hover_enabled=\u00bboff\u00bb button_two_text_color__hover_enabled=\u00bboff\u00bb button_border_width__hover_enabled=\u00bboff\u00bb button_one_border_width__hover_enabled=\u00bboff\u00bb button_two_border_width__hover_enabled=\u00bboff\u00bb button_border_color__hover_enabled=\u00bboff\u00bb button_one_border_color__hover_enabled=\u00bboff\u00bb button_two_border_color__hover_enabled=\u00bboff\u00bb button_border_radius__hover_enabled=\u00bboff\u00bb button_one_border_radius__hover_enabled=\u00bboff\u00bb button_two_border_radius__hover_enabled=\u00bboff\u00bb button_letter_spacing__hover_enabled=\u00bboff\u00bb button_one_letter_spacing__hover_enabled=\u00bboff\u00bb button_two_letter_spacing__hover_enabled=\u00bboff\u00bb button_bg_color__hover_enabled=\u00bboff\u00bb button_one_bg_color__hover_enabled=\u00bboff\u00bb button_two_bg_color__hover_enabled=\u00bboff\u00bb]<\/p>\n<p>Bachillerato y estudios universitarios.<\/p>\n<p><strong>Ciclo formativo de grado medio o superior<\/strong>\u00a0de la misma familia profesional o de otras relacionadas:<\/p>\n<ul>\n<li>T\u00e9cnico en Mantenimiento Electromec\u00e1nico<\/li>\n<li>T\u00e9cnico en instalaciones de producci\u00f3n de calor<\/li>\n<li>T\u00e9cnico en Mantenimiento de Material Rodante Ferroviario<\/li>\n<li>T\u00e9cnico superior en mantenimiento de instalaciones t\u00e9rmicas y de fluidos<\/li>\n<li>T\u00e9cnico superior en mecatr\u00f3nica industrial<\/li>\n<li>T\u00e9cnico superior en desarrollo de proyectos de instalaciones t\u00e9rmicas y de fluidos<\/li>\n<li>T\u00e9cnico superior en prevenci\u00f3n de riesgos profesionales<\/li>\n<\/ul>\n<p style=\"font-stretch: normal; font-size: 14px; line-height: 19.6px; font-family: Verdana, Arial, Helvetica, sans-serif; color: #000000; padding-bottom: 0px; text-align: justify;\">[\/et_pb_cta][\/et_pb_column][\/et_pb_row][et_pb_row column_structure=\u00bb1_4,1_2,1_4&#8243; _builder_version=\u00bb4.16&#8243; background_size=\u00bbinitial\u00bb background_position=\u00bbtop_left\u00bb background_repeat=\u00bbrepeat\u00bb global_colors_info=\u00bb{}\u00bb][et_pb_column type=\u00bb1_4&#8243; _builder_version=\u00bb4.16&#8243; background_position=\u00bbtop_left\u00bb custom_padding=\u00bb|||\u00bb global_colors_info=\u00bb{}\u00bb custom_padding__hover=\u00bb|||\u00bb][\/et_pb_column][et_pb_column type=\u00bb1_2&#8243; _builder_version=\u00bb4.16&#8243; background_position=\u00bbtop_left\u00bb custom_padding=\u00bb|||\u00bb global_colors_info=\u00bb{}\u00bb custom_padding__hover=\u00bb|||\u00bb][et_pb_cta title=\u00bbEmpresas colaboradoras\u00bb admin_label=\u00bbEmpresas colaboradoras\u00bb _builder_version=\u00bb4.16&#8243; header_font=\u00bbAmatic SC||||\u00bb header_text_color=\u00bb#ffffff\u00bb header_font_size=\u00bb48&#8243; body_font=\u00bbAmatic SC||||\u00bb body_text_color=\u00bb#ffffff\u00bb body_font_size=\u00bb16&#8243; background_color=\u00bb#7cda24&#8243; custom_button=\u00bbon\u00bb button_text_size=\u00bb42&#8243; button_text_color=\u00bb#ffffff\u00bb button_border_width=\u00bb0&#8243; button_font=\u00bbAmatic SC|on|||\u00bb button_use_icon=\u00bboff\u00bb text_orientation=\u00bbleft\u00bb border_style=\u00bbsolid\u00bb saved_tabs=\u00bball\u00bb global_colors_info=\u00bb{}\u00bb button_text_size__hover_enabled=\u00bboff\u00bb button_one_text_size__hover_enabled=\u00bboff\u00bb button_two_text_size__hover_enabled=\u00bboff\u00bb button_text_color__hover_enabled=\u00bboff\u00bb button_one_text_color__hover_enabled=\u00bboff\u00bb button_two_text_color__hover_enabled=\u00bboff\u00bb button_border_width__hover_enabled=\u00bboff\u00bb button_one_border_width__hover_enabled=\u00bboff\u00bb button_two_border_width__hover_enabled=\u00bboff\u00bb button_border_color__hover_enabled=\u00bboff\u00bb button_one_border_color__hover_enabled=\u00bboff\u00bb button_two_border_color__hover_enabled=\u00bboff\u00bb button_border_radius__hover_enabled=\u00bboff\u00bb button_one_border_radius__hover_enabled=\u00bboff\u00bb button_two_border_radius__hover_enabled=\u00bboff\u00bb button_letter_spacing__hover_enabled=\u00bboff\u00bb button_one_letter_spacing__hover_enabled=\u00bboff\u00bb button_two_letter_spacing__hover_enabled=\u00bboff\u00bb button_bg_color__hover_enabled=\u00bboff\u00bb button_one_bg_color__hover_enabled=\u00bboff\u00bb button_two_bg_color__hover_enabled=\u00bboff\u00bb]<\/p>\n<p>&nbsp;<\/p>\n<ul>\n<li><strong>Airsur, S.A.<\/strong>,\u00a0C\u00f3rdoba<\/li>\n<li><strong>B.R. Climatizaci\u00f3n, S.L.<\/strong>,\u00a0Mairena del Aljarafe (Sevilla)<\/li>\n<li><strong>Climacol 2006, S.L.<\/strong>,\u00a0Villal\u00f3n (C\u00f3rdoba)<\/li>\n<li><strong>Climacuatro, S.C.A.,<\/strong>\u00a0Palma del R\u00edo (C\u00f3rdoba)<\/li>\n<li><strong>CIATESA<\/strong>,\u00a0Montilla (C\u00f3rdoba)<\/li>\n<li><strong>Cordoclima, M.D., S.L.<\/strong>,\u00a0C\u00f3rdoba<\/li>\n<li><strong>DKClima, S.L.<\/strong>,\u00a0Los Rosales (Sevilla)<\/li>\n<li><strong>Energijuma, S.C.,<\/strong>\u00a0La Puebla de los Infantes (Sevilla)<\/li>\n<li><strong>Escafr\u00edo, C.B.<\/strong>,\u00a0Palma del R\u00edo (C\u00f3rdoba)<\/li>\n<li><strong>Ferrovial Servicios, S.A.<\/strong>,\u00a0C\u00f3rdoba<\/li>\n<li><strong>Ferrovial Servicios, S.A.<\/strong>,\u00a0Sevilla<\/li>\n<li><strong>Fonanri, S.L.,<\/strong>\u00a0Ca\u00f1ada Rosal (Sevilla)<\/li>\n<li><strong>Fr\u00edo Industrial Garnacho, S.A.<\/strong>,\u00a0M\u00e1laga<\/li>\n<li><strong>Fr\u00edonuevo, S.L.,<\/strong>\u00a0C\u00f3rdoba<\/li>\n<li><strong>Guadalclima, S.L.<\/strong>,\u00a0Sevilla<\/li>\n<li><strong>Hosfrisa<\/strong>,\u00a0C\u00f3rdoba<\/li>\n<li><strong>H&amp;MGarc, S.L.,<\/strong>\u00a0Palma del R\u00edo (C\u00f3rdoba)<\/li>\n<li><strong>Instalaciones El\u00e9ctricas Ageluz, S.L.<\/strong>,\u00a0Ca\u00f1ada Rosal (Sevilla)<\/li>\n<li><strong>Mantenimiento Cerveceras, S.L.<\/strong>,\u00a0C\u00f3rdoba<\/li>\n<li><strong>Montajes Clitelec, S.L.<\/strong>,\u00a0Palma del R\u00edo (C\u00f3rdoba)<\/li>\n<li><strong>Montajes Sebasti\u00e1n Lapuente<\/strong>,\u00a0Posadas (C\u00f3rdoba)<\/li>\n<li><strong>Proyectos e Instalaciones del Sur, S.L.<\/strong>,\u00a0C\u00f3rdoba<\/li>\n<li><strong>Sirega, S.C.A.,<\/strong>\u00a0M\u00e1laga<\/li>\n<li><strong>Tecnafr\u00edo, S.L.,<\/strong>\u00a0C\u00f3rdoba<\/li>\n<li><strong>Veclima, S.L.<\/strong>,\u00a0C\u00f3rdoba<\/li>\n<li><strong>V-Center, S.C.<\/strong>,\u00a0Palma del R\u00edo (C\u00f3rdoba)<\/li>\n<li><strong>Etc.<\/strong><\/li>\n<\/ul>\n<p style=\"font-stretch: normal; font-size: 14px; line-height: 19.6px; font-family: Verdana, Arial, Helvetica, sans-serif; color: #000000; padding-bottom: 0px; text-align: justify;\">[\/et_pb_cta][\/et_pb_column][et_pb_column type=\u00bb1_4&#8243; _builder_version=\u00bb4.16&#8243; background_position=\u00bbtop_left\u00bb custom_padding=\u00bb|||\u00bb global_colors_info=\u00bb{}\u00bb custom_padding__hover=\u00bb|||\u00bb][\/et_pb_column][\/et_pb_row][\/et_pb_section]<\/p>\n","protected":false},"excerpt":{"rendered":"<p>Descripci\u00f3n del ciclo Desde el comienzo de los tiempos el ser humano ha perseguido su propio confort, as\u00ed como lograr mantener sus alimentos en buen estado entre los periodos de caza. En definitiva, este ciclo formativo te ense\u00f1ar\u00e1 a lograr estos objetivos pero con las t\u00e9cnicas actuales, much\u00edsimos miles de a\u00f1os despu\u00e9s.\u00a0 El aire acondicionado, [&hellip;]<\/p>\n","protected":false},"author":2,"featured_media":0,"parent":0,"menu_order":0,"comment_status":"closed","ping_status":"closed","template":"","meta":{"_et_pb_use_builder":"on","_et_pb_old_content":"","_et_gb_content_width":"","footnotes":""},"class_list":["post-4682","page","type-page","status-publish","hentry"],"yoast_head":"<!-- This site is optimized with the Yoast SEO plugin v28.4 - https:\/\/yoast.com\/product\/yoast-seo-wordpress\/ -->\n<title>Instalaciones Frigor\u00edficas y de Climatizaci\u00f3n - Colegio<\/title>\n<meta name=\"robots\" content=\"index, follow, max-snippet:-1, max-image-preview:large, max-video-preview:-1\" \/>\n<link rel=\"canonical\" href=\"https:\/\/palmadelrio.salesianos.edu\/colegio\/instalaciones-frigorificas-climatizacion\/\" \/>\n<meta property=\"og:locale\" content=\"es_ES\" \/>\n<meta property=\"og:type\" content=\"article\" \/>\n<meta property=\"og:title\" content=\"Instalaciones Frigor\u00edficas y de Climatizaci\u00f3n - Colegio\" \/>\n<meta property=\"og:description\" content=\"Descripci\u00f3n del ciclo Desde el comienzo de los tiempos el ser humano ha perseguido su propio confort, as\u00ed como lograr mantener sus alimentos en buen estado entre los periodos de caza. En definitiva, este ciclo formativo te ense\u00f1ar\u00e1 a lograr estos objetivos pero con las t\u00e9cnicas actuales, much\u00edsimos miles de a\u00f1os despu\u00e9s.\u00a0 El aire acondicionado, [&hellip;]\" \/>\n<meta property=\"og:url\" content=\"https:\/\/palmadelrio.salesianos.edu\/colegio\/instalaciones-frigorificas-climatizacion\/\" \/>\n<meta property=\"og:site_name\" content=\"Colegio\" \/>\n<meta property=\"article:modified_time\" content=\"2024-06-18T07:27:21+00:00\" \/>\n<meta name=\"twitter:card\" content=\"summary_large_image\" \/>\n<meta name=\"twitter:label1\" content=\"Tiempo de lectura\" \/>\n\t<meta name=\"twitter:data1\" content=\"13 minutos\" \/>\n<script type=\"application\/ld+json\" class=\"yoast-schema-graph\">{\"@context\":\"https:\\\/\\\/schema.org\",\"@graph\":[{\"@type\":\"WebPage\",\"@id\":\"https:\\\/\\\/palmadelrio.salesianos.edu\\\/colegio\\\/instalaciones-frigorificas-climatizacion\\\/\",\"url\":\"https:\\\/\\\/palmadelrio.salesianos.edu\\\/colegio\\\/instalaciones-frigorificas-climatizacion\\\/\",\"name\":\"Instalaciones Frigor\u00edficas y de Climatizaci\u00f3n - Colegio\",\"isPartOf\":{\"@id\":\"https:\\\/\\\/palmadelrio.salesianos.edu\\\/colegio\\\/#website\"},\"datePublished\":\"2017-10-19T07:46:31+00:00\",\"dateModified\":\"2024-06-18T07:27:21+00:00\",\"breadcrumb\":{\"@id\":\"https:\\\/\\\/palmadelrio.salesianos.edu\\\/colegio\\\/instalaciones-frigorificas-climatizacion\\\/#breadcrumb\"},\"inLanguage\":\"es\",\"potentialAction\":[{\"@type\":\"ReadAction\",\"target\":[\"https:\\\/\\\/palmadelrio.salesianos.edu\\\/colegio\\\/instalaciones-frigorificas-climatizacion\\\/\"]}]},{\"@type\":\"BreadcrumbList\",\"@id\":\"https:\\\/\\\/palmadelrio.salesianos.edu\\\/colegio\\\/instalaciones-frigorificas-climatizacion\\\/#breadcrumb\",\"itemListElement\":[{\"@type\":\"ListItem\",\"position\":1,\"name\":\"Portada\",\"item\":\"https:\\\/\\\/palmadelrio.salesianos.edu\\\/colegio\\\/\"},{\"@type\":\"ListItem\",\"position\":2,\"name\":\"Instalaciones Frigor\u00edficas y de Climatizaci\u00f3n\"}]},{\"@type\":\"WebSite\",\"@id\":\"https:\\\/\\\/palmadelrio.salesianos.edu\\\/colegio\\\/#website\",\"url\":\"https:\\\/\\\/palmadelrio.salesianos.edu\\\/colegio\\\/\",\"name\":\"Colegio\",\"description\":\"P\u00e1gina oficial Salesianos Palma del R\u00edo\",\"potentialAction\":[{\"@type\":\"SearchAction\",\"target\":{\"@type\":\"EntryPoint\",\"urlTemplate\":\"https:\\\/\\\/palmadelrio.salesianos.edu\\\/colegio\\\/?s={search_term_string}\"},\"query-input\":{\"@type\":\"PropertyValueSpecification\",\"valueRequired\":true,\"valueName\":\"search_term_string\"}}],\"inLanguage\":\"es\"}]}<\/script>\n<!-- \/ Yoast SEO plugin. -->","yoast_head_json":{"title":"Instalaciones Frigor\u00edficas y de Climatizaci\u00f3n - Colegio","robots":{"index":"index","follow":"follow","max-snippet":"max-snippet:-1","max-image-preview":"max-image-preview:large","max-video-preview":"max-video-preview:-1"},"canonical":"https:\/\/palmadelrio.salesianos.edu\/colegio\/instalaciones-frigorificas-climatizacion\/","og_locale":"es_ES","og_type":"article","og_title":"Instalaciones Frigor\u00edficas y de Climatizaci\u00f3n - Colegio","og_description":"Descripci\u00f3n del ciclo Desde el comienzo de los tiempos el ser humano ha perseguido su propio confort, as\u00ed como lograr mantener sus alimentos en buen estado entre los periodos de caza. En definitiva, este ciclo formativo te ense\u00f1ar\u00e1 a lograr estos objetivos pero con las t\u00e9cnicas actuales, much\u00edsimos miles de a\u00f1os despu\u00e9s.\u00a0 El aire acondicionado, [&hellip;]","og_url":"https:\/\/palmadelrio.salesianos.edu\/colegio\/instalaciones-frigorificas-climatizacion\/","og_site_name":"Colegio","article_modified_time":"2024-06-18T07:27:21+00:00","twitter_card":"summary_large_image","twitter_misc":{"Tiempo de lectura":"13 minutos"},"schema":{"@context":"https:\/\/schema.org","@graph":[{"@type":"WebPage","@id":"https:\/\/palmadelrio.salesianos.edu\/colegio\/instalaciones-frigorificas-climatizacion\/","url":"https:\/\/palmadelrio.salesianos.edu\/colegio\/instalaciones-frigorificas-climatizacion\/","name":"Instalaciones Frigor\u00edficas y de Climatizaci\u00f3n - Colegio","isPartOf":{"@id":"https:\/\/palmadelrio.salesianos.edu\/colegio\/#website"},"datePublished":"2017-10-19T07:46:31+00:00","dateModified":"2024-06-18T07:27:21+00:00","breadcrumb":{"@id":"https:\/\/palmadelrio.salesianos.edu\/colegio\/instalaciones-frigorificas-climatizacion\/#breadcrumb"},"inLanguage":"es","potentialAction":[{"@type":"ReadAction","target":["https:\/\/palmadelrio.salesianos.edu\/colegio\/instalaciones-frigorificas-climatizacion\/"]}]},{"@type":"BreadcrumbList","@id":"https:\/\/palmadelrio.salesianos.edu\/colegio\/instalaciones-frigorificas-climatizacion\/#breadcrumb","itemListElement":[{"@type":"ListItem","position":1,"name":"Portada","item":"https:\/\/palmadelrio.salesianos.edu\/colegio\/"},{"@type":"ListItem","position":2,"name":"Instalaciones Frigor\u00edficas y de Climatizaci\u00f3n"}]},{"@type":"WebSite","@id":"https:\/\/palmadelrio.salesianos.edu\/colegio\/#website","url":"https:\/\/palmadelrio.salesianos.edu\/colegio\/","name":"Colegio","description":"P\u00e1gina oficial Salesianos Palma del R\u00edo","potentialAction":[{"@type":"SearchAction","target":{"@type":"EntryPoint","urlTemplate":"https:\/\/palmadelrio.salesianos.edu\/colegio\/?s={search_term_string}"},"query-input":{"@type":"PropertyValueSpecification","valueRequired":true,"valueName":"search_term_string"}}],"inLanguage":"es"}]}},"_links":{"self":[{"href":"https:\/\/palmadelrio.salesianos.edu\/colegio\/wp-json\/wp\/v2\/pages\/4682","targetHints":{"allow":["GET"]}}],"collection":[{"href":"https:\/\/palmadelrio.salesianos.edu\/colegio\/wp-json\/wp\/v2\/pages"}],"about":[{"href":"https:\/\/palmadelrio.salesianos.edu\/colegio\/wp-json\/wp\/v2\/types\/page"}],"author":[{"embeddable":true,"href":"https:\/\/palmadelrio.salesianos.edu\/colegio\/wp-json\/wp\/v2\/users\/2"}],"replies":[{"embeddable":true,"href":"https:\/\/palmadelrio.salesianos.edu\/colegio\/wp-json\/wp\/v2\/comments?post=4682"}],"version-history":[{"count":8,"href":"https:\/\/palmadelrio.salesianos.edu\/colegio\/wp-json\/wp\/v2\/pages\/4682\/revisions"}],"predecessor-version":[{"id":6133,"href":"https:\/\/palmadelrio.salesianos.edu\/colegio\/wp-json\/wp\/v2\/pages\/4682\/revisions\/6133"}],"wp:attachment":[{"href":"https:\/\/palmadelrio.salesianos.edu\/colegio\/wp-json\/wp\/v2\/media?parent=4682"}],"curies":[{"name":"wp","href":"https:\/\/api.w.org\/{rel}","templated":true}]}}