{"id":4684,"date":"2017-10-19T23:27:38","date_gmt":"2017-10-19T22:27:38","guid":{"rendered":"https:\/\/palmadelrio.salesianos.edu\/colegio\/administracion-finanzas\/"},"modified":"2024-06-18T08:29:48","modified_gmt":"2024-06-18T07:29:48","slug":"administracion-finanzas","status":"publish","type":"page","link":"https:\/\/palmadelrio.salesianos.edu\/colegio\/administracion-finanzas\/","title":{"rendered":"Administraci\u00f3n y Finanzas"},"content":{"rendered":"<div id=\"fb-root\"><\/div>\n<p>[et_pb_section fb_built=\u00bb1&#8243; fullwidth=\u00bbon\u00bb _builder_version=\u00bb4.16&#8243; global_colors_info=\u00bb{}\u00bb][et_pb_fullwidth_header title=\u00bbAdministraci\u00f3n y Finanzas\u00bb content_max_width=\u00bbnone\u00bb module_class=\u00bbpagina-imagen-cabecera\u00bb _builder_version=\u00bb4.16&#8243; background_color=\u00bbrgba(255, 255, 255, 0)\u00bb background_image=\u00bbhttps:\/\/palmadelrio.salesianos.edu\/wp-content\/uploads\/2017\/09\/fondo.jpg\u00bb background_layout=\u00bblight\u00bb global_colors_info=\u00bb{}\u00bb button_one_text_size__hover_enabled=\u00bboff\u00bb button_two_text_size__hover_enabled=\u00bboff\u00bb button_one_text_color__hover_enabled=\u00bboff\u00bb button_two_text_color__hover_enabled=\u00bboff\u00bb button_one_border_width__hover_enabled=\u00bboff\u00bb button_two_border_width__hover_enabled=\u00bboff\u00bb button_one_border_color__hover_enabled=\u00bboff\u00bb button_two_border_color__hover_enabled=\u00bboff\u00bb button_one_border_radius__hover_enabled=\u00bboff\u00bb button_two_border_radius__hover_enabled=\u00bboff\u00bb button_one_letter_spacing__hover_enabled=\u00bboff\u00bb button_two_letter_spacing__hover_enabled=\u00bboff\u00bb button_one_bg_color__hover_enabled=\u00bboff\u00bb button_two_bg_color__hover_enabled=\u00bboff\u00bb][\/et_pb_fullwidth_header][\/et_pb_section][et_pb_section fb_built=\u00bb1&#8243; admin_label=\u00bbsection\u00bb _builder_version=\u00bb4.16&#8243; global_colors_info=\u00bb{}\u00bb][et_pb_row admin_label=\u00bbDescripci\u00f3n del Ciclo\u00bb _builder_version=\u00bb4.17.4&#8243; background_size=\u00bbinitial\u00bb background_position=\u00bbtop_left\u00bb background_repeat=\u00bbrepeat\u00bb global_colors_info=\u00bb{}\u00bb][et_pb_column type=\u00bb4_4&#8243; _builder_version=\u00bb4.16&#8243; custom_padding=\u00bb|||\u00bb global_colors_info=\u00bb{}\u00bb custom_padding__hover=\u00bb|||\u00bb][et_pb_text _builder_version=\u00bb4.17.4&#8243; global_colors_info=\u00bb{}\u00bb]<\/p>\n<h2>Descripci\u00f3n del ciclo<\/h2>\n<p style=\"text-align: justify;\">En cada una de las instituciones y especialmente en las empresas, que forman parte del \u00e1mbito p\u00fablico y privado de una sociedad, existe la demanda de un puesto de trabajo que tiene como principal misi\u00f3n llevar a cabo las labores de gesti\u00f3n, clasificaci\u00f3n, registro y archivo de toda la documentaci\u00f3n que genera la actividad normal desempe\u00f1ada por la entidad, as\u00ed como la atenci\u00f3n al p\u00fablico. Este tipo de funciones las lleva a cabo un\u00a0<strong>T\u00e9cnico Superior en\u00a0\u201cAdministraci\u00f3n y Finanzas\u201d<\/strong>.<\/p>\n<p style=\"text-align: justify;\">El\u00a0<strong>Ciclo Formativo de Grado Superior de \u201cAdministraci\u00f3n y Finanzas\u201d<\/strong>\u00a0capacita al alumno a organizar y ejecutar las operaciones de gesti\u00f3n y administraci\u00f3n en los procesos comerciales, laborales, contables, fiscales y financieros de una empresa p\u00fablica o privada, aplicando la normativa vigente y los protocolos de gesti\u00f3n de calidad, gestionando la informaci\u00f3n, y asegurando la satisfacci\u00f3n del cliente. Y todo ello, de una manera muy pr\u00e1ctica.<\/p>\n<p style=\"text-align: justify;\">Una de las ventajas de trabajar como t\u00e9cnico superior de \u201cAdministraci\u00f3n y Finanzas\u201d es su\u00a0<strong>flexibilidad laboral<\/strong>, es decir,\u00a0<strong>puede trabajar en cualquier tipo de empresa, sea del sector que sea<\/strong>, as\u00ed como en los diferentes niveles de la administraci\u00f3n p\u00fablica, ya que este perfil siempre es requerido. Muestra de ello es que es uno de los CC.FF. con mayor inserci\u00f3n laboral en Espa\u00f1a.<\/p>\n<p style=\"text-align: justify;\">Adem\u00e1s, este Ciclo Formativo de Grado Superior es ideal para dar continuidad al<strong> Ciclo Formativo de Grado Medio de \u201c<\/strong><a href=\"https:\/\/palmadelrio.salesianos.edu\/gestion-administrativa\/\"><strong>Gesti\u00f3n Administrativa<\/strong><\/a><strong>\u201d<\/strong>.<\/p>\n<p>&nbsp;<\/p>\n<p>[\/et_pb_text][et_pb_gallery gallery_ids=\u00bb4987,4988,4989,4990,4991,4992,4993,4994,4995,4996,4997,4998,4999,5000,5001&#8243; show_title_and_caption=\u00bboff\u00bb zoom_icon_color=\u00bb#dc001b\u00bb _builder_version=\u00bb4.16&#8243; pagination_font_size_tablet=\u00bb51&#8243; pagination_line_height_tablet=\u00bb2&#8243; global_colors_info=\u00bb{}\u00bb][\/et_pb_gallery][et_pb_text _builder_version=\u00bb4.16&#8243; global_colors_info=\u00bb{}\u00bb]<\/p>\n<h2>Plan de Estudios<\/h2>\n<p>[\/et_pb_text][et_pb_tabs _builder_version=\u00bb4.16&#8243; global_colors_info=\u00bb{}\u00bb][et_pb_tab title=\u00bbPrimer Curso\u00bb _builder_version=\u00bb4.16&#8243; body_font=\u00bb||||\u00bb body_line_height=\u00bb2em\u00bb tab_font=\u00bb||||\u00bb tab_line_height=\u00bb2em\u00bb background_size=\u00bbinitial\u00bb background_position=\u00bbtop_left\u00bb background_repeat=\u00bbrepeat\u00bb body_line_height_tablet=\u00bb2em\u00bb body_line_height_phone=\u00bb2em\u00bb tab_line_height_tablet=\u00bb2em\u00bb tab_line_height_phone=\u00bb2em\u00bb global_colors_info=\u00bb{}\u00bb]<\/p>\n<table>\n<tbody>\n<tr>\n<td width=\"60%\"><strong>M\u00d3DULO<\/strong><\/td>\n<td width=\"20%\"><strong>HORAS TOTALES<\/strong><\/td>\n<td width=\"20%\"><strong>HORAS SEMANALES<\/strong><\/td>\n<\/tr>\n<tr>\n<td>Gesti\u00f3n de la documentaci\u00f3n jur\u00eddica y empresarial<\/td>\n<td>96<\/td>\n<td>3<\/td>\n<\/tr>\n<tr>\n<td>Recursos humanos y responsabilidad social corporativa<\/td>\n<td>96<\/td>\n<td>3<\/td>\n<\/tr>\n<tr>\n<td>Ofim\u00e1tica y proceso de la informaci\u00f3n<\/td>\n<td>192<\/td>\n<td>6<\/td>\n<\/tr>\n<tr>\n<td>Proceso integral de la actividad comercial<\/td>\n<td>192<\/td>\n<td>6<\/td>\n<\/tr>\n<tr>\n<td>Comunicaci\u00f3n y atenci\u00f3n al cliente<\/td>\n<td>160<\/td>\n<td>5<\/td>\n<\/tr>\n<tr>\n<td>Ingl\u00e9s<\/td>\n<td>128<\/td>\n<td>4<\/td>\n<\/tr>\n<tr>\n<td>Formaci\u00f3n y orientaci\u00f3n laboral<\/td>\n<td>96<\/td>\n<td>3<\/td>\n<\/tr>\n<tr>\n<td><strong>TOTALES<\/strong><\/td>\n<td><strong>960<\/strong><\/td>\n<td><strong>30<\/strong><\/td>\n<\/tr>\n<\/tbody>\n<\/table>\n<p>[\/et_pb_tab][et_pb_tab title=\u00bbSegundo curso\u00bb _builder_version=\u00bb4.16&#8243; body_font=\u00bb||||\u00bb body_line_height=\u00bb2em\u00bb tab_font=\u00bb||||\u00bb tab_line_height=\u00bb2em\u00bb background_size=\u00bbinitial\u00bb background_position=\u00bbtop_left\u00bb background_repeat=\u00bbrepeat\u00bb body_line_height_tablet=\u00bb2em\u00bb body_line_height_phone=\u00bb2em\u00bb tab_line_height_tablet=\u00bb2em\u00bb tab_line_height_phone=\u00bb2em\u00bb global_colors_info=\u00bb{}\u00bb]<\/p>\n<table>\n<tbody>\n<tr>\n<td width=\"60%\"><strong>M\u00d3DULO<\/strong><\/td>\n<td width=\"20%\"><strong>HORAS TOTALES<\/strong><\/td>\n<td width=\"20%\"><strong>HORAS SEMANALES<\/strong><\/td>\n<\/tr>\n<tr>\n<td>Gesti\u00f3n de recursos humanos<\/td>\n<td>84<\/td>\n<td>4<\/td>\n<\/tr>\n<tr>\n<td>Gesti\u00f3n financiera<\/td>\n<td>126<\/td>\n<td>6<\/td>\n<\/tr>\n<tr>\n<td>Contabilidad y fiscalidad<\/td>\n<td>126<\/td>\n<td>6<\/td>\n<\/tr>\n<tr>\n<td>Gesti\u00f3n log\u00edstica y comercial<\/td>\n<td>105<\/td>\n<td>5<\/td>\n<\/tr>\n<tr>\n<td>Simulaci\u00f3n empresarial<\/td>\n<td>126<\/td>\n<td>6<\/td>\n<\/tr>\n<tr>\n<td>Proyecto de administraci\u00f3n y finanzas<\/td>\n<td>50<\/td>\n<td><\/td>\n<\/tr>\n<tr>\n<td>Formaci\u00f3n en centros de trabajo<\/td>\n<td>360<\/td>\n<td><\/td>\n<\/tr>\n<tr>\n<td>Horas de libre configuraci\u00f3n<\/td>\n<td>63<\/td>\n<td>3<\/td>\n<\/tr>\n<tr>\n<td><strong>TOTALES<\/strong><\/td>\n<td><strong>1040<\/strong><\/td>\n<td><strong>30<\/strong><\/td>\n<\/tr>\n<\/tbody>\n<\/table>\n<p>[\/et_pb_tab][\/et_pb_tabs][\/et_pb_column][\/et_pb_row][et_pb_row admin_label=\u00bbM\u00f3dulos Profesionales\u00bb _builder_version=\u00bb4.17.4&#8243; background_size=\u00bbinitial\u00bb background_position=\u00bbtop_left\u00bb background_repeat=\u00bbrepeat\u00bb global_colors_info=\u00bb{}\u00bb][et_pb_column type=\u00bb4_4&#8243; _builder_version=\u00bb4.16&#8243; custom_padding=\u00bb|||\u00bb global_colors_info=\u00bb{}\u00bb custom_padding__hover=\u00bb|||\u00bb][et_pb_text admin_label=\u00bbOfim\u00e1tica y Procesos de la Informaci\u00f3n\u00bb _builder_version=\u00bb4.17.4&#8243; hover_enabled=\u00bb0&#8243; global_colors_info=\u00bb{}\u00bb sticky_enabled=\u00bb0&#8243;]<\/p>\n<h2>M\u00f3dulos profesionales<\/h2>\n<p>&nbsp;<\/p>\n<h2><span style=\"color: #000000;\">Ofim\u00e1tica y proceso de la informaci\u00f3n<\/span><\/h2>\n<hr \/>\n<p>&nbsp;<\/p>\n<p>[\/et_pb_text][et_pb_text _builder_version=\u00bb4.17.4&#8243; global_colors_info=\u00bb{}\u00bb]<\/p>\n<p style=\"text-align: justify;\">En este m\u00f3dulo practicar\u00e1s en los diferentes equipos inform\u00e1ticos individualizados, todo lo relacionado con el \u00e1mbito de la\u00a0inform\u00e1tica: <strong>sistemas operativos<\/strong> (Windows), <strong>procesadores de texto<\/strong>, <strong>hojas de c\u00e1lculo, bases de datos<\/strong>, <strong>presentaciones<\/strong>, &#8230; Y adem\u00e1s practicar\u00e1s <strong>mecanograf\u00eda<\/strong>, donde aprender\u00e1s el manejo del teclado de una manera f\u00e1cil y divertida a trav\u00e9s del paquete\u00a0Mecasoft.<\/p>\n<p style=\"text-align: justify;\">Disponemos de diversas aulas de\u00a0ordenadores conectados en red local\u00a0as\u00ed como a\u00a0Internet\u00a0para facilitar la continua b\u00fasqueda de informaci\u00f3n en la web.<\/p>\n<p>[\/et_pb_text][\/et_pb_column][\/et_pb_row][et_pb_row _builder_version=\u00bb4.16&#8243; background_size=\u00bbinitial\u00bb background_position=\u00bbtop_left\u00bb background_repeat=\u00bbrepeat\u00bb global_colors_info=\u00bb{}\u00bb][et_pb_column type=\u00bb4_4&#8243; _builder_version=\u00bb4.16&#8243; custom_padding=\u00bb|||\u00bb global_colors_info=\u00bb{}\u00bb custom_padding__hover=\u00bb|||\u00bb][et_pb_text admin_label=\u00bbDocumentaci\u00f3n jur\u00eddica y empresarial\u00bb _builder_version=\u00bb4.17.4&#8243; global_colors_info=\u00bb{}\u00bb]<\/p>\n<h2><span style=\"color: #000000;\">Documentaci\u00f3n jur\u00eddica y empresarial<\/span><\/h2>\n<hr \/>\n<p>&nbsp;<\/p>\n<p>[\/et_pb_text][et_pb_text _builder_version=\u00bb4.17.4&#8243; global_colors_info=\u00bb{}\u00bb]<\/p>\n<p style=\"text-align: justify;\">Este m\u00f3dulo contiene la informaci\u00f3n necesaria para tramitar la\u00a0diversa documentaci\u00f3n jur\u00eddica y empresarial, tanto en la constituci\u00f3n como en el normal funcionamiento ordinario de la empresa, contratos p\u00fablicos con la Administraci\u00f3n, \u2026. Igualmente, estudiar\u00e1s la estructura y organizaci\u00f3n de las Administraciones P\u00fablicas, incluida la Uni\u00f3n Europea, as\u00ed como los fundamentos b\u00e1sicos del ordenamiento jur\u00eddico.<\/p>\n<p>[\/et_pb_text][\/et_pb_column][\/et_pb_row][et_pb_row _builder_version=\u00bb4.16&#8243; background_size=\u00bbinitial\u00bb background_position=\u00bbtop_left\u00bb background_repeat=\u00bbrepeat\u00bb global_colors_info=\u00bb{}\u00bb][et_pb_column type=\u00bb4_4&#8243; _builder_version=\u00bb4.16&#8243; custom_padding=\u00bb|||\u00bb global_colors_info=\u00bb{}\u00bb custom_padding__hover=\u00bb|||\u00bb][et_pb_text admin_label=\u00bbGesti\u00f3n de Recursos Humanos y FOL\u00bb _builder_version=\u00bb4.17.4&#8243; global_colors_info=\u00bb{}\u00bb]<\/p>\n<h2 id=\"cc-m-header-8738263021\" class=\"\"><span style=\"color: #000000;\"><strong>Gesti\u00f3n de Recursos Humanos y FOL<\/strong><\/span><\/h2>\n<hr \/>\n<p>&nbsp;<\/p>\n<p>[\/et_pb_text][et_pb_text _builder_version=\u00bb4.17.4&#8243; global_colors_info=\u00bb{}\u00bb]<\/p>\n<p style=\"text-align: justify;\">Estos m\u00f3dulos aportan la formaci\u00f3n necesaria para desempe\u00f1ar la funci\u00f3n de gesti\u00f3n de los recursos humanos de la empresa: elaboraci\u00f3n de documentaci\u00f3n relativa a la\u00a0selecci\u00f3n y formaci\u00f3n de los trabajadores, sistemas de motivaci\u00f3n, contrataci\u00f3n y remuneraci\u00f3n del trabajador, elaboraci\u00f3n de n\u00f3minas y seguros sociales, protecci\u00f3n de datos, prevenci\u00f3n de riesgos laborales, preparaci\u00f3n y realizaci\u00f3n de\u00a0CV, pruebas y\u00a0entrevistas de trabajo. Y, sobre todo, la adquisici\u00f3n de los instrumentos y capacidades necesarias para orientarse en el\u00a0mercado laboral, en la b\u00fasqueda de una r\u00e1pida inserci\u00f3n.<\/p>\n<p>[\/et_pb_text][\/et_pb_column][\/et_pb_row][et_pb_row _builder_version=\u00bb4.16&#8243; background_size=\u00bbinitial\u00bb background_position=\u00bbtop_left\u00bb background_repeat=\u00bbrepeat\u00bb global_colors_info=\u00bb{}\u00bb][et_pb_column type=\u00bb4_4&#8243; _builder_version=\u00bb4.16&#8243; custom_padding=\u00bb|||\u00bb global_colors_info=\u00bb{}\u00bb custom_padding__hover=\u00bb|||\u00bb][et_pb_text admin_label=\u00bbComunicaci\u00f3n y Atenci\u00f3n al Cliente\u00bb _builder_version=\u00bb4.17.4&#8243; global_colors_info=\u00bb{}\u00bb]<\/p>\n<h2 id=\"cc-m-header-8751210321\" class=\"\"><strong><span style=\"color: #000000;\">Comunicaci\u00f3n y Atenci\u00f3n al cliente<\/span><\/strong><\/h2>\n<hr \/>\n<p>&nbsp;<\/p>\n<p>[\/et_pb_text][et_pb_text _builder_version=\u00bb4.17.4&#8243; global_colors_info=\u00bb{}\u00bb]<\/p>\n<p style=\"text-align: justify;\">Este m\u00f3dulo est\u00e1 dividido en dos bloques diferenciados:<\/p>\n<ul>\n<li style=\"text-align: justify;\"><em>Comunicaci\u00f3n Empresarial<\/em><em>: <\/em>A trav\u00e9s de este bloque mejorar\u00e1s tus t\u00e9cnicas de comunicaci\u00f3n tanto oral como\u00a0escrita, y aprender\u00e1s a elaborar, tramitar, registrar y archivar documentos y comunicaciones internas o externas en los circuitos de\u00a0informaci\u00f3n de la empresa.<\/li>\n<li style=\"text-align: justify;\"><em>Atenci\u00f3n al Cliente:<\/em>\u00a0Te ayudar\u00e1 a conocer cu\u00e1les son los diversos comportamientos de los\u00a0clientes\u00a0con el fin de poder efectuar de forma correcta su atenci\u00f3n, as\u00ed como reconocer el impacto que tiene un servicio de atenci\u00f3n al cliente de calidad, para la\u00a0buena imagen\u00a0de la empresa.<\/li>\n<\/ul>\n<p>[\/et_pb_text][\/et_pb_column][\/et_pb_row][et_pb_row _builder_version=\u00bb4.16&#8243; background_size=\u00bbinitial\u00bb background_position=\u00bbtop_left\u00bb background_repeat=\u00bbrepeat\u00bb global_colors_info=\u00bb{}\u00bb][et_pb_column type=\u00bb4_4&#8243; _builder_version=\u00bb4.16&#8243; custom_padding=\u00bb|||\u00bb global_colors_info=\u00bb{}\u00bb custom_padding__hover=\u00bb|||\u00bb][et_pb_text admin_label=\u00bbProceso Integral de la Actividad Comercial\u00bb _builder_version=\u00bb4.17.4&#8243; global_colors_info=\u00bb{}\u00bb]<\/p>\n<h2 id=\"cc-m-header-8751213121\" class=\"\"><span style=\"color: #000000;\"><strong>Proceso Integral de la Actividad Comercial<\/strong><\/span><\/h2>\n<hr \/>\n<p>&nbsp;<\/p>\n<p>[\/et_pb_text][et_pb_text _builder_version=\u00bb4.17.4&#8243; global_colors_info=\u00bb{}\u00bb]<\/p>\n<p style=\"text-align: justify;\">Como su nombre indica, el principal objetivo de este m\u00f3dulo es estudiar la ACTIVIDAD COMERCIAL de una manera <strong>integral o global,<\/strong> entre una empresa proveedora y una empresa o particular como cliente. El m\u00f3dulo se divide en dos partes diferenciadas, pero evidentemente, muy relacionadas entre s\u00ed:<\/p>\n<ul>\n<li style=\"text-align: justify;\">Por una parte, es objeto de estudio el <strong>registro contable<\/strong> (\u201cContabilidad\u201d) de estas relaciones comerciales, aspecto fundamental para un correcto control de las mismas.<\/li>\n<li style=\"text-align: justify;\"><em>Por otra parte, y desde otra perspectiva, se estudia el <strong>proceso administrativo de la compra-venta<\/strong>, desde el punto de vista de la <strong>gesti\u00f3n y el tratamiento de los diferentes documentos asociados a la misma<\/strong>: albar\u00e1n, pedido, presupuesto, factura, medios de pago (cheque, pagar\u00e9, recibo, \u2026). Para ello, se analizar\u00e1n los <strong>instrumentos y herramientas<\/strong> que utiliza la empresa para una adecuada gesti\u00f3n y control de sus relaciones tanto con los <strong>clientes<\/strong> como con los <strong>proveedores<\/strong>. <br \/><\/em><\/li>\n<\/ul>\n<p>[\/et_pb_text][\/et_pb_column][\/et_pb_row][et_pb_row _builder_version=\u00bb4.16&#8243; background_size=\u00bbinitial\u00bb background_position=\u00bbtop_left\u00bb background_repeat=\u00bbrepeat\u00bb global_colors_info=\u00bb{}\u00bb][et_pb_column type=\u00bb4_4&#8243; _builder_version=\u00bb4.16&#8243; custom_padding=\u00bb|||\u00bb global_colors_info=\u00bb{}\u00bb custom_padding__hover=\u00bb|||\u00bb][et_pb_text admin_label=\u00bbIngl\u00e9s\u00bb _builder_version=\u00bb4.17.4&#8243; global_colors_info=\u00bb{}\u00bb]<\/p>\n<h2 id=\"cc-m-header-8751213121\" class=\"\"><span style=\"color: #000000;\">Ingl\u00e9s<\/span><\/h2>\n<hr \/>\n<p>&nbsp;<\/p>\n<p>[\/et_pb_text][et_pb_text _builder_version=\u00bb4.17.4&#8243; global_colors_info=\u00bb{}\u00bb]<\/p>\n<p style=\"text-align: justify;\">Hoy en d\u00eda poseer un buen dominio del ingl\u00e9s representa una ventaja competitiva a la hora de\u00a0encontrar trabajo\u00a0y para avanzar dentro del mercado laboral o profesional, as\u00ed como para manejar las nuevas herramientas TIC\u00b4s. Empezar\u00e1s desde un\u00a0nivel adaptado a tus conocimientos, y te centrar\u00e1s en un Ingl\u00e9s m\u00e1s enfocado al trabajo diario de una\u00a0empresa.\u00a0\u00c1nimo y\u00a0<em>Good Luck!<\/em><\/p>\n<p>[\/et_pb_text][\/et_pb_column][\/et_pb_row][et_pb_row _builder_version=\u00bb4.16&#8243; background_size=\u00bbinitial\u00bb background_position=\u00bbtop_left\u00bb background_repeat=\u00bbrepeat\u00bb global_colors_info=\u00bb{}\u00bb][et_pb_column type=\u00bb4_4&#8243; _builder_version=\u00bb4.16&#8243; custom_padding=\u00bb|||\u00bb global_colors_info=\u00bb{}\u00bb custom_padding__hover=\u00bb|||\u00bb][et_pb_text admin_label=\u00bbContabilidad y Fiscalidad\u00bb _builder_version=\u00bb4.17.4&#8243; global_colors_info=\u00bb{}\u00bb]<\/p>\n<h2 id=\"cc-m-header-8751210321\" class=\"\"><span style=\"color: #000000;\"><b>Contabilidad y fiscalidad<\/b><\/span><\/h2>\n<hr \/>\n<p>&nbsp;<\/p>\n<p>[\/et_pb_text][et_pb_text _builder_version=\u00bb4.17.4&#8243; global_colors_info=\u00bb{}\u00bb]<\/p>\n<p style=\"text-align: justify;\">En Contabilidad y Fiscalidad aprender\u00e1s a registrar contablemente las operaciones financieras, utilizando para ello el Plan General Contable, as\u00ed como a elaborar los distintos estados financieros de las Cuentas Anuales de una empresa. Y todo ello, utilizando aplicaciones inform\u00e1ticas de gesti\u00f3n empresarial. Igualmente, conocer\u00e1s los diferentes impuestos que afectan a una empresa, cumplimentando los diferentes modelos y liquidaciones. Se trata de un m\u00f3dulo eminentemente pr\u00e1ctico.<\/p>\n<p>[\/et_pb_text][\/et_pb_column][\/et_pb_row][et_pb_row _builder_version=\u00bb4.16&#8243; background_size=\u00bbinitial\u00bb background_position=\u00bbtop_left\u00bb background_repeat=\u00bbrepeat\u00bb global_colors_info=\u00bb{}\u00bb][et_pb_column type=\u00bb4_4&#8243; _builder_version=\u00bb4.16&#8243; custom_padding=\u00bb|||\u00bb global_colors_info=\u00bb{}\u00bb custom_padding__hover=\u00bb|||\u00bb][et_pb_text admin_label=\u00bbGesti\u00f3n Financiera\u00bb _builder_version=\u00bb4.17.4&#8243; global_colors_info=\u00bb{}\u00bb]<\/p>\n<h2 id=\"cc-m-header-8751213121\" class=\"\"><strong><span style=\"color: #000000;\">Gesti\u00f3n Financiera<br \/><\/span><\/strong><\/h2>\n<hr \/>\n<p>&nbsp;<\/p>\n<p>[\/et_pb_text][et_pb_text _builder_version=\u00bb4.17.4&#8243; global_colors_info=\u00bb{}\u00bb]<\/p>\n<p style=\"text-align: justify;\">En este m\u00f3dulo podr\u00e1s aprender a gestionar todo lo relacionado con la tesorer\u00eda de la empresa, a partir de una serie de instrumentos concretos, adoptando las medidas necesarias cuando la empresa ha de buscar una fuente de financiaci\u00f3n (pr\u00e9stamos y cr\u00e9ditos bancarios, descuento de efectos, ..) , o ha de estudiar la viabilidad cuando ha de llevar a cabo un proyecto de inversi\u00f3n. Adem\u00e1s, conocer\u00e1s todo lo relacionado con el Sistema Financiero en Espa\u00f1a, as\u00ed como la actividad aseguradora, aspecto fundamental para cubrir los diferentes riesgos a los que se enfrenta la empresa, as\u00ed como las personas con ellas relacionadas.<\/p>\n<p>[\/et_pb_text][\/et_pb_column][\/et_pb_row][et_pb_row _builder_version=\u00bb4.16&#8243; background_size=\u00bbinitial\u00bb background_position=\u00bbtop_left\u00bb background_repeat=\u00bbrepeat\u00bb global_colors_info=\u00bb{}\u00bb][et_pb_column type=\u00bb4_4&#8243; _builder_version=\u00bb4.16&#8243; custom_padding=\u00bb|||\u00bb global_colors_info=\u00bb{}\u00bb custom_padding__hover=\u00bb|||\u00bb][et_pb_text admin_label=\u00bbSimulaci\u00f3n Empresarial\u00bb _builder_version=\u00bb4.17.4&#8243; global_colors_info=\u00bb{}\u00bb]<\/p>\n<h2 id=\"cc-m-header-8751213121\" class=\"\"><strong><span style=\"color: #000000;\">Simulaci\u00f3n Empresarial<\/span><\/strong><\/h2>\n<hr \/>\n<p>&nbsp;<\/p>\n<p>[\/et_pb_text][et_pb_text _builder_version=\u00bb4.17.4&#8243; global_colors_info=\u00bb{}\u00bb]<\/p>\n<p style=\"text-align: justify;\">En este m\u00f3dulo los alumnos deben adoptar el papel de j\u00f3venes emprendedores que buscan dar forma a una buena\u00a0idea de negocio. Cuando un futuro empresario se plantea la posibilidad de iniciar un proyecto empresarial basado en una idea, lo hace con gran\u00a0ilusi\u00f3n. Este hecho puede llevarle a no prever las dificultades con las que se puede encontrar en el futro. Para evitar esta situaci\u00f3n es importante hacer una\u00a0planificaci\u00f3n\u00a0de todos los aspectos que hay que tener en cuenta a la hora de empezar la aventura, es decir, es necesario elaborar un\u00a0<em>Plan de Empresa<\/em>\u00a0o\u00a0<em>Plan de Negocio<\/em>.<\/p>\n<p style=\"text-align: justify;\">Este proyecto lo elaborar\u00e1s durante todo el curso, y tendr\u00e1s la oportunidad adem\u00e1s de poder presentarlo en diversos\u00a0concursos\u00a0y\u00a0ferias de emprendimiento. Y qui\u00e9n sabe si alg\u00fan d\u00eda se hacen realidad algunas de estas ideas de negocio.<\/p>\n<p>[\/et_pb_text][\/et_pb_column][\/et_pb_row][et_pb_row _builder_version=\u00bb4.16&#8243; background_size=\u00bbinitial\u00bb background_position=\u00bbtop_left\u00bb background_repeat=\u00bbrepeat\u00bb global_colors_info=\u00bb{}\u00bb][et_pb_column type=\u00bb4_4&#8243; _builder_version=\u00bb4.16&#8243; custom_padding=\u00bb|||\u00bb global_colors_info=\u00bb{}\u00bb custom_padding__hover=\u00bb|||\u00bb][et_pb_text admin_label=\u00bbProyecto de Administraci\u00f3n y Finanzas y Formaci\u00f3n en Centros de Trabajo\u00bb _builder_version=\u00bb4.17.4&#8243; global_colors_info=\u00bb{}\u00bb]<\/p>\n<h2 id=\"cc-m-header-8751213121\" class=\"\"><span style=\"color: #000000;\"><strong>Proyecto de Administraci\u00f3n y Finanzas y Formaci\u00f3n en Centros de Trabajo<\/strong><\/span><\/h2>\n<hr \/>\n<p>&nbsp;<\/p>\n<p>[\/et_pb_text][et_pb_text _builder_version=\u00bb4.17.4&#8243; module_alignment=\u00bbleft\u00bb border_style=\u00bbsolid\u00bb global_colors_info=\u00bb{}\u00bb]<\/p>\n<p style=\"text-align: justify;\">Una vez aprobados los m\u00f3dulos profesionales del Ciclo Formativo, nuestros alumnos cursan durante el tercer trimestre del 2\u00ba curso, los m\u00f3dulos de<strong> \u201cProyecto\u201d<\/strong> y <strong>\u201cFormaci\u00f3n en Centros de Trabajo\u201d<\/strong> (FCT), conocido como \u201cpr\u00e1cticas en las empresas\u201d.<\/p>\n<p style=\"text-align: justify;\">En el \u201cProyecto\u201d se llevar\u00e1 a cabo una simulaci\u00f3n muy real, de todas las tareas administrativas a llevar a cabo en una peque\u00f1a y mediana empresa: elaboraci\u00f3n de facturas, n\u00f3minas, cumplimentaci\u00f3n de liquidaciones de impuestos, gesti\u00f3n de los cobros y los pagos, control de las existencias, y todo ello, utilizando en todo momento los programas de gesti\u00f3n tanto de personal, de facturaci\u00f3n y contabilidad.<\/p>\n<p style=\"text-align: justify;\">La FCT se trata de un\u00a0m\u00f3dulo totalmente pr\u00e1ctico\u00a0con una duraci\u00f3n aproximada de tres meses, durante los cuales el alumno desarrolla en una empresa o administraci\u00f3n p\u00fablica, los diferentes conocimientos y actitudes que ha ido adquiriendo en su formaci\u00f3n. Adem\u00e1s, los alumnos de Grado Superior pueden realizar la\u00a0FCT en \u00a0empresas de otros pa\u00edses europeos,\u00a0gracias a las\u00a0becas \u201cERASMUS\u201d.<\/p>\n<p style=\"text-align: justify;\">Para todo ello, contamos con el\u00a0<a href=\"https:\/\/palmadelrio.salesianos.edu\/escuela-empresa\/\">Departamento Escuela-Empresa<\/a>\u00a0que se encarga de gestionar todo lo relacionado con la FCT. Adem\u00e1s, una vez acabados estos m\u00f3dulos y obtener el t\u00edtulo, podr\u00e1s incorporarte a la\u00a0\u201cBolsa de Empleo\u201d\u00a0de este Departamento para una pronta inserci\u00f3n laboral.<\/p>\n<p>[\/et_pb_text][\/et_pb_column][\/et_pb_row][et_pb_row _builder_version=\u00bb4.16&#8243; background_size=\u00bbinitial\u00bb background_position=\u00bbtop_left\u00bb background_repeat=\u00bbrepeat\u00bb global_colors_info=\u00bb{}\u00bb][et_pb_column type=\u00bb4_4&#8243; _builder_version=\u00bb4.16&#8243; custom_padding=\u00bb|||\u00bb global_colors_info=\u00bb{}\u00bb custom_padding__hover=\u00bb|||\u00bb][et_pb_text admin_label=\u00bbPrepara tu futuro con nosotros\u00bb _builder_version=\u00bb4.17.4&#8243; module_alignment=\u00bbleft\u00bb border_style=\u00bbsolid\u00bb global_colors_info=\u00bb{}\u00bb]<\/p>\n<h2>Prepara tu futuro con nosotros<\/h2>\n<p style=\"text-align: justify;\">Si est\u00e1s interesado en estudiar este Ciclo Formativo de Grado Superior con nosotros,\u00a0<strong>a partir de abril publicaremos toda la informaci\u00f3n al respecto<\/strong>. S\u00edguenos en nuestras\u00a0<strong>redes sociales<\/strong>\u00a0y te avisaremos cuando se abra el\u00a0<strong>proceso de solicitudes de admisi\u00f3n y matriculaci\u00f3n.<\/strong><\/p>\n<p>[\/et_pb_text][\/et_pb_column][\/et_pb_row][et_pb_row column_structure=\u00bb1_2,1_2&#8243; _builder_version=\u00bb4.16&#8243; background_size=\u00bbinitial\u00bb background_position=\u00bbtop_left\u00bb background_repeat=\u00bbrepeat\u00bb global_colors_info=\u00bb{}\u00bb][et_pb_column type=\u00bb1_2&#8243; _builder_version=\u00bb4.16&#8243; custom_padding=\u00bb|||\u00bb global_colors_info=\u00bb{}\u00bb custom_padding__hover=\u00bb|||\u00bb][et_pb_cta title=\u00bbSalidas profesionales\u00bb admin_label=\u00bbSalidas profesionales\u00bb _builder_version=\u00bb4.17.4&#8243; header_font=\u00bbAmatic SC||||\u00bb header_text_color=\u00bb#ffffff\u00bb header_font_size=\u00bb48&#8243; body_font=\u00bbAmatic SC||||\u00bb body_text_color=\u00bb#ffffff\u00bb body_font_size=\u00bb16&#8243; background_image=\u00bbhttps:\/\/palmadelrio.salesianos.edu\/wp-content\/uploads\/2017\/09\/fondo.jpg\u00bb custom_button=\u00bbon\u00bb button_text_size=\u00bb42&#8243; button_text_color=\u00bb#ffffff\u00bb button_border_width=\u00bb0&#8243; button_font=\u00bbAmatic SC|on|||\u00bb button_use_icon=\u00bboff\u00bb text_orientation=\u00bbleft\u00bb border_style=\u00bbsolid\u00bb button_letter_spacing_hover=\u00bb0&#8243; saved_tabs=\u00bball\u00bb global_colors_info=\u00bb{}\u00bb button_text_size__hover_enabled=\u00bboff\u00bb button_one_text_size__hover_enabled=\u00bboff\u00bb button_two_text_size__hover_enabled=\u00bboff\u00bb button_text_color__hover_enabled=\u00bboff\u00bb button_one_text_color__hover_enabled=\u00bboff\u00bb button_two_text_color__hover_enabled=\u00bboff\u00bb button_border_width__hover_enabled=\u00bboff\u00bb button_one_border_width__hover_enabled=\u00bboff\u00bb button_two_border_width__hover_enabled=\u00bboff\u00bb button_border_color__hover_enabled=\u00bboff\u00bb button_one_border_color__hover_enabled=\u00bboff\u00bb button_two_border_color__hover_enabled=\u00bboff\u00bb button_border_radius__hover_enabled=\u00bboff\u00bb button_one_border_radius__hover_enabled=\u00bboff\u00bb button_two_border_radius__hover_enabled=\u00bboff\u00bb button_letter_spacing__hover_enabled=\u00bbon\u00bb button_letter_spacing__hover=\u00bb0&#8243; button_one_letter_spacing__hover_enabled=\u00bboff\u00bb button_two_letter_spacing__hover_enabled=\u00bboff\u00bb button_bg_color__hover_enabled=\u00bboff\u00bb button_one_bg_color__hover_enabled=\u00bboff\u00bb button_two_bg_color__hover_enabled=\u00bboff\u00bb]<\/p>\n<ul>\n<li>Empleado y Responsable del Departamento de Administraci\u00f3n, en las \u00e1reas comercial, financiera, contable, \u2026<\/li>\n<li>Administrativo responsable de la gesti\u00f3n log\u00edstica.<\/li>\n<li>Administrativo de banca y de seguros.<\/li>\n<li>Administrativo de Recursos Humanos.<\/li>\n<li>Administrativo de alg\u00fan organismo de la Administraci\u00f3n P\u00fablica.<\/li>\n<li>Administrativo en una asesor\u00eda jur\u00eddica, contable, laboral, y\/o fiscal.<\/li>\n<li>Responsable de atenci\u00f3n al cliente.<\/li>\n<\/ul>\n<p>[\/et_pb_cta][\/et_pb_column][et_pb_column type=\u00bb1_2&#8243; _builder_version=\u00bb4.16&#8243; custom_padding=\u00bb|||\u00bb global_colors_info=\u00bb{}\u00bb custom_padding__hover=\u00bb|||\u00bb][et_pb_cta title=\u00bb\u00bfY qu\u00e9 puedo seguir estudiando?\u00bb admin_label=\u00bb\u00bfY qu\u00e9 puedo seguir estudiando?\u00bb _builder_version=\u00bb4.17.4&#8243; header_font=\u00bbAmatic SC||||\u00bb header_text_color=\u00bb#ffffff\u00bb header_font_size=\u00bb48&#8243; body_font=\u00bbAmatic SC||||\u00bb body_text_color=\u00bb#ffffff\u00bb body_font_size=\u00bb16&#8243; background_image=\u00bbhttps:\/\/palmadelrio.salesianos.edu\/wp-content\/uploads\/2017\/09\/fondo.jpg\u00bb custom_button=\u00bbon\u00bb button_text_size=\u00bb42&#8243; button_text_color=\u00bb#ffffff\u00bb button_border_width=\u00bb0&#8243; button_font=\u00bbAmatic SC|on|||\u00bb button_use_icon=\u00bboff\u00bb text_orientation=\u00bbleft\u00bb border_style=\u00bbsolid\u00bb button_letter_spacing_hover=\u00bb0&#8243; saved_tabs=\u00bball\u00bb global_colors_info=\u00bb{}\u00bb button_text_size__hover_enabled=\u00bboff\u00bb button_one_text_size__hover_enabled=\u00bboff\u00bb button_two_text_size__hover_enabled=\u00bboff\u00bb button_text_color__hover_enabled=\u00bboff\u00bb button_one_text_color__hover_enabled=\u00bboff\u00bb button_two_text_color__hover_enabled=\u00bboff\u00bb button_border_width__hover_enabled=\u00bboff\u00bb button_one_border_width__hover_enabled=\u00bboff\u00bb button_two_border_width__hover_enabled=\u00bboff\u00bb button_border_color__hover_enabled=\u00bboff\u00bb button_one_border_color__hover_enabled=\u00bboff\u00bb button_two_border_color__hover_enabled=\u00bboff\u00bb button_border_radius__hover_enabled=\u00bboff\u00bb button_one_border_radius__hover_enabled=\u00bboff\u00bb button_two_border_radius__hover_enabled=\u00bboff\u00bb button_letter_spacing__hover_enabled=\u00bbon\u00bb button_letter_spacing__hover=\u00bb0&#8243; button_one_letter_spacing__hover_enabled=\u00bboff\u00bb button_two_letter_spacing__hover_enabled=\u00bboff\u00bb button_bg_color__hover_enabled=\u00bboff\u00bb button_one_bg_color__hover_enabled=\u00bboff\u00bb button_two_bg_color__hover_enabled=\u00bboff\u00bb]<\/p>\n<ul>\n<li>Cursos de Especializaci\u00f3n Profesional.<\/li>\n<li><strong>Otro Ciclo Formativo de Grado Superior<\/strong>de la misma familia profesional o de otras relacionadas, con la posibilidad de establecer convalidaciones de m\u00f3dulos profesionales de acuerdo a la normativa vigente:\n<ul>\n<li>T\u00e9cnico Superior en \u201cComercio Internacional\u201d.<\/li>\n<li>T\u00e9cnico Superior en \u201cAsistencia a la Direcci\u00f3n\u201d.<\/li>\n<\/ul>\n<\/li>\n<li>Un <strong>Grado Universitario<\/strong>, con la posibilidad de establecer convalidaciones de cr\u00e9ditos de acuerdo a la normativa vigente, como por ejemplo:\n<ul>\n<li>Grado en Econom\u00eda<\/li>\n<li>Grado en Administraci\u00f3n y Direcci\u00f3n de Empresas.<\/li>\n<li>Grado en Finanzas y Contabilidad.<\/li>\n<li>Doble titulaci\u00f3n de Administraci\u00f3n de Empresas y Derecho.<\/li>\n<li>Grado en Turismo.<\/li>\n<li>Grado en Educaci\u00f3n Social.<\/li>\n<li>Grado en Relaciones Laborales y Recursos Humanos.<\/li>\n<\/ul>\n<\/li>\n<\/ul>\n<p>[\/et_pb_cta][\/et_pb_column][\/et_pb_row][et_pb_row column_structure=\u00bb1_4,1_2,1_4&#8243; _builder_version=\u00bb4.16&#8243; background_size=\u00bbinitial\u00bb background_position=\u00bbtop_left\u00bb background_repeat=\u00bbrepeat\u00bb global_colors_info=\u00bb{}\u00bb][et_pb_column type=\u00bb1_4&#8243; _builder_version=\u00bb4.16&#8243; background_position=\u00bbtop_left\u00bb custom_padding=\u00bb|||\u00bb global_colors_info=\u00bb{}\u00bb custom_padding__hover=\u00bb|||\u00bb][\/et_pb_column][et_pb_column type=\u00bb1_2&#8243; _builder_version=\u00bb4.16&#8243; background_position=\u00bbtop_left\u00bb custom_padding=\u00bb|||\u00bb global_colors_info=\u00bb{}\u00bb custom_padding__hover=\u00bb|||\u00bb][et_pb_cta title=\u00bbEmpresas colaboradoras\u00bb admin_label=\u00bbEmpresas colaboradoras\u00bb _builder_version=\u00bb4.17.4&#8243; header_font=\u00bbAmatic SC||||\u00bb header_text_color=\u00bb#ffffff\u00bb header_font_size=\u00bb48&#8243; body_font=\u00bbAmatic SC||||\u00bb body_text_color=\u00bb#ffffff\u00bb body_font_size=\u00bb16&#8243; background_color=\u00bb#7cda24&#8243; custom_button=\u00bbon\u00bb button_text_size=\u00bb42&#8243; button_text_color=\u00bb#ffffff\u00bb button_border_width=\u00bb0&#8243; button_font=\u00bbAmatic SC|on|||\u00bb button_use_icon=\u00bboff\u00bb text_orientation=\u00bbleft\u00bb border_style=\u00bbsolid\u00bb button_letter_spacing_hover=\u00bb0&#8243; saved_tabs=\u00bball\u00bb global_colors_info=\u00bb{}\u00bb button_text_size__hover_enabled=\u00bboff\u00bb button_one_text_size__hover_enabled=\u00bboff\u00bb button_two_text_size__hover_enabled=\u00bboff\u00bb button_text_color__hover_enabled=\u00bboff\u00bb button_one_text_color__hover_enabled=\u00bboff\u00bb button_two_text_color__hover_enabled=\u00bboff\u00bb button_border_width__hover_enabled=\u00bboff\u00bb button_one_border_width__hover_enabled=\u00bboff\u00bb button_two_border_width__hover_enabled=\u00bboff\u00bb button_border_color__hover_enabled=\u00bboff\u00bb button_one_border_color__hover_enabled=\u00bboff\u00bb button_two_border_color__hover_enabled=\u00bboff\u00bb button_border_radius__hover_enabled=\u00bboff\u00bb button_one_border_radius__hover_enabled=\u00bboff\u00bb button_two_border_radius__hover_enabled=\u00bboff\u00bb button_letter_spacing__hover_enabled=\u00bbon\u00bb button_letter_spacing__hover=\u00bb0&#8243; button_one_letter_spacing__hover_enabled=\u00bboff\u00bb button_two_letter_spacing__hover_enabled=\u00bboff\u00bb button_bg_color__hover_enabled=\u00bboff\u00bb button_one_bg_color__hover_enabled=\u00bboff\u00bb button_two_bg_color__hover_enabled=\u00bboff\u00bb]<\/p>\n<ul>\n<li>Cooperativa Agr\u00edcola de Regantes, SCA.<\/li>\n<li>Guadex SAT, S.L.<\/li>\n<li>Pegasus Aviaci\u00f3n, S.A.<\/li>\n<li>Oficina T\u00e9cnica Palma del R\u00edo S.L.<\/li>\n<li>Fomento Agr\u00edcola Andaluz, SAT.<\/li>\n<li>Mu\u00f1oz Rold\u00e1n e Hijos, S.L.<\/li>\n<li>Safcom Prevenci\u00f3n, S.L.<\/li>\n<li>Asepal, S.L.<\/li>\n<li>Magtel, S.A.<\/li>\n<li>Garc\u00eda Ruiz, SCA:<\/li>\n<li>Canovaca Asesores de Seguros.<\/li>\n<li>Sunar\u00e1n, SAT.<\/li>\n<li>Academia Millenium, S.L.L.<\/li>\n<li>Asesores G\u00f3mez Tierno, S.C.<\/li>\n<li>Abonos Jim\u00e9nez, S.L.<\/li>\n<li>Delf\u00edn Delicatessen, S.L.<\/li>\n<li>Ayuntamiento de Palma del R\u00edo, Hornachuelos, La Puebla de los Infantes, etc.<\/li>\n<\/ul>\n<p>[\/et_pb_cta][\/et_pb_column][et_pb_column type=\u00bb1_4&#8243; _builder_version=\u00bb4.16&#8243; background_position=\u00bbtop_left\u00bb custom_padding=\u00bb|||\u00bb global_colors_info=\u00bb{}\u00bb custom_padding__hover=\u00bb|||\u00bb][\/et_pb_column][\/et_pb_row][\/et_pb_section]<\/p>\n","protected":false},"excerpt":{"rendered":"<p>Descripci\u00f3n del ciclo En cada una de las instituciones y especialmente en las empresas, que forman parte del \u00e1mbito p\u00fablico y privado de una sociedad, existe la demanda de un puesto de trabajo que tiene como principal misi\u00f3n llevar a cabo las labores de gesti\u00f3n, clasificaci\u00f3n, registro y archivo de toda la documentaci\u00f3n que genera [&hellip;]<\/p>\n","protected":false},"author":2,"featured_media":0,"parent":0,"menu_order":0,"comment_status":"closed","ping_status":"closed","template":"","meta":{"_et_pb_use_builder":"on","_et_pb_old_content":"","_et_gb_content_width":"","footnotes":""},"class_list":["post-4684","page","type-page","status-publish","hentry"],"yoast_head":"<!-- This site is optimized with the Yoast SEO plugin v28.4 - https:\/\/yoast.com\/product\/yoast-seo-wordpress\/ -->\n<title>Administraci\u00f3n y Finanzas - Colegio<\/title>\n<meta name=\"robots\" content=\"index, follow, max-snippet:-1, max-image-preview:large, max-video-preview:-1\" \/>\n<link rel=\"canonical\" href=\"https:\/\/palmadelrio.salesianos.edu\/colegio\/administracion-finanzas\/\" \/>\n<meta property=\"og:locale\" content=\"es_ES\" \/>\n<meta property=\"og:type\" content=\"article\" \/>\n<meta property=\"og:title\" content=\"Administraci\u00f3n y Finanzas - Colegio\" \/>\n<meta property=\"og:description\" content=\"Descripci\u00f3n del ciclo En cada una de las instituciones y especialmente en las empresas, que forman parte del \u00e1mbito p\u00fablico y privado de una sociedad, existe la demanda de un puesto de trabajo que tiene como principal misi\u00f3n llevar a cabo las labores de gesti\u00f3n, clasificaci\u00f3n, registro y archivo de toda la documentaci\u00f3n que genera [&hellip;]\" \/>\n<meta property=\"og:url\" content=\"https:\/\/palmadelrio.salesianos.edu\/colegio\/administracion-finanzas\/\" \/>\n<meta property=\"og:site_name\" content=\"Colegio\" \/>\n<meta property=\"article:modified_time\" content=\"2024-06-18T07:29:48+00:00\" \/>\n<meta name=\"twitter:card\" content=\"summary_large_image\" \/>\n<meta name=\"twitter:label1\" content=\"Tiempo de lectura\" \/>\n\t<meta name=\"twitter:data1\" content=\"11 minutos\" \/>\n<script type=\"application\/ld+json\" class=\"yoast-schema-graph\">{\"@context\":\"https:\\\/\\\/schema.org\",\"@graph\":[{\"@type\":\"WebPage\",\"@id\":\"https:\\\/\\\/palmadelrio.salesianos.edu\\\/colegio\\\/administracion-finanzas\\\/\",\"url\":\"https:\\\/\\\/palmadelrio.salesianos.edu\\\/colegio\\\/administracion-finanzas\\\/\",\"name\":\"Administraci\u00f3n y Finanzas - Colegio\",\"isPartOf\":{\"@id\":\"https:\\\/\\\/palmadelrio.salesianos.edu\\\/colegio\\\/#website\"},\"datePublished\":\"2017-10-19T22:27:38+00:00\",\"dateModified\":\"2024-06-18T07:29:48+00:00\",\"breadcrumb\":{\"@id\":\"https:\\\/\\\/palmadelrio.salesianos.edu\\\/colegio\\\/administracion-finanzas\\\/#breadcrumb\"},\"inLanguage\":\"es\",\"potentialAction\":[{\"@type\":\"ReadAction\",\"target\":[\"https:\\\/\\\/palmadelrio.salesianos.edu\\\/colegio\\\/administracion-finanzas\\\/\"]}]},{\"@type\":\"BreadcrumbList\",\"@id\":\"https:\\\/\\\/palmadelrio.salesianos.edu\\\/colegio\\\/administracion-finanzas\\\/#breadcrumb\",\"itemListElement\":[{\"@type\":\"ListItem\",\"position\":1,\"name\":\"Portada\",\"item\":\"https:\\\/\\\/palmadelrio.salesianos.edu\\\/colegio\\\/\"},{\"@type\":\"ListItem\",\"position\":2,\"name\":\"Administraci\u00f3n y Finanzas\"}]},{\"@type\":\"WebSite\",\"@id\":\"https:\\\/\\\/palmadelrio.salesianos.edu\\\/colegio\\\/#website\",\"url\":\"https:\\\/\\\/palmadelrio.salesianos.edu\\\/colegio\\\/\",\"name\":\"Colegio\",\"description\":\"P\u00e1gina oficial Salesianos Palma del R\u00edo\",\"potentialAction\":[{\"@type\":\"SearchAction\",\"target\":{\"@type\":\"EntryPoint\",\"urlTemplate\":\"https:\\\/\\\/palmadelrio.salesianos.edu\\\/colegio\\\/?s={search_term_string}\"},\"query-input\":{\"@type\":\"PropertyValueSpecification\",\"valueRequired\":true,\"valueName\":\"search_term_string\"}}],\"inLanguage\":\"es\"}]}<\/script>\n<!-- \/ Yoast SEO plugin. -->","yoast_head_json":{"title":"Administraci\u00f3n y Finanzas - Colegio","robots":{"index":"index","follow":"follow","max-snippet":"max-snippet:-1","max-image-preview":"max-image-preview:large","max-video-preview":"max-video-preview:-1"},"canonical":"https:\/\/palmadelrio.salesianos.edu\/colegio\/administracion-finanzas\/","og_locale":"es_ES","og_type":"article","og_title":"Administraci\u00f3n y Finanzas - Colegio","og_description":"Descripci\u00f3n del ciclo En cada una de las instituciones y especialmente en las empresas, que forman parte del \u00e1mbito p\u00fablico y privado de una sociedad, existe la demanda de un puesto de trabajo que tiene como principal misi\u00f3n llevar a cabo las labores de gesti\u00f3n, clasificaci\u00f3n, registro y archivo de toda la documentaci\u00f3n que genera [&hellip;]","og_url":"https:\/\/palmadelrio.salesianos.edu\/colegio\/administracion-finanzas\/","og_site_name":"Colegio","article_modified_time":"2024-06-18T07:29:48+00:00","twitter_card":"summary_large_image","twitter_misc":{"Tiempo de lectura":"11 minutos"},"schema":{"@context":"https:\/\/schema.org","@graph":[{"@type":"WebPage","@id":"https:\/\/palmadelrio.salesianos.edu\/colegio\/administracion-finanzas\/","url":"https:\/\/palmadelrio.salesianos.edu\/colegio\/administracion-finanzas\/","name":"Administraci\u00f3n y Finanzas - Colegio","isPartOf":{"@id":"https:\/\/palmadelrio.salesianos.edu\/colegio\/#website"},"datePublished":"2017-10-19T22:27:38+00:00","dateModified":"2024-06-18T07:29:48+00:00","breadcrumb":{"@id":"https:\/\/palmadelrio.salesianos.edu\/colegio\/administracion-finanzas\/#breadcrumb"},"inLanguage":"es","potentialAction":[{"@type":"ReadAction","target":["https:\/\/palmadelrio.salesianos.edu\/colegio\/administracion-finanzas\/"]}]},{"@type":"BreadcrumbList","@id":"https:\/\/palmadelrio.salesianos.edu\/colegio\/administracion-finanzas\/#breadcrumb","itemListElement":[{"@type":"ListItem","position":1,"name":"Portada","item":"https:\/\/palmadelrio.salesianos.edu\/colegio\/"},{"@type":"ListItem","position":2,"name":"Administraci\u00f3n y Finanzas"}]},{"@type":"WebSite","@id":"https:\/\/palmadelrio.salesianos.edu\/colegio\/#website","url":"https:\/\/palmadelrio.salesianos.edu\/colegio\/","name":"Colegio","description":"P\u00e1gina oficial Salesianos Palma del R\u00edo","potentialAction":[{"@type":"SearchAction","target":{"@type":"EntryPoint","urlTemplate":"https:\/\/palmadelrio.salesianos.edu\/colegio\/?s={search_term_string}"},"query-input":{"@type":"PropertyValueSpecification","valueRequired":true,"valueName":"search_term_string"}}],"inLanguage":"es"}]}},"_links":{"self":[{"href":"https:\/\/palmadelrio.salesianos.edu\/colegio\/wp-json\/wp\/v2\/pages\/4684","targetHints":{"allow":["GET"]}}],"collection":[{"href":"https:\/\/palmadelrio.salesianos.edu\/colegio\/wp-json\/wp\/v2\/pages"}],"about":[{"href":"https:\/\/palmadelrio.salesianos.edu\/colegio\/wp-json\/wp\/v2\/types\/page"}],"author":[{"embeddable":true,"href":"https:\/\/palmadelrio.salesianos.edu\/colegio\/wp-json\/wp\/v2\/users\/2"}],"replies":[{"embeddable":true,"href":"https:\/\/palmadelrio.salesianos.edu\/colegio\/wp-json\/wp\/v2\/comments?post=4684"}],"version-history":[{"count":7,"href":"https:\/\/palmadelrio.salesianos.edu\/colegio\/wp-json\/wp\/v2\/pages\/4684\/revisions"}],"predecessor-version":[{"id":6136,"href":"https:\/\/palmadelrio.salesianos.edu\/colegio\/wp-json\/wp\/v2\/pages\/4684\/revisions\/6136"}],"wp:attachment":[{"href":"https:\/\/palmadelrio.salesianos.edu\/colegio\/wp-json\/wp\/v2\/media?parent=4684"}],"curies":[{"name":"wp","href":"https:\/\/api.w.org\/{rel}","templated":true}]}}